{"id":31453,"date":"2010-09-17T09:20:02","date_gmt":"2010-09-17T07:20:02","guid":{"rendered":"http:\/\/beta.escueladeartepamplona.com\/?page_id=8"},"modified":"2020-01-20T08:58:58","modified_gmt":"2020-01-20T07:58:58","slug":"historia","status":"publish","type":"page","link":"https:\/\/escueladeartesuperior.educacion.navarra.es\/web\/la-escuela\/historia\/","title":{"rendered":"Historia"},"content":{"rendered":"\t\t<div data-elementor-type=\"wp-page\" data-elementor-id=\"31453\" class=\"elementor elementor-31453\" data-elementor-post-type=\"page\">\n\t\t\t\t\t\t\t\t\t<section class=\"elementor-section elementor-top-section elementor-element elementor-element-50b1000 elementor-section-boxed elementor-section-height-default elementor-section-height-default\" data-id=\"50b1000\" data-element_type=\"section\">\n\t\t\t\t\t\t<div class=\"elementor-container elementor-column-gap-default\">\n\t\t\t\t\t<div class=\"elementor-column elementor-col-100 elementor-top-column elementor-element elementor-element-db23d78\" data-id=\"db23d78\" data-element_type=\"column\">\n\t\t\t<div class=\"elementor-widget-wrap elementor-element-populated\">\n\t\t\t\t\t\t\t\t<div class=\"elementor-element elementor-element-f25f65c elementor-widget elementor-widget-heading\" data-id=\"f25f65c\" data-element_type=\"widget\" data-widget_type=\"heading.default\">\n\t\t\t\t<div class=\"elementor-widget-container\">\n\t\t\t<h3 class=\"elementor-heading-title elementor-size-default\">CRONOLOG\u00cdA<\/h3>\t\t<\/div>\n\t\t\t\t<\/div>\n\t\t\t\t<div class=\"elementor-element elementor-element-3493c8e elementor-widget elementor-widget-accordion\" data-id=\"3493c8e\" data-element_type=\"widget\" data-widget_type=\"accordion.default\">\n\t\t\t\t<div class=\"elementor-widget-container\">\n\t\t\t\t\t<div class=\"elementor-accordion\">\n\t\t\t\t\t\t\t<div class=\"elementor-accordion-item\">\n\t\t\t\t\t<div id=\"elementor-tab-title-5511\" class=\"elementor-tab-title\" data-tab=\"1\" role=\"button\" aria-controls=\"elementor-tab-content-5511\" aria-expanded=\"false\">\n\t\t\t\t\t\t\t\t\t\t\t\t\t<span class=\"elementor-accordion-icon elementor-accordion-icon-left\" aria-hidden=\"true\">\n\t\t\t\t\t\t\t\t\t\t\t\t\t\t\t<span class=\"elementor-accordion-icon-closed\"><i class=\"fas fa-plus\"><\/i><\/span>\n\t\t\t\t\t\t\t\t<span class=\"elementor-accordion-icon-opened\"><i class=\"fas fa-minus\"><\/i><\/span>\n\t\t\t\t\t\t\t\t\t\t\t\t\t\t<\/span>\n\t\t\t\t\t\t\t\t\t\t\t\t<a class=\"elementor-accordion-title\" tabindex=\"0\">1795 \u2013 1900<\/a>\n\t\t\t\t\t<\/div>\n\t\t\t\t\t<div id=\"elementor-tab-content-5511\" class=\"elementor-tab-content elementor-clearfix\" data-tab=\"1\" role=\"region\" aria-labelledby=\"elementor-tab-title-5511\"><p>Los primeros centros para la ense\u00f1anza de las artes se fundan en Espa\u00f1a a finales del S. XVIII, de acuerdo con los ideales propugnados por la Ilustraci\u00f3n. Estas nuevas escuelas van desplazando al sistema de formaci\u00f3n gremial del Antiguo R\u00e9gimen.<br \/><br \/><\/p><ul><li><strong>1795:<\/strong> En el Ayuntamiento de Pamplona se plantea la creaci\u00f3n de una escuela de dibujo, proyecto que no prospera entonces por falta de recursos econ\u00f3micos.<\/li><li><strong>Entre 1800 y 1805:<\/strong> Juan Antonio Pagola -titulado por la real Academia de San Fernando- comienza a impartir clases a un grupo de alumnos bajo la iniciativa privada.<\/li><li><strong>1828:<\/strong> El Ayuntamiento de Pamplona pone en marcha una Escuela de Dibujo, a la vez que Diputaci\u00f3n inaugura una C\u00e1tedra de Matem\u00e1ticas. Ambas ense\u00f1anzas comparten edificio, primero en el n\u00ba 80 de la calle Mayor y luego en el antiguo convento de San Francisco. El programa pedag\u00f3gico de la ense\u00f1anza de dibujo incluye la copia de estatua, elementos arquitect\u00f3nicos y ornamentos.<\/li><li><strong>Entre 1863 y 1872:<\/strong> Comienzan a implantarse una serie de reformas en las ense\u00f1anzas de dibujo vigentes, introduci\u00e9ndose nuevas asignaturas enfocadas hacia el aprendizaje de diversas disciplinas artesanales.<\/li><li><strong>1873:<\/strong> El 20 de enero se inaugura la Escuela de Artes y Oficios, decisi\u00f3n tomada de acuerdo entre la Diputaci\u00f3n Foral y el Ayuntamiento de Pamplona. Su primera sede fue el Instituto Provincial de Segunda Ense\u00f1anza de la calle Navarrer\u00eda. Las asignaturas esenciales en la rama art\u00edstica eran el Dibujo, la Talla, el Modelado y Vaciado, mientras que la Aritm\u00e9tica, la Geometr\u00eda y la Delineaci\u00f3n eran obligatorias s\u00f3lo para los alumnos de Oficios.<\/li><li><strong>D\u00e9cada de 1890:<\/strong> Ante el notable aumento del alumnado, la Escuela traslada su sede al edificio de la Alh\u00f3ndiga. En estos a\u00f1os aumenta tambi\u00e9n el n\u00famero de asignaturas impartidas, incluyendo el trabajo en madera, piedra, Carpinter\u00eda, Cerrajer\u00eda y Ebanister\u00eda, as\u00ed como Corte y Confecci\u00f3n en el caso de las alumnas. Con el nuevo siglo se a\u00f1adi\u00f3 la ense\u00f1anza de tenedur\u00eda de libros<\/li><\/ul><\/div>\n\t\t\t\t<\/div>\n\t\t\t\t\t\t\t<div class=\"elementor-accordion-item\">\n\t\t\t\t\t<div id=\"elementor-tab-title-5512\" class=\"elementor-tab-title\" data-tab=\"2\" role=\"button\" aria-controls=\"elementor-tab-content-5512\" aria-expanded=\"false\">\n\t\t\t\t\t\t\t\t\t\t\t\t\t<span class=\"elementor-accordion-icon elementor-accordion-icon-left\" aria-hidden=\"true\">\n\t\t\t\t\t\t\t\t\t\t\t\t\t\t\t<span class=\"elementor-accordion-icon-closed\"><i class=\"fas fa-plus\"><\/i><\/span>\n\t\t\t\t\t\t\t\t<span class=\"elementor-accordion-icon-opened\"><i class=\"fas fa-minus\"><\/i><\/span>\n\t\t\t\t\t\t\t\t\t\t\t\t\t\t<\/span>\n\t\t\t\t\t\t\t\t\t\t\t\t<a class=\"elementor-accordion-title\" tabindex=\"0\">1900 \u2013 1972<\/a>\n\t\t\t\t\t<\/div>\n\t\t\t\t\t<div id=\"elementor-tab-content-5512\" class=\"elementor-tab-content elementor-clearfix\" data-tab=\"2\" role=\"region\" aria-labelledby=\"elementor-tab-title-5512\"><ul>\n<li><strong>1917:<\/strong> La Diputaci\u00f3n Foral abandona la tutela y subvenci\u00f3n de la Escuela, que pasa a depender exclusivamente del Ayuntamiento.<\/li>\n<li><strong>Finales de los a\u00f1os 20:<\/strong> Se oficializa la plantilla de profesores, al imponerse la v\u00eda de oposici\u00f3n para acceder a las plazas docentes. El nuevo Reglamento redactado en esta \u00e9poca hizo obligatorias las pr\u00e1cticas de un a\u00f1o en talleres y negocios de la ciudad, en todas las secciones.<\/li>\n<li><strong>A\u00f1os 30:<\/strong> El crecimiento del alumnado llev\u00f3 a ampliar el edificio existente. Las secciones de mayor proyecci\u00f3n social en el momento eran las de Mec\u00e1nica e Industria.<\/li>\n<li><strong>A partir de 1941:<\/strong> Bajo el t\u00edtulo gen\u00e9rico de \u00abFeria de Arte\u00bb, comenzaron a organizarse exposiciones anuales de trabajos de alumnos de la Escuela y de artistas locales.<\/li>\n<li><strong>1943:<\/strong> Se produjo una nueva reorganizaci\u00f3n del Centro. Las ense\u00f1anzas quedaron divididas en cuatro secciones: Industrial (Construcci\u00f3n y Mec\u00e1nica), Comercial, Art\u00edstica y Ense\u00f1anzas de la mujer.<\/li>\n<li><strong>D\u00e9cada de los a\u00f1os 60:<\/strong> La Escuela se traslada nuevamente a San Francisco, al derribarse el edificio de la Alh\u00f3ndiga. Aqu\u00ed se llevaron a cabo las ense\u00f1anzas de Idiomas, Contabilidad y Dibujo t\u00e9cnico, mientras que el resto de las clases, dada la falta de espacio, fueron impartidas en las Escuelas de la calle Compa\u00f1\u00eda.<\/li>\n<li><strong>1969:<\/strong> Seg\u00fan un decreto de 28 de mayo, el Centro pas\u00f3 a denominarse Escuela Municipal de Artes aplicadas y Oficios art\u00edsticos, con car\u00e1cter estatal.<\/li>\n<li><strong>1969 \u2013 1972:<\/strong> Se construye un nuevo edificio como sede de la Escuela.<\/li>\n<li><strong>1972:<\/strong> Se inaugura un nuevo edificio como sede definitiva de la Escuela.<\/li><\/div>\n\t\t\t\t<\/div>\n\t\t\t\t\t\t\t<div class=\"elementor-accordion-item\">\n\t\t\t\t\t<div id=\"elementor-tab-title-5513\" class=\"elementor-tab-title\" data-tab=\"3\" role=\"button\" aria-controls=\"elementor-tab-content-5513\" aria-expanded=\"false\">\n\t\t\t\t\t\t\t\t\t\t\t\t\t<span class=\"elementor-accordion-icon elementor-accordion-icon-left\" aria-hidden=\"true\">\n\t\t\t\t\t\t\t\t\t\t\t\t\t\t\t<span class=\"elementor-accordion-icon-closed\"><i class=\"fas fa-plus\"><\/i><\/span>\n\t\t\t\t\t\t\t\t<span class=\"elementor-accordion-icon-opened\"><i class=\"fas fa-minus\"><\/i><\/span>\n\t\t\t\t\t\t\t\t\t\t\t\t\t\t<\/span>\n\t\t\t\t\t\t\t\t\t\t\t\t<a class=\"elementor-accordion-title\" tabindex=\"0\">1980 \u2013 2000<\/a>\n\t\t\t\t\t<\/div>\n\t\t\t\t\t<div id=\"elementor-tab-content-5513\" class=\"elementor-tab-content elementor-clearfix\" data-tab=\"3\" role=\"region\" aria-labelledby=\"elementor-tab-title-5513\"><p>Una vez emplazada la Escuela en su nueva sede, se establece como plan de estudios el Plan de 1963. Se imparten las Especialidades de Cer\u00e1mica y Decoraci\u00f3n, curs\u00e1ndose cinco a\u00f1os de cada una de ellas. La implantaci\u00f3n completa de estos cinco cursos se completa en 1975, a\u00f1o en que se realiza la primera rev\u00e1lida. Contin\u00faan los cursos monogr\u00e1ficos de Dibujo, Pintura y Decoraci\u00f3n del hogar, dependientes del Ayuntamiento de Pamplona.<\/p>\n\n<ul>\n<li><strong>1985:<\/strong> Se suprime la especialidad de Cer\u00e1mica.<\/li>\n<li><strong>1988:<\/strong> Se transforma la especialidad de Decoraci\u00f3n, se pierde el 5\u00ba a\u00f1o, y los dos primeros cursos son convertidos en experimentaci\u00f3n de Comunes.\n<\/li>\n<li><strong>1989-1990:<\/strong> Se implanta el Bachillerato de Artes.\n<\/li>\n<li><strong>1991-1992:<\/strong> Este curso es el primero en que se imparte el nuevo Ciclo de Fotograf\u00eda Art\u00edstica.\n<\/li>\n<li><strong>1996:<\/strong> Se implanta el Ciclo de grado medio de Ebanister\u00eda Art\u00edstica, y comienza la extinci\u00f3n de las ense\u00f1anzas anteriores a la L.O.G.S.E.\n<\/li>\n<li><strong>1997-1998:<\/strong> Comienza a impartirse el nuevo Ciclo de Fotograf\u00eda Art\u00edstica.\n<\/li>\n<li><strong>1997-1998:<\/strong> Comienza a impartirse el nuevo Ciclo de Artes Aplicadas de la Escultura.\n<\/li>\n<li><strong>1998-1999:<\/strong> Comienza a impartirse el nuevo Ciclo de Grabado y T\u00e9cnicas de Estampaci\u00f3n.\n<\/li>\n<li><strong>1999-2000:<\/strong> Comienza a impartirse el nuevo Ciclo de Proyectos y Direcci\u00f3n de Obras de Decoraci\u00f3n.\n<\/li>\n<li><strong>1999-2000:<\/strong> Comienza a impartirse el Ciclo de Autoedici\u00f3n.<\/li>\n\n<\/ul><\/div>\n\t\t\t\t<\/div>\n\t\t\t\t\t\t\t<div class=\"elementor-accordion-item\">\n\t\t\t\t\t<div id=\"elementor-tab-title-5514\" class=\"elementor-tab-title\" data-tab=\"4\" role=\"button\" aria-controls=\"elementor-tab-content-5514\" aria-expanded=\"false\">\n\t\t\t\t\t\t\t\t\t\t\t\t\t<span class=\"elementor-accordion-icon elementor-accordion-icon-left\" aria-hidden=\"true\">\n\t\t\t\t\t\t\t\t\t\t\t\t\t\t\t<span class=\"elementor-accordion-icon-closed\"><i class=\"fas fa-plus\"><\/i><\/span>\n\t\t\t\t\t\t\t\t<span class=\"elementor-accordion-icon-opened\"><i class=\"fas fa-minus\"><\/i><\/span>\n\t\t\t\t\t\t\t\t\t\t\t\t\t\t<\/span>\n\t\t\t\t\t\t\t\t\t\t\t\t<a class=\"elementor-accordion-title\" tabindex=\"0\">En la actualidad<\/a>\n\t\t\t\t\t<\/div>\n\t\t\t\t\t<div id=\"elementor-tab-content-5514\" class=\"elementor-tab-content elementor-clearfix\" data-tab=\"4\" role=\"region\" aria-labelledby=\"elementor-tab-title-5514\"><ul>\n<li><strong>2014-15:<\/strong> Nueva reforma del Ciclo GS de Fotograf\u00eda para adaptarlo a la Ley L.O.E.\n<\/li>\n<li><strong>2015-16:<\/strong> Comienza a impartirse el nuevo Ciclo de Grado Medio Asistencia al Producto Gr\u00e1fico Impreso LOE, que sustituye al ciclo de Autoedici\u00f3n LOGSE.\n<\/li>\n<li><strong>2016-2017:<\/strong> Reforma del Ciclo GS Artes Aplicadas a la Escultura LOGSE, para adaptarlo a la Ley L.O.E., pasa a ser Ciclo GS de T\u00e9cnicas Escult\u00f3ricas\n<\/li>\n<li><strong>2017-2018:<\/strong> Reforma del Ciclo de GM Ebanister\u00eda Art\u00edstica LOGSE para adaptarlo a la Ley L.O.E. y pasar a ser un ciclo de Grado Superior.\n<\/li>\n<li><strong>2017-2018:<\/strong> Comienza a impartirse el nuevo Ciclo LOE de GM de Asistente al Producto Gr\u00e1fico Interactivo.\n<\/li>\n<li><strong>2017-2018:<\/strong> Comienza a impartirse el Ciclo de Gr\u00e1fica Audiovisual LOE.\n<\/li>\n<\/ul><\/div>\n\t\t\t\t<\/div>\n\t\t\t\t\t\t\t\t<\/div>\n\t\t\t\t<\/div>\n\t\t\t\t<\/div>\n\t\t\t\t\t<\/div>\n\t\t<\/div>\n\t\t\t\t\t\t\t<\/div>\n\t\t<\/section>\n\t\t\t\t<section class=\"elementor-section elementor-top-section elementor-element elementor-element-6042cf4 elementor-section-boxed elementor-section-height-default elementor-section-height-default\" data-id=\"6042cf4\" data-element_type=\"section\">\n\t\t\t\t\t\t<div class=\"elementor-container elementor-column-gap-default\">\n\t\t\t\t\t<div class=\"elementor-column elementor-col-100 elementor-top-column elementor-element elementor-element-18f4611\" data-id=\"18f4611\" data-element_type=\"column\">\n\t\t\t<div class=\"elementor-widget-wrap elementor-element-populated\">\n\t\t\t\t\t\t\t\t<div class=\"elementor-element elementor-element-a0441a8 elementor-widget elementor-widget-heading\" data-id=\"a0441a8\" data-element_type=\"widget\" data-widget_type=\"heading.default\">\n\t\t\t\t<div class=\"elementor-widget-container\">\n\t\t\t<h3 class=\"elementor-heading-title elementor-size-default\">PROFESORES ILUSTRES<\/h3>\t\t<\/div>\n\t\t\t\t<\/div>\n\t\t\t\t<div class=\"elementor-element elementor-element-c8858cc elementor-widget elementor-widget-text-editor\" data-id=\"c8858cc\" data-element_type=\"widget\" data-widget_type=\"text-editor.default\">\n\t\t\t\t<div class=\"elementor-widget-container\">\n\t\t\t\t\t\t\tArtistas famosos dedicaron gran parte de su vida a ofrecer sus conocimientos y experiencias a los alumnos de la Escuela. Estos profesores constituyeron, en algunos casos, lo mejor de la pintura navarra y en todas las ocasiones fueron germen de la formaci\u00f3n art\u00edstica de aqu\u00e9llos que han conformado la historia pict\u00f3rica de Navarra.\t\t\t\t\t\t<\/div>\n\t\t\t\t<\/div>\n\t\t\t\t\t<\/div>\n\t\t<\/div>\n\t\t\t\t\t\t\t<\/div>\n\t\t<\/section>\n\t\t\t\t<section class=\"elementor-section elementor-top-section elementor-element elementor-element-934f01d elementor-section-boxed elementor-section-height-default elementor-section-height-default\" data-id=\"934f01d\" data-element_type=\"section\">\n\t\t\t\t\t\t<div class=\"elementor-container elementor-column-gap-default\">\n\t\t\t\t\t<div class=\"elementor-column elementor-col-100 elementor-top-column elementor-element elementor-element-cedfda8\" data-id=\"cedfda8\" data-element_type=\"column\">\n\t\t\t<div class=\"elementor-widget-wrap elementor-element-populated\">\n\t\t\t\t\t\t\t\t<div class=\"elementor-element elementor-element-aff10cc elementor-testimonial--skin-bubble elementor-testimonial--align-left elementor-testimonial--layout-image_inline elementor-arrows-yes elementor-pagination-type-bullets elementor-widget elementor-widget-testimonial-carousel\" data-id=\"aff10cc\" data-element_type=\"widget\" data-settings=\"{&quot;slides_per_view&quot;:&quot;1&quot;,&quot;show_arrows&quot;:&quot;yes&quot;,&quot;pagination&quot;:&quot;bullets&quot;,&quot;speed&quot;:500,&quot;autoplay&quot;:&quot;yes&quot;,&quot;autoplay_speed&quot;:5000,&quot;loop&quot;:&quot;yes&quot;,&quot;pause_on_hover&quot;:&quot;yes&quot;,&quot;pause_on_interaction&quot;:&quot;yes&quot;,&quot;space_between&quot;:{&quot;unit&quot;:&quot;px&quot;,&quot;size&quot;:10,&quot;sizes&quot;:[]},&quot;space_between_tablet&quot;:{&quot;unit&quot;:&quot;px&quot;,&quot;size&quot;:10,&quot;sizes&quot;:[]},&quot;space_between_mobile&quot;:{&quot;unit&quot;:&quot;px&quot;,&quot;size&quot;:10,&quot;sizes&quot;:[]}}\" data-widget_type=\"testimonial-carousel.default\">\n\t\t\t\t<div class=\"elementor-widget-container\">\n\t\t\t\t\t<div class=\"elementor-swiper\">\n\t\t\t<div class=\"elementor-main-swiper swiper-container\">\n\t\t\t\t<div class=\"swiper-wrapper\">\n\t\t\t\t\t\t\t\t\t\t\t<div class=\"swiper-slide\">\n\t\t\t\t\t\t\t\t\t<div class=\"elementor-testimonial\">\n\t\t\t\t\t\t\t<div class=\"elementor-testimonial__content\">\n\t\t\t\t\t<div class=\"elementor-testimonial__text\">\n\t\t\t\t\t\tOrientado fundamentalmente al retrato, dedic\u00f3 una buena parte de su vida a la ense\u00f1anza como profesor de la Academia de dibujo. Hab\u00eda nacido en Valdeabellano (Soria) en 1794 y muri\u00f3 en nuestra ciudad en torno a 1854.\t\t\t\t\t<\/div>\n\t\t\t\t\t\t\t\t\t<\/div>\n\t\t\t\t\t\t<div class=\"elementor-testimonial__footer\">\n\t\t\t\t\t\t\t\t<cite class=\"elementor-testimonial__cite\"><span class=\"elementor-testimonial__name\"><a href=\"http:\/\/josemariamuruzabal.com\/articulos\/diario_tribunaCultural\/autores\/miguel%20sanz%20benito\/sanz%20benito.pdf\" target=\"_blank\">Miguel Sanz y Benito<\/a><\/span><\/cite>\t\t\t<\/div>\n\t\t<\/div>\n\t\t\t\t\t\t\t\t<\/div>\n\t\t\t\t\t\t\t\t\t\t\t<div class=\"swiper-slide\">\n\t\t\t\t\t\t\t\t\t<div class=\"elementor-testimonial\">\n\t\t\t\t\t\t\t<div class=\"elementor-testimonial__content\">\n\t\t\t\t\t<div class=\"elementor-testimonial__text\">\n\t\t\t\t\t\tNacido en Pamplona en 1878, estudi\u00f3 en la Escuela de Artes de Oficios de la ciudad y posteriormente en la Escuela de Bellas Artes de San Fernando. Regres\u00f3 despu\u00e9s y fue profesor de la Escuela. En 1907 gan\u00f3 un Certamen Cient\u00edfico, Literario y Art\u00edstico convocado por el Ayuntamiento pamplon\u00e9s. Falleci\u00f3 en 1933 a los 55 a\u00f1os.\t\t\t\t\t<\/div>\n\t\t\t\t\t\t\t\t\t<\/div>\n\t\t\t\t\t\t<div class=\"elementor-testimonial__footer\">\n\t\t\t\t\t\t\t\t<cite class=\"elementor-testimonial__cite\"><span class=\"elementor-testimonial__name\">Mill\u00e1n Mend\u00eda Azpilicueta<\/span><\/cite>\t\t\t<\/div>\n\t\t<\/div>\n\t\t\t\t\t\t\t\t<\/div>\n\t\t\t\t\t\t\t\t\t\t\t<div class=\"swiper-slide\">\n\t\t\t\t\t\t\t\t\t<div class=\"elementor-testimonial\">\n\t\t\t\t\t\t\t<div class=\"elementor-testimonial__content\">\n\t\t\t\t\t<div class=\"elementor-testimonial__text\">\n\t\t\t\t\t\tNaci\u00f3 en Valencia en 1844 y estudi\u00f3 en la Escuela de Bellas Artes de San Carlos y San Fernando. Fue disc\u00edpulo de Federico de Madrazo. Se traslad\u00f3 a Navarra y en 1870 gan\u00f3 por oposici\u00f3n la plaza de Profesor de Dibujo del Instituto de Tudela. Dos a\u00f1os m\u00e1s tarde obtuvo la plaza de Profesor de Dibujo de la Escuela de Artes y Oficios de Pamplona, de la que fue adem\u00e1s Director. Desde 1895 fue catedr\u00e1tico de dibujo del Instituto Provincial y T\u00e9cnico de Navarra hasta su jubilaci\u00f3n en 1918. Miembro de la Real Academia de Bellas Artes de San Fernando desde 1910, ejerci\u00f3 como vocal y administrador en el Bolet\u00edn de la Comisi\u00f3n de Monumentos. Fue jurado de numerosos cert\u00e1menes art\u00edsticos. Falleci\u00f3 el 20 de agosto de 1925. <b>Obras destacadas:<\/b> Arresto del Duque de Alba, Cervantes escribiendo el Quijote en la C\u00e1rcel de Argamasilla, El capell\u00e1 de les Roques.\t\t\t\t\t<\/div>\n\t\t\t\t\t\t\t\t\t<\/div>\n\t\t\t\t\t\t<div class=\"elementor-testimonial__footer\">\n\t\t\t\t\t\t\t\t\t<div class=\"elementor-testimonial__image\">\n\t\t\t\t\t\t<img decoding=\"async\" src=\"https:\/\/escueladeartesuperior.educacion.navarra.es\/web\/wp-content\/uploads\/2019\/12\/EduardoCarceller.jpg\" alt=\"Eduardo Carceller y Garc\u00eda\">\n\t\t\t\t\t\t\t\t\t\t\t<\/div>\n\t\t\t\t\t\t\t\t<cite class=\"elementor-testimonial__cite\"><span class=\"elementor-testimonial__name\">Eduardo Carceller y Garc\u00eda<\/span><\/cite>\t\t\t<\/div>\n\t\t<\/div>\n\t\t\t\t\t\t\t\t<\/div>\n\t\t\t\t\t\t\t\t\t\t\t<div class=\"swiper-slide\">\n\t\t\t\t\t\t\t\t\t<div class=\"elementor-testimonial\">\n\t\t\t\t\t\t\t<div class=\"elementor-testimonial__content\">\n\t\t\t\t\t<div class=\"elementor-testimonial__text\">\n\t\t\t\t\t\tNaci\u00f3 en Tudela en 1894. Se inici\u00f3 en la pintura de forma autodidacta y se present\u00f3 por primera vez en el Sal\u00f3n de Arte Moderno de Madrid. Posteriormente estudi\u00f3 en Barcelona con Jos\u00e9 Monguell y en 1922 particip\u00f3 en la Exposici\u00f3n Nacional de Bellas Artes, donde gan\u00f3 la tercera medalla de Pintura. Estudi\u00f3 despu\u00e9s en la Escuela de Bellas Artes de San Fernando gracias a una beca de la Diputaci\u00f3n Foral de Navarra. Fue profesor de la Escuela de Artes y Oficios de Pamplona desde 1941 hasta su fallecimiento en 1951. <b>Obras destacadas: <\/b>Oraci\u00f3n, Entre pite y pite, El Cristero, Mi Padre, Un labrador.\t\t\t\t\t<\/div>\n\t\t\t\t\t\t\t\t\t<\/div>\n\t\t\t\t\t\t<div class=\"elementor-testimonial__footer\">\n\t\t\t\t\t\t\t\t\t<div class=\"elementor-testimonial__image\">\n\t\t\t\t\t\t<img decoding=\"async\" src=\"https:\/\/escueladeartesuperior.educacion.navarra.es\/web\/wp-content\/uploads\/2019\/12\/MiguelPerezTorres.jpg\" alt=\"Miguel P\u00e9rez Torres\">\n\t\t\t\t\t\t\t\t\t\t\t<\/div>\n\t\t\t\t\t\t\t\t<cite class=\"elementor-testimonial__cite\"><span class=\"elementor-testimonial__name\">Miguel P\u00e9rez Torres<\/span><\/cite>\t\t\t<\/div>\n\t\t<\/div>\n\t\t\t\t\t\t\t\t<\/div>\n\t\t\t\t\t\t\t\t\t\t\t<div class=\"swiper-slide\">\n\t\t\t\t\t\t\t\t\t<div class=\"elementor-testimonial\">\n\t\t\t\t\t\t\t<div class=\"elementor-testimonial__content\">\n\t\t\t\t\t<div class=\"elementor-testimonial__text\">\n\t\t\t\t\t\tNaci\u00f3 en Pamplona en 1897. Tras iniciarse en el dibujo en la Escuela de Artes y Oficios, estudi\u00f3 en la Escuela Superior de Bellas Artes de San Fernando con una beca de la Diputaci\u00f3n Foral de Navarra. Ganador del Concurso de Carteles de San Ferm\u00edn en los a\u00f1os 1932 y 1934, se dedic\u00f3 principalmente a trabajos de car\u00e1cter ilustrativo. Fue nombrado profesor de la Escuela de Artes y Oficios de Pamplona el 28 de diciembre de 1934, jubil\u00e1ndose voluntariamente el 1 de enero de 1966. Falleci\u00f3 en Pamplona el 22 de marzo de 1987. <a href=\"http:\/\/josemariamuruzabal.com\/articulos\/diario_tribunaCultural\/autores\/muro%20urriza\/muro%20urriza.pdf\" target=\"_blank\">noticia<\/a>\t\t\t\t\t<\/div>\n\t\t\t\t\t\t\t\t\t<\/div>\n\t\t\t\t\t\t<div class=\"elementor-testimonial__footer\">\n\t\t\t\t\t\t\t\t<cite class=\"elementor-testimonial__cite\"><span class=\"elementor-testimonial__name\"><a href=\"http:\/\/josemariamuruzabal.com\/articulos\/pregon\/autores\/Muro\/MuroUrriza.pdf\" target=\"_blank\">Leocadio Muro Urriza<\/a><\/span><\/cite>\t\t\t<\/div>\n\t\t<\/div>\n\t\t\t\t\t\t\t\t<\/div>\n\t\t\t\t\t\t\t\t\t\t\t<div class=\"swiper-slide\">\n\t\t\t\t\t\t\t\t\t<div class=\"elementor-testimonial\">\n\t\t\t\t\t\t\t<div class=\"elementor-testimonial__content\">\n\t\t\t\t\t<div class=\"elementor-testimonial__text\">\n\t\t\t\t\t\tNaci\u00f3 en Valcarlos en el \u00faltimo tercio del siglo pasado. Estudi\u00f3 becado por la Diputaci\u00f3n Foral de Navarra en la Escuela de Bellas Artes de San Fernando de Madrid. Se afinca en Pamplona, donde trabaja como retratista y participa en diversos cert\u00e1menes. En 1919 gana el concurso de carteles de San Ferm\u00edn. Consta como profesor de la Escuela de Artes y Oficios desde 1928 hasta su jubilaci\u00f3n en 1941. Celebr\u00f3 su \u00faltima exposici\u00f3n en 1950 y falleci\u00f3 alrededor de 1960 en Pamplona.\t\t\t\t\t<\/div>\n\t\t\t\t\t\t\t\t\t<\/div>\n\t\t\t\t\t\t<div class=\"elementor-testimonial__footer\">\n\t\t\t\t\t\t\t\t\t<div class=\"elementor-testimonial__image\">\n\t\t\t\t\t\t<img decoding=\"async\" src=\"https:\/\/escueladeartesuperior.educacion.navarra.es\/web\/wp-content\/uploads\/2019\/12\/Enrique-ZubiriManezaundi.jpg\" alt=\"Enrique Zubiri Manezaundi\">\n\t\t\t\t\t\t\t\t\t\t\t<\/div>\n\t\t\t\t\t\t\t\t<cite class=\"elementor-testimonial__cite\"><span class=\"elementor-testimonial__name\">Enrique Zubiri Manezaundi<\/span><\/cite>\t\t\t<\/div>\n\t\t<\/div>\n\t\t\t\t\t\t\t\t<\/div>\n\t\t\t\t\t\t\t\t\t\t\t<div class=\"swiper-slide\">\n\t\t\t\t\t\t\t\t\t<div class=\"elementor-testimonial\">\n\t\t\t\t\t\t\t<div class=\"elementor-testimonial__content\">\n\t\t\t\t\t<div class=\"elementor-testimonial__text\">\n\t\t\t\t\t\tNaci\u00f3 en Logro\u00f1o en 1907. Su formaci\u00f3n era vasta y profunda, proveniente de la Escuela Cecilio Pla, del impresionismo espa\u00f1ol de Sevilla y de los seguidores de Vel\u00e1zquez, aspectos que asimil\u00f3 a trav\u00e9s de la Escuela Superior de Bellas Artes de San Fernando. En 1929 se traslad\u00f3 a Par\u00eds becado por el Ayuntamiento y la Diputaci\u00f3n de Logro\u00f1o. All\u00ed tuvo ocasi\u00f3n de convivir durante tres a\u00f1os con movimientos pict\u00f3ricos vanguardistas. En 1943 se instal\u00f3 en Pamplona, ocupando la c\u00e1tedra de Dibujo del Instituto Xim\u00e9nez de Rada. En 1951 sustituy\u00f3 a P\u00e9rez Torres como profesor de dibujo art\u00edstico y pintura en la Escuela de Artes y Oficios hasta su muerte en 1964. Sacrist\u00e1n apenas expuso, aunque su creaci\u00f3n -de car\u00e1cter figurativo y centrada en el pasado inmediato- fue bastante extensa. Su obra se halla repartida en colecciones particulares de Espa\u00f1a, Francia y Cuba. Parte de ella se encuentra en el Museo y Parlamento de Navarra.\t\t\t\t\t<\/div>\n\t\t\t\t\t\t\t\t\t<\/div>\n\t\t\t\t\t\t<div class=\"elementor-testimonial__footer\">\n\t\t\t\t\t\t\t\t\t<div class=\"elementor-testimonial__image\">\n\t\t\t\t\t\t<img decoding=\"async\" src=\"https:\/\/escueladeartesuperior.educacion.navarra.es\/web\/wp-content\/uploads\/2019\/12\/GerardoSacristan-249x300-1.jpg\" alt=\"&lt;a href=&quot;http:\/\/gerardosacristan.com\/&quot; target=&quot;_blank&quot;&gt;Gerardo Sacrist\u00e1n&lt;\/a&gt;\">\n\t\t\t\t\t\t\t\t\t\t\t<\/div>\n\t\t\t\t\t\t\t\t<cite class=\"elementor-testimonial__cite\"><span class=\"elementor-testimonial__name\"><a href=\"http:\/\/gerardosacristan.com\/\" target=\"_blank\">Gerardo Sacrist\u00e1n<\/a><\/span><\/cite>\t\t\t<\/div>\n\t\t<\/div>\n\t\t\t\t\t\t\t\t<\/div>\n\t\t\t\t\t\t\t\t\t\t\t<div class=\"swiper-slide\">\n\t\t\t\t\t\t\t\t\t<div class=\"elementor-testimonial\">\n\t\t\t\t\t\t\t<div class=\"elementor-testimonial__content\">\n\t\t\t\t\t<div class=\"elementor-testimonial__text\">\n\t\t\t\t\t\tNaci\u00f3 en 1923 en Beas\u00e1in (Guip\u00fazcoa). En 1937-38 regres\u00f3 a Astr\u00e1in. Entre 1942 y 1945 estudi\u00f3 en Pamplona, en la academia de Javier Ciga, con cuyo apoyo obtuvo una beca extraordinaria de la Diputaci\u00f3n Foral de Navarra para continuar su formaci\u00f3n acad\u00e9mica en Madrid. Acudi\u00f3 a la Escuela de Artes y Oficios de la calle La Palma; en 1946 obtuvo una pensi\u00f3n ordinaria (nuevamente de la Diputaci\u00f3n navarra) y curs\u00f3 Dibujo y Pintura en Escuela Central de Bellas Artes de San Fernando, entre 1946 y 1951. Fueron sus profesores Joaqu\u00edn Valverde, Juan Adsuara y E. Mart\u00ednez V\u00e1zquez, entre otros.\n\nEn 1952 el Ministerio de Educaci\u00f3n le ofreci\u00f3 la plaza de profesor interino de dibujo y pintura en la Escuela de Artes y Oficios de Corella (Navarra). En 1958 obtuvo la Beca Extraordinaria de la Diputaci\u00f3n Foral de Navarra para Ampliaci\u00f3n de Estudios Art\u00edsticos en el Extranjero. Eligi\u00f3 la capital de Francia. Acudi\u00f3 a la academia de La Grande Chaumi\u00e8re. En 1965 obtuvo por concurso-oposici\u00f3n la plaza de profesor de Dibujo Art\u00edstico y Pintura en la Escuela Municipal de Artes y Oficios de Pamplona. Hasta 1984 compagin\u00f3 la actividad pict\u00f3rica con la docente. Destac\u00f3, sobre todo, como paisajista. Le interesaron los n\u00facleos arquitect\u00f3nicos monumentales \u2013sobre ellos desarroll\u00f3 algunas de sus mejores obras\u2013, ciertos pueblos pesqueros, el paisaje rural y la naturaleza vista en lejan\u00eda. Sus lienzos de amplias panor\u00e1micas y horizonte alto, que pueden relacionarse con cierta renovaci\u00f3n del paisajismo espa\u00f1ol de la posguerra, despojaron al g\u00e9nero de cualquier afectaci\u00f3n: son aut\u00e9nticas alabanzas a una tierra sobria, austera, que identifican naturaleza y consistencia.\n\nFalleci\u00f3 en 1991. El Museo de Navarra le dedic\u00f3 en 1994-95 una exposici\u00f3n antol\u00f3gica, a cuyo <a href=\"http:\/\/www.navarra.es\/NR\/rdonlyres\/3D81F99A-9EA1-4C6A-9B22-50CA0CEF031C\/297217\/CatalogoJMAscunce.pdf\" target=\"_blank\">cat\u00e1logo<\/a> remitimos para ampliar su biograf\u00eda art\u00edstica. El mismo Museo guarda un riguroso inventario (todav\u00eda abierto) de su obra, no muy extensa, presente en colecciones privadas y propiedad de instituciones.\t\t\t\t\t<\/div>\n\t\t\t\t\t\t\t\t\t<\/div>\n\t\t\t\t\t\t<div class=\"elementor-testimonial__footer\">\n\t\t\t\t\t\t\t\t\t<div class=\"elementor-testimonial__image\">\n\t\t\t\t\t\t<img decoding=\"async\" src=\"https:\/\/escueladeartesuperior.educacion.navarra.es\/web\/wp-content\/uploads\/2019\/12\/Ascunce_web.jpg\" alt=\"Jos\u00e9 Mar\u00eda Ascunce\">\n\t\t\t\t\t\t\t\t\t\t\t<\/div>\n\t\t\t\t\t\t\t\t<cite class=\"elementor-testimonial__cite\"><span class=\"elementor-testimonial__name\">Jos\u00e9 Mar\u00eda Ascunce<\/span><\/cite>\t\t\t<\/div>\n\t\t<\/div>\n\t\t\t\t\t\t\t\t<\/div>\n\t\t\t\t\t\t\t\t\t\t\t<div class=\"swiper-slide\">\n\t\t\t\t\t\t\t\t\t<div class=\"elementor-testimonial\">\n\t\t\t\t\t\t\t<div class=\"elementor-testimonial__content\">\n\t\t\t\t\t<div class=\"elementor-testimonial__text\">\n\t\t\t\t\t\tFernando Red\u00f3n Huici (Pamplona, 1929), Premio Pr\u00edncipe de Viana de la Cultura 2004, es un reconocido arquitecto, dise\u00f1ador y pintor, autor de numerosos proyectos arquitect\u00f3nicos. Desde 1979, ha ocupado diversos cargos institucionales en el \u00e1mbito cultural y acad\u00e9micos en la universidad. En ese a\u00f1o fue asesor del Departamento de Educaci\u00f3n y Cultura del Gobierno de Navarra, y posteriormente director de la Instituci\u00f3n Pr\u00edncipe de Viana. Su vinculaci\u00f3n con la Escuela de Artes y Oficios se produce entre los cursos 1979-80-81, durante los cuales imparti\u00f3 la asignatura de Proyectos en los estudios de Decoraci\u00f3n. En 1983, fue nombrado asesor del Ministerio de Cultura. Desde junio de 1995 es presidente del Consejo Social de la Universidad P\u00fablica de Navarra. Tambi\u00e9n es autor y editor de numerosas publicaciones de naturaleza y arte, autor de cat\u00e1logos y comisario de diversas exposiciones del patrimonio art\u00edstico de Navarra.\t\t\t\t\t<\/div>\n\t\t\t\t\t\t\t\t\t<\/div>\n\t\t\t\t\t\t<div class=\"elementor-testimonial__footer\">\n\t\t\t\t\t\t\t\t\t<div class=\"elementor-testimonial__image\">\n\t\t\t\t\t\t<img decoding=\"async\" src=\"https:\/\/escueladeartesuperior.educacion.navarra.es\/web\/wp-content\/uploads\/2019\/12\/FernandoRedon.jpg\" alt=\"Fernando Red\u00f3n\">\n\t\t\t\t\t\t\t\t\t\t\t<\/div>\n\t\t\t\t\t\t\t\t<cite class=\"elementor-testimonial__cite\"><span class=\"elementor-testimonial__name\">Fernando Red\u00f3n<\/span><\/cite>\t\t\t<\/div>\n\t\t<\/div>\n\t\t\t\t\t\t\t\t<\/div>\n\t\t\t\t\t\t\t\t\t\t\t<div class=\"swiper-slide\">\n\t\t\t\t\t\t\t\t\t<div class=\"elementor-testimonial\">\n\t\t\t\t\t\t\t<div class=\"elementor-testimonial__content\">\n\t\t\t\t\t<div class=\"elementor-testimonial__text\">\n\t\t\t\t\t\tJuan Jos\u00e9 Aquerreta (Pamplona, 1946) inici\u00f3 sus estudios de dibujo y pintura en la Escuela de Artes y Oficios de Pamplona y en 1966 ingres\u00f3 en la Escuela de Bellas Artes de San Fernando en Madrid, becado por la Diputaci\u00f3n Foral de Navarra. Desde momentos muy tempranos de su carrera (1973) recibi\u00f3 la atenci\u00f3n de la cr\u00edtica especializada y ha construido una obra acreditada, presente en numerosos museos y colecciones p\u00fablicas y privadas, formando parte de lo m\u00e1s granado del mercado pict\u00f3rico espa\u00f1ol. Juan Jos\u00e9 Aquerreta ha sido profesor de pintura en la Escuela de Arte de Pamplona hasta el curso 2003-2004.\n\nLa carrera art\u00edstica de Aquerreta ha estado jalonada de premios y reconocimientos a su obra, desde el primero de ellos en 1967, \u00abPremio Extraordinario de Pintura Moreno Higueras\u00bb en la clase del pintor Antonio L\u00f3pez de la Escuela de Bellas Artes de San Fernando, hasta el \u00faltimo: el Premio Nacional de la Artes Pl\u00e1sticas, que le fue otorgado en 2001. La Comisi\u00f3n de Artes Pl\u00e1sticas, presidida por el pintor Pedro Salaberri, lo present\u00f3 como candidato al premio Pr\u00edncipe de Viana, por su \u00abindudable calidad de pintor\u00bb, avalado por una larga y fecunda trayectoria refrendada en exposiciones y reconocimiento en los centros m\u00e1s significativos de Espa\u00f1a. Con la Galer\u00eda Marlborough ha participado en exposiciones colectivas en Nueva York en los a\u00f1os 1999, 2000 y 2001. Tiene obra en los museos y colecciones como la de Argentaria, Endesa, La Caixa, Colecci\u00f3n Municipal de Pamplona, gobierno de Navarra y Vasco, Ministerio de Asuntos Exteriores, Museo de Bellas Artes de Bilbao, Museo Espa\u00f1ol de Arte Contempor\u00e1neo de Madrid, Museo Salvador Allende y Palacio del Senado de Espa\u00f1a en Madrid. Aquerreta ha recibido numerosos otros premios, entre los m\u00e1s relevantes, el segundo premio del III Gran premio Internacional de Pintura Vasca (San Sebasti\u00e1n, 1967), galard\u00f3n que volvi\u00f3 a recibir en 1973; el segundo premio del Concurso Internacional de Arte Contempor\u00e1neo organizado por el Gobierno de Navarra (1983), el Prix International d\u2019Arte Contemporain de Monte-Carlo de la Fondation Prince Pierre de Monaco (2002), y el Gran Prix de S.A.S. le Prince Rainier III.\t\t\t\t\t<\/div>\n\t\t\t\t\t\t\t\t\t<\/div>\n\t\t\t\t\t\t<div class=\"elementor-testimonial__footer\">\n\t\t\t\t\t\t\t\t\t<div class=\"elementor-testimonial__image\">\n\t\t\t\t\t\t<img decoding=\"async\" src=\"https:\/\/escueladeartesuperior.educacion.navarra.es\/web\/wp-content\/uploads\/2019\/12\/JuanJoseAquerreta.jpg\" alt=\"&lt;a href=&quot;https:\/\/es.wikipedia.org\/wiki\/Juan_Jos%C3%A9_Aquerreta&quot; target=&quot;_blank&quot;&gt;Juan Jos\u00e9 Aquerreta&lt;\/a&gt;\">\n\t\t\t\t\t\t\t\t\t\t\t<\/div>\n\t\t\t\t\t\t\t\t<cite class=\"elementor-testimonial__cite\"><span class=\"elementor-testimonial__name\"><a href=\"https:\/\/es.wikipedia.org\/wiki\/Juan_Jos%C3%A9_Aquerreta\" target=\"_blank\">Juan Jos\u00e9 Aquerreta<\/a><\/span><\/cite>\t\t\t<\/div>\n\t\t<\/div>\n\t\t\t\t\t\t\t\t<\/div>\n\t\t\t\t\t\t\t\t\t<\/div>\n\t\t\t\t\t\t\t\t\t\t\t\t\t\t\t<div class=\"swiper-pagination\"><\/div>\n\t\t\t\t\t\t\t\t\t\t\t\t\t\t\t\t<div class=\"elementor-swiper-button elementor-swiper-button-prev\" role=\"button\" tabindex=\"0\">\n\t\t\t\t\t\t\t<i aria-hidden=\"true\" class=\"eicon-chevron-left\"><\/i>\t\t\t\t\t\t\t<span class=\"elementor-screen-only\">Previous<\/span>\n\t\t\t\t\t\t<\/div>\n\t\t\t\t\t\t<div class=\"elementor-swiper-button elementor-swiper-button-next\" role=\"button\" tabindex=\"0\">\n\t\t\t\t\t\t\t<i aria-hidden=\"true\" class=\"eicon-chevron-right\"><\/i>\t\t\t\t\t\t\t<span class=\"elementor-screen-only\">Next<\/span>\n\t\t\t\t\t\t<\/div>\n\t\t\t\t\t\t\t\t\t\t\t\t<\/div>\n\t\t<\/div>\n\t\t\t\t<\/div>\n\t\t\t\t<\/div>\n\t\t\t\t\t<\/div>\n\t\t<\/div>\n\t\t\t\t\t\t\t<\/div>\n\t\t<\/section>\n\t\t\t\t\t\t\t<\/div>\n\t\t","protected":false},"excerpt":{"rendered":"<p>CRONOLOG\u00cdA 1795 \u2013 1900 Los primeros centros para la ense\u00f1anza de las artes se fundan en Espa\u00f1a a finales del S. XVIII, de acuerdo con los ideales propugnados por la Ilustraci\u00f3n. Estas nuevas escuelas van desplazando al sistema de formaci\u00f3n gremial del Antiguo R\u00e9gimen. 1795: En el Ayuntamiento de Pamplona se plantea la creaci\u00f3n de [&hellip;]<\/p>\n","protected":false},"author":1,"featured_media":20094,"parent":31450,"menu_order":2,"comment_status":"closed","ping_status":"closed","template":"","meta":{"_genesis_hide_title":false,"_genesis_hide_breadcrumbs":false,"_genesis_hide_singular_image":false,"_genesis_hide_footer_widgets":false,"_genesis_custom_body_class":"","_genesis_custom_post_class":"","_genesis_layout":"","footnotes":""},"_links":{"self":[{"href":"https:\/\/escueladeartesuperior.educacion.navarra.es\/web\/wp-json\/wp\/v2\/pages\/31453"}],"collection":[{"href":"https:\/\/escueladeartesuperior.educacion.navarra.es\/web\/wp-json\/wp\/v2\/pages"}],"about":[{"href":"https:\/\/escueladeartesuperior.educacion.navarra.es\/web\/wp-json\/wp\/v2\/types\/page"}],"author":[{"embeddable":true,"href":"https:\/\/escueladeartesuperior.educacion.navarra.es\/web\/wp-json\/wp\/v2\/users\/1"}],"replies":[{"embeddable":true,"href":"https:\/\/escueladeartesuperior.educacion.navarra.es\/web\/wp-json\/wp\/v2\/comments?post=31453"}],"version-history":[{"count":40,"href":"https:\/\/escueladeartesuperior.educacion.navarra.es\/web\/wp-json\/wp\/v2\/pages\/31453\/revisions"}],"predecessor-version":[{"id":34514,"href":"https:\/\/escueladeartesuperior.educacion.navarra.es\/web\/wp-json\/wp\/v2\/pages\/31453\/revisions\/34514"}],"up":[{"embeddable":true,"href":"https:\/\/escueladeartesuperior.educacion.navarra.es\/web\/wp-json\/wp\/v2\/pages\/31450"}],"wp:featuredmedia":[{"embeddable":true,"href":"https:\/\/escueladeartesuperior.educacion.navarra.es\/web\/wp-json\/"}],"wp:attachment":[{"href":"https:\/\/escueladeartesuperior.educacion.navarra.es\/web\/wp-json\/wp\/v2\/media?parent=31453"}],"curies":[{"name":"wp","href":"https:\/\/api.w.org\/{rel}","templated":true}]}}