{"id":29419,"date":"2019-04-09T14:17:15","date_gmt":"2019-04-09T12:17:15","guid":{"rendered":"http:\/\/www.escueladeartepamplona.com\/?page_id=29419"},"modified":"2026-04-09T22:00:02","modified_gmt":"2026-04-09T20:00:02","slug":"pruebas-de-acceso-a-estudios-superiores","status":"publish","type":"page","link":"https:\/\/escueladeartesuperior.educacion.navarra.es\/web\/pruebas-de-acceso-a-estudios-superiores\/","title":{"rendered":"Pruebas de acceso a Estudios Superiores"},"content":{"rendered":"\t\t<div data-elementor-type=\"wp-page\" data-elementor-id=\"29419\" class=\"elementor elementor-29419\" data-elementor-post-type=\"page\">\n\t\t\t\t\t\t\t\t\t<section class=\"elementor-section elementor-top-section elementor-element elementor-element-3501c39 elementor-section-boxed elementor-section-height-default elementor-section-height-default\" data-id=\"3501c39\" data-element_type=\"section\">\n\t\t\t\t\t\t<div class=\"elementor-container elementor-column-gap-default\">\n\t\t\t\t\t<div class=\"elementor-column elementor-col-100 elementor-top-column elementor-element elementor-element-7c0dcaf\" data-id=\"7c0dcaf\" data-element_type=\"column\">\n\t\t\t<div class=\"elementor-widget-wrap elementor-element-populated\">\n\t\t\t\t\t\t\t\t<div class=\"elementor-element elementor-element-b579c26 elementor-widget elementor-widget-heading\" data-id=\"b579c26\" data-element_type=\"widget\" data-widget_type=\"heading.default\">\n\t\t\t\t<div class=\"elementor-widget-container\">\n\t\t\t<h3 class=\"elementor-heading-title elementor-size-default\">ACCESO A ESTUDIOS SUPERIORES DE DISE\u00d1O<\/h3>\t\t<\/div>\n\t\t\t\t<\/div>\n\t\t\t\t\t<\/div>\n\t\t<\/div>\n\t\t\t\t\t\t\t<\/div>\n\t\t<\/section>\n\t\t\t\t<section class=\"elementor-section elementor-top-section elementor-element elementor-element-e0c3340 elementor-section-boxed elementor-section-height-default elementor-section-height-default\" data-id=\"e0c3340\" data-element_type=\"section\">\n\t\t\t\t\t\t<div class=\"elementor-container elementor-column-gap-default\">\n\t\t\t\t\t<div class=\"elementor-column elementor-col-100 elementor-top-column elementor-element elementor-element-c882b9e\" data-id=\"c882b9e\" data-element_type=\"column\">\n\t\t\t<div class=\"elementor-widget-wrap elementor-element-populated\">\n\t\t\t\t\t\t\t\t<div class=\"elementor-element elementor-element-240e141 elementor-icon-list--layout-traditional elementor-list-item-link-full_width elementor-widget elementor-widget-icon-list\" data-id=\"240e141\" data-element_type=\"widget\" data-widget_type=\"icon-list.default\">\n\t\t\t\t<div class=\"elementor-widget-container\">\n\t\t\t\t\t<ul class=\"elementor-icon-list-items\">\n\t\t\t\t\t\t\t<li class=\"elementor-icon-list-item\">\n\t\t\t\t\t\t\t\t\t\t\t<span class=\"elementor-icon-list-icon\">\n\t\t\t\t\t\t\t<i aria-hidden=\"true\" class=\"fas fa-long-arrow-alt-right\"><\/i>\t\t\t\t\t\t<\/span>\n\t\t\t\t\t\t\t\t\t\t<span class=\"elementor-icon-list-text\">Acceso directo<\/span>\n\t\t\t\t\t\t\t\t\t<\/li>\n\t\t\t\t\t\t<\/ul>\n\t\t\t\t<\/div>\n\t\t\t\t<\/div>\n\t\t\t\t<div class=\"elementor-element elementor-element-43eafe7 elementor-widget elementor-widget-text-editor\" data-id=\"43eafe7\" data-element_type=\"widget\" data-widget_type=\"text-editor.default\">\n\t\t\t\t<div class=\"elementor-widget-container\">\n\t\t\t\t\t\t\t<p>Quienes est\u00e9n en posesi\u00f3n del T\u00edtulo de T\u00e9cnico Superior de Artes Pl\u00e1sticas y Dise\u00f1o. <strong>Inscripci\u00f3n abierta.<\/strong><\/p>\t\t\t\t\t\t<\/div>\n\t\t\t\t<\/div>\n\t\t\t\t\t<\/div>\n\t\t<\/div>\n\t\t\t\t\t\t\t<\/div>\n\t\t<\/section>\n\t\t\t\t<section class=\"elementor-section elementor-top-section elementor-element elementor-element-97d9686 elementor-section-boxed elementor-section-height-default elementor-section-height-default\" data-id=\"97d9686\" data-element_type=\"section\">\n\t\t\t\t\t\t<div class=\"elementor-container elementor-column-gap-default\">\n\t\t\t\t\t<div class=\"elementor-column elementor-col-100 elementor-top-column elementor-element elementor-element-328ac5c\" data-id=\"328ac5c\" data-element_type=\"column\">\n\t\t\t<div class=\"elementor-widget-wrap elementor-element-populated\">\n\t\t\t\t\t\t\t\t<div class=\"elementor-element elementor-element-c63b50c elementor-icon-list--layout-traditional elementor-list-item-link-full_width elementor-widget elementor-widget-icon-list\" data-id=\"c63b50c\" data-element_type=\"widget\" data-widget_type=\"icon-list.default\">\n\t\t\t\t<div class=\"elementor-widget-container\">\n\t\t\t\t\t<ul class=\"elementor-icon-list-items\">\n\t\t\t\t\t\t\t<li class=\"elementor-icon-list-item\">\n\t\t\t\t\t\t\t\t\t\t\t<span class=\"elementor-icon-list-icon\">\n\t\t\t\t\t\t\t<i aria-hidden=\"true\" class=\"fas fa-long-arrow-alt-right\"><\/i>\t\t\t\t\t\t<\/span>\n\t\t\t\t\t\t\t\t\t\t<span class=\"elementor-icon-list-text\">Acceso mediante Prueba<\/span>\n\t\t\t\t\t\t\t\t\t<\/li>\n\t\t\t\t\t\t<\/ul>\n\t\t\t\t<\/div>\n\t\t\t\t<\/div>\n\t\t\t\t<section class=\"elementor-section elementor-inner-section elementor-element elementor-element-2f83475 elementor-section-boxed elementor-section-height-default elementor-section-height-default\" data-id=\"2f83475\" data-element_type=\"section\">\n\t\t\t\t\t\t<div class=\"elementor-container elementor-column-gap-default\">\n\t\t\t\t\t<div class=\"elementor-column elementor-col-100 elementor-inner-column elementor-element elementor-element-bbeee32\" data-id=\"bbeee32\" data-element_type=\"column\">\n\t\t\t<div class=\"elementor-widget-wrap elementor-element-populated\">\n\t\t\t\t\t\t\t\t<div class=\"elementor-element elementor-element-c00f7c7 elementor-widget elementor-widget-heading\" data-id=\"c00f7c7\" data-element_type=\"widget\" data-widget_type=\"heading.default\">\n\t\t\t\t<div class=\"elementor-widget-container\">\n\t\t\t<h4 class=\"elementor-heading-title elementor-size-default\"><a href=\"https:\/\/www.navarra.es\/es\/tramites\/on\/-\/line\/pruebas-especificas-de-acceso-a-las-ensenanzas-artisticas-superiores-de-diseno-curso-2021-2022?back=true&#038;pageBackId=5722676\" target=\"_blank\">Prueba espec\u00edfica 2026 <\/a><\/h4>\t\t<\/div>\n\t\t\t\t<\/div>\n\t\t\t\t<div class=\"elementor-element elementor-element-7deacf5 elementor-widget-divider--view-line elementor-widget elementor-widget-divider\" data-id=\"7deacf5\" data-element_type=\"widget\" data-widget_type=\"divider.default\">\n\t\t\t\t<div class=\"elementor-widget-container\">\n\t\t\t\t\t<div class=\"elementor-divider\">\n\t\t\t<span class=\"elementor-divider-separator\">\n\t\t\t\t\t\t<\/span>\n\t\t<\/div>\n\t\t\t\t<\/div>\n\t\t\t\t<\/div>\n\t\t\t\t<div class=\"elementor-element elementor-element-51b53bf elementor-widget elementor-widget-text-editor\" data-id=\"51b53bf\" data-element_type=\"widget\" data-widget_type=\"text-editor.default\">\n\t\t\t\t<div class=\"elementor-widget-container\">\n\t\t\t\t\t\t\t<ul><li>Plazo de\u00a0 inscripci\u00f3n:\u00a0<strong> del 23 al 31 de marzo<\/strong><\/li><li>Publicado listado provisional de admitidos para realizar la Prueba (ver en la <strong><a href=\"https:\/\/www.navarra.es\/es\/tramites\/on\/-\/line\/pruebas-especificas-de-acceso-a-las-ensenanzas-artisticas-superiores-de-diseno\">Ficha de tr\u00e1mites<\/a>)<\/strong><br \/>Plazo de reclamaciones: <strong>Del 10 al 14 de abril ambos inclusives (consultar <a href=\"https:\/\/www.navarra.es\/es\/tramites\/on\/-\/line\/pruebas-especificas-de-acceso-a-las-ensenanzas-artisticas-superiores-de-diseno\">Ficha de tr\u00e1mites<\/a>).<\/strong><\/li><\/ul><div style=\"text-align: justify;\">\u00a0<\/div><ul><li>Realizaci\u00f3n de las pruebas: <b>Pte. de publicaci\u00f3n.<\/b><\/li><\/ul><p><span style=\"font-family: var( --e-global-typography-text-font-family ), Sans-serif; font-weight: var( --e-global-typography-text-font-weight );\">Toda la informaci\u00f3n sobre requisitos, inscripci\u00f3n, listados, materiales, resultados, etc.. se publicar\u00e1 en la ficha de tr\u00e1mites del Departamento de Educaci\u00f3n.<\/span><span style=\"font-family: var( --e-global-typography-text-font-family ), Sans-serif; font-weight: var( --e-global-typography-text-font-weight );\">\u00a0<\/span><span style=\"font-family: var( --e-global-typography-text-font-family ), Sans-serif; font-weight: var( --e-global-typography-text-font-weight );\">\u00a0<\/span><span style=\"font-family: var( --e-global-typography-text-font-family ), Sans-serif; font-weight: var( --e-global-typography-text-font-weight );\">\u00a0<\/span><\/p>\t\t\t\t\t\t<\/div>\n\t\t\t\t<\/div>\n\t\t\t\t<div class=\"elementor-element elementor-element-34eb844 elementor-align-left elementor-widget__width-initial elementor-widget elementor-widget-button\" data-id=\"34eb844\" data-element_type=\"widget\" data-widget_type=\"button.default\">\n\t\t\t\t<div class=\"elementor-widget-container\">\n\t\t\t\t\t<div class=\"elementor-button-wrapper\">\n\t\t\t<a class=\"elementor-button elementor-button-link elementor-size-md\" href=\"https:\/\/www.navarra.es\/es\/tramites\/on\/-\/line\/pruebas-especificas-de-acceso-a-las-ensenanzas-artisticas-superiores-de-diseno\" target=\"_blank\">\n\t\t\t\t\t\t<span class=\"elementor-button-content-wrapper\">\n\t\t\t\t\t\t<span class=\"elementor-button-text\">Ficha de tr\u00e1mites - Inscripci\u00f3n   <\/span>\n\t\t<\/span>\n\t\t\t\t\t<\/a>\n\t\t<\/div>\n\t\t\t\t<\/div>\n\t\t\t\t<\/div>\n\t\t\t\t<div class=\"elementor-element elementor-element-2d26883 elementor-widget__width-initial elementor-widget elementor-widget-text-editor\" data-id=\"2d26883\" data-element_type=\"widget\" data-widget_type=\"text-editor.default\">\n\t\t\t\t<div class=\"elementor-widget-container\">\n\t\t\t\t\t\t\t<p><span style=\"font-family: var( --e-global-typography-text-font-family ), Sans-serif; font-weight: var( --e-global-typography-text-font-weight );\">Para poder realizar la prueba espec\u00edfica de acceso se debe cumplir con alguno de los siguientes requisitos:<\/span><\/p>\n<ul>\n<li>Estar en posesi\u00f3n del T\u00edtulo de bachiller.<\/li>\n<li>Haber superado la prueba de acceso a la universidad para mayores de 25 a\u00f1os.<\/li>\n<li>Estar en posesi\u00f3n de un T\u00edtulo de Ense\u00f1anzas Art\u00edsticas Superiores, T\u00edtulo Universitario o T\u00edtulo de T\u00e9cnico Superior (FP).&nbsp;&nbsp;<\/li>\n<\/ul>\n<p>La prueba espec\u00edfica consta de cinco ejercicios, de los cuales las personas aspirantes elegir\u00e1n&nbsp; tres de los que se indican a continuaci\u00f3n:<\/p><p><b style=\"font-family: var( --e-global-typography-text-font-family ), Sans-serif;\">1. Comentario<\/b><\/p><p>Comentario de imagen: realizar por escrito un comentario comparativo de dos im\u00e1genes propuestas.<span style=\"font-family: var( --e-global-typography-text-font-family ), Sans-serif; font-weight: var( --e-global-typography-text-font-weight );\">&nbsp;<\/span><\/p>\t\t\t\t\t\t<\/div>\n\t\t\t\t<\/div>\n\t\t\t\t<div class=\"elementor-element elementor-element-0e2db6e elementor-align-left elementor-icon-list--layout-traditional elementor-list-item-link-full_width elementor-widget elementor-widget-icon-list\" data-id=\"0e2db6e\" data-element_type=\"widget\" data-widget_type=\"icon-list.default\">\n\t\t\t\t<div class=\"elementor-widget-container\">\n\t\t\t\t\t<ul class=\"elementor-icon-list-items\">\n\t\t\t\t\t\t\t<li class=\"elementor-icon-list-item\">\n\t\t\t\t\t\t\t\t\t\t\t<span class=\"elementor-icon-list-icon\">\n\t\t\t\t\t\t\t<i aria-hidden=\"true\" class=\"far fa-clock\"><\/i>\t\t\t\t\t\t<\/span>\n\t\t\t\t\t\t\t\t\t\t<span class=\"elementor-icon-list-text\">Duraci\u00f3n m\u00e1xima: 45 minutos.<\/span>\n\t\t\t\t\t\t\t\t\t<\/li>\n\t\t\t\t\t\t<\/ul>\n\t\t\t\t<\/div>\n\t\t\t\t<\/div>\n\t\t\t\t<div class=\"elementor-element elementor-element-e850871 elementor-widget elementor-widget-text-editor\" data-id=\"e850871\" data-element_type=\"widget\" data-widget_type=\"text-editor.default\">\n\t\t\t\t<div class=\"elementor-widget-container\">\n\t\t\t\t\t\t\t<p><b>2. Geometr\u00eda<\/b><br \/>Geometr\u00eda m\u00e9trica plana: resoluci\u00f3n de un ejercicio en el que pueden intervenir los siguientes trazados: construcci\u00f3n de pol\u00edgonos, transformaciones geom\u00e9tricas, figuras equivalentes, tangencias y proporcionalidad.<\/p>\t\t\t\t\t\t<\/div>\n\t\t\t\t<\/div>\n\t\t\t\t<div class=\"elementor-element elementor-element-c629463 elementor-icon-list--layout-traditional elementor-list-item-link-full_width elementor-widget elementor-widget-icon-list\" data-id=\"c629463\" data-element_type=\"widget\" data-widget_type=\"icon-list.default\">\n\t\t\t\t<div class=\"elementor-widget-container\">\n\t\t\t\t\t<ul class=\"elementor-icon-list-items\">\n\t\t\t\t\t\t\t<li class=\"elementor-icon-list-item\">\n\t\t\t\t\t\t\t\t\t\t\t<span class=\"elementor-icon-list-icon\">\n\t\t\t\t\t\t\t<i aria-hidden=\"true\" class=\"far fa-clock\"><\/i>\t\t\t\t\t\t<\/span>\n\t\t\t\t\t\t\t\t\t\t<span class=\"elementor-icon-list-text\">Duraci\u00f3n m\u00e1xima: 45 minutos.<\/span>\n\t\t\t\t\t\t\t\t\t<\/li>\n\t\t\t\t\t\t<\/ul>\n\t\t\t\t<\/div>\n\t\t\t\t<\/div>\n\t\t\t\t<div class=\"elementor-element elementor-element-128a19e elementor-widget elementor-widget-text-editor\" data-id=\"128a19e\" data-element_type=\"widget\" data-widget_type=\"text-editor.default\">\n\t\t\t\t<div class=\"elementor-widget-container\">\n\t\t\t\t\t\t\t<p><strong>3. Geometr\u00eda descriptiva<br \/><\/strong>Croquis acotado a mano alzada de un objeto que se proporciona y dibujo a la escala que se indique, con instrumentos, del mismo objeto. Ambos dibujos a l\u00e1piz.<\/p>\t\t\t\t\t\t<\/div>\n\t\t\t\t<\/div>\n\t\t\t\t<div class=\"elementor-element elementor-element-816ae16 elementor-icon-list--layout-traditional elementor-list-item-link-full_width elementor-widget elementor-widget-icon-list\" data-id=\"816ae16\" data-element_type=\"widget\" data-widget_type=\"icon-list.default\">\n\t\t\t\t<div class=\"elementor-widget-container\">\n\t\t\t\t\t<ul class=\"elementor-icon-list-items\">\n\t\t\t\t\t\t\t<li class=\"elementor-icon-list-item\">\n\t\t\t\t\t\t\t\t\t\t\t<span class=\"elementor-icon-list-icon\">\n\t\t\t\t\t\t\t<i aria-hidden=\"true\" class=\"far fa-clock\"><\/i>\t\t\t\t\t\t<\/span>\n\t\t\t\t\t\t\t\t\t\t<span class=\"elementor-icon-list-text\">Duraci\u00f3n m\u00e1xima: 75 minutos.<\/span>\n\t\t\t\t\t\t\t\t\t<\/li>\n\t\t\t\t\t\t<\/ul>\n\t\t\t\t<\/div>\n\t\t\t\t<\/div>\n\t\t\t\t<div class=\"elementor-element elementor-element-98a20e2 elementor-widget elementor-widget-text-editor\" data-id=\"98a20e2\" data-element_type=\"widget\" data-widget_type=\"text-editor.default\">\n\t\t\t\t<div class=\"elementor-widget-container\">\n\t\t\t\t\t\t\t<p><b>4. Dibujo art\u00edstico<\/b><br \/>A partir de un texto propuesto, elaboraci\u00f3n de una imagen-ilustraci\u00f3n-cartel libre que represente uno o varios de los aspectos m\u00e1s relevantes sugeridos, mediante dibujo en t\u00e9cnica seca. La propuesta final ir\u00e1 acompa\u00f1ada de una peque\u00f1a memoria (m\u00e1ximo 200 palabras).<\/p>\t\t\t\t\t\t<\/div>\n\t\t\t\t<\/div>\n\t\t\t\t<div class=\"elementor-element elementor-element-5d55ca3 elementor-icon-list--layout-traditional elementor-list-item-link-full_width elementor-widget elementor-widget-icon-list\" data-id=\"5d55ca3\" data-element_type=\"widget\" data-widget_type=\"icon-list.default\">\n\t\t\t\t<div class=\"elementor-widget-container\">\n\t\t\t\t\t<ul class=\"elementor-icon-list-items\">\n\t\t\t\t\t\t\t<li class=\"elementor-icon-list-item\">\n\t\t\t\t\t\t\t\t\t\t\t<span class=\"elementor-icon-list-icon\">\n\t\t\t\t\t\t\t<i aria-hidden=\"true\" class=\"far fa-clock\"><\/i>\t\t\t\t\t\t<\/span>\n\t\t\t\t\t\t\t\t\t\t<span class=\"elementor-icon-list-text\">Duraci\u00f3n m\u00e1xima: 90 minutos<\/span>\n\t\t\t\t\t\t\t\t\t<\/li>\n\t\t\t\t\t\t<\/ul>\n\t\t\t\t<\/div>\n\t\t\t\t<\/div>\n\t\t\t\t<div class=\"elementor-element elementor-element-ddf63cd elementor-widget elementor-widget-text-editor\" data-id=\"ddf63cd\" data-element_type=\"widget\" data-widget_type=\"text-editor.default\">\n\t\t\t\t<div class=\"elementor-widget-container\">\n\t\t\t\t\t\t\t<p><b>5. Fundamentos de dise\u00f1o<br \/><\/b><span style=\"font-family: var( --e-global-typography-text-font-family ), Sans-serif; font-weight: var( --e-global-typography-text-font-weight );\">Realizaci\u00f3n de un dise\u00f1o de repetici\u00f3n basado en el uso de mallas modulares.\u00a0<\/span><\/p>\t\t\t\t\t\t<\/div>\n\t\t\t\t<\/div>\n\t\t\t\t<div class=\"elementor-element elementor-element-c4b5c1e elementor-icon-list--layout-traditional elementor-list-item-link-full_width elementor-widget elementor-widget-icon-list\" data-id=\"c4b5c1e\" data-element_type=\"widget\" data-widget_type=\"icon-list.default\">\n\t\t\t\t<div class=\"elementor-widget-container\">\n\t\t\t\t\t<ul class=\"elementor-icon-list-items\">\n\t\t\t\t\t\t\t<li class=\"elementor-icon-list-item\">\n\t\t\t\t\t\t\t\t\t\t\t<span class=\"elementor-icon-list-icon\">\n\t\t\t\t\t\t\t<i aria-hidden=\"true\" class=\"far fa-clock\"><\/i>\t\t\t\t\t\t<\/span>\n\t\t\t\t\t\t\t\t\t\t<span class=\"elementor-icon-list-text\">Duraci\u00f3n m\u00e1xima: 60 minutos.<\/span>\n\t\t\t\t\t\t\t\t\t<\/li>\n\t\t\t\t\t\t<\/ul>\n\t\t\t\t<\/div>\n\t\t\t\t<\/div>\n\t\t\t\t<div class=\"elementor-element elementor-element-859ebe3 elementor-widget-divider--view-line elementor-widget elementor-widget-divider\" data-id=\"859ebe3\" data-element_type=\"widget\" data-widget_type=\"divider.default\">\n\t\t\t\t<div class=\"elementor-widget-container\">\n\t\t\t\t\t<div class=\"elementor-divider\">\n\t\t\t<span class=\"elementor-divider-separator\">\n\t\t\t\t\t\t<\/span>\n\t\t<\/div>\n\t\t\t\t<\/div>\n\t\t\t\t<\/div>\n\t\t\t\t<div class=\"elementor-element elementor-element-8515a3e elementor-widget__width-initial elementor-widget elementor-widget-text-editor\" data-id=\"8515a3e\" data-element_type=\"widget\" data-widget_type=\"text-editor.default\">\n\t\t\t\t<div class=\"elementor-widget-container\">\n\t\t\t\t\t\t\t\t\t\t\t\t\t<\/div>\n\t\t\t\t<\/div>\n\t\t\t\t<div class=\"elementor-element elementor-element-2d78176 elementor-widget elementor-widget-text-editor\" data-id=\"2d78176\" data-element_type=\"widget\" data-widget_type=\"text-editor.default\">\n\t\t\t\t<div class=\"elementor-widget-container\">\n\t\t\t\t\t\t\t<p><strong>Ex\u00e1menes de convocatorias anteriores:<\/strong><\/p><ul><li><a href=\"https:\/\/escueladeartesuperior.educacion.navarra.es\/web\/wp-content\/uploads\/2025\/05\/2024-Pruebas-especificas-2024_compressed.pdf\">Prueba de 2024<\/a><\/li><li><a href=\"https:\/\/escueladeartesuperior.educacion.navarra.es\/web\/wp-content\/uploads\/2024\/12\/Prueba-2023.pdf\">Prueba de 2023<\/a><\/li><li><a href=\"https:\/\/escueladeartesuperior.educacion.navarra.es\/web\/wp-content\/uploads\/2024\/12\/Prueba-2022.pdf\">Prueba de 2022<\/a><\/li><li><a href=\"https:\/\/www.navarra.es\/documents\/48192\/16423585\/2021+Pruebas+espec%C3%ADficas+2021.pdf\/5ac1e101-a4d7-cf1e-5321-6a24142c39c9?t=1651824248589\" target=\"_blank\" rel=\"noopener\">Prueba de 2021<\/a><\/li><li><a href=\"https:\/\/www.navarra.es\/documents\/48192\/8428631\/2020+Pruebas+espec%C3%ADficas+2020.pdf\/266cd5c7-ae58-dd8c-e192-398698327dad?t=1622800634904\" target=\"_blank\" rel=\"noopener\">Prueba de 2020<\/a><\/li><li><a href=\"https:\/\/www.navarra.es\/documents\/48192\/8428631\/2019+pruebas+especificas+2019.pdf\/0e1030c6-5069-51a7-f0b2-0a1b5d6df2a2?t=1622800614912\" target=\"_blank\" rel=\"noopener\">Prueba de 2019<\/a><\/li><li><a href=\"https:\/\/www.navarra.es\/documents\/48192\/8428631\/2018+Pruebas+espec%C3%ADficas+2018.pdf\/6c027b29-d443-afb2-e471-8d566b96bf00?t=1622800577407\" target=\"_blank\" rel=\"noopener\">Prueba de 2018<\/a><\/li><li><a href=\"https:\/\/www.navarra.es\/documents\/48192\/8428631\/2017+pruebas+espec%C3%ADficas+2017.pdf\/9707aa60-d903-d2f8-68d2-201b1a08f9ed?t=1622800563939\" target=\"_blank\" rel=\"noopener\">Prueba de 2017<\/a><\/li><li><a href=\"https:\/\/www.navarra.es\/documents\/48192\/8428631\/2016+pruebas+especificas+2016.pdf\/67a3a3f2-8be6-b451-3a47-8655cf785e24?t=1622800539372\" target=\"_blank\" rel=\"noopener\">Prueba de 2016<\/a><\/li><\/ul>\t\t\t\t\t\t<\/div>\n\t\t\t\t<\/div>\n\t\t\t\t\t<\/div>\n\t\t<\/div>\n\t\t\t\t\t\t\t<\/div>\n\t\t<\/section>\n\t\t\t\t\t<\/div>\n\t\t<\/div>\n\t\t\t\t\t\t\t<\/div>\n\t\t<\/section>\n\t\t\t\t\t\t\t<\/div>\n\t\t","protected":false},"excerpt":{"rendered":"<p>ACCESO A ESTUDIOS SUPERIORES DE DISE\u00d1O Acceso directo Quienes est\u00e9n en posesi\u00f3n del T\u00edtulo de T\u00e9cnico Superior de Artes Pl\u00e1sticas y Dise\u00f1o. Inscripci\u00f3n abierta. Acceso mediante Prueba Prueba espec\u00edfica 2026 Plazo de\u00a0 inscripci\u00f3n:\u00a0 del 23 al 31 de marzo Publicado listado provisional de admitidos para realizar la Prueba (ver en la Ficha de tr\u00e1mites)Plazo de [&hellip;]<\/p>\n","protected":false},"author":1,"featured_media":0,"parent":0,"menu_order":0,"comment_status":"closed","ping_status":"closed","template":"","meta":{"_genesis_hide_title":false,"_genesis_hide_breadcrumbs":false,"_genesis_hide_singular_image":false,"_genesis_hide_footer_widgets":false,"_genesis_custom_body_class":"","_genesis_custom_post_class":"","_genesis_layout":"","footnotes":""},"_links":{"self":[{"href":"https:\/\/escueladeartesuperior.educacion.navarra.es\/web\/wp-json\/wp\/v2\/pages\/29419"}],"collection":[{"href":"https:\/\/escueladeartesuperior.educacion.navarra.es\/web\/wp-json\/wp\/v2\/pages"}],"about":[{"href":"https:\/\/escueladeartesuperior.educacion.navarra.es\/web\/wp-json\/wp\/v2\/types\/page"}],"author":[{"embeddable":true,"href":"https:\/\/escueladeartesuperior.educacion.navarra.es\/web\/wp-json\/wp\/v2\/users\/1"}],"replies":[{"embeddable":true,"href":"https:\/\/escueladeartesuperior.educacion.navarra.es\/web\/wp-json\/wp\/v2\/comments?post=29419"}],"version-history":[{"count":385,"href":"https:\/\/escueladeartesuperior.educacion.navarra.es\/web\/wp-json\/wp\/v2\/pages\/29419\/revisions"}],"predecessor-version":[{"id":54278,"href":"https:\/\/escueladeartesuperior.educacion.navarra.es\/web\/wp-json\/wp\/v2\/pages\/29419\/revisions\/54278"}],"wp:attachment":[{"href":"https:\/\/escueladeartesuperior.educacion.navarra.es\/web\/wp-json\/wp\/v2\/media?parent=29419"}],"curies":[{"name":"wp","href":"https:\/\/api.w.org\/{rel}","templated":true}]}}