{"id":29415,"date":"2019-04-09T14:08:02","date_gmt":"2019-04-09T12:08:02","guid":{"rendered":"http:\/\/www.escueladeartepamplona.com\/?page_id=29415"},"modified":"2026-03-23T15:57:10","modified_gmt":"2026-03-23T14:57:10","slug":"estudios-superiores-de-diseno-de-interiores","status":"publish","type":"page","link":"https:\/\/escueladeartesuperior.educacion.navarra.es\/web\/estudios\/estudios-superiores-de-diseno-de-interiores\/","title":{"rendered":"Estudios Superiores de Dise\u00f1o de Interiores"},"content":{"rendered":"\t\t<div data-elementor-type=\"wp-page\" data-elementor-id=\"29415\" class=\"elementor elementor-29415\" data-elementor-post-type=\"page\">\n\t\t\t\t\t\t\t\t\t<section class=\"elementor-section elementor-top-section elementor-element elementor-element-161b6f8 elementor-section-boxed elementor-section-height-default elementor-section-height-default\" data-id=\"161b6f8\" data-element_type=\"section\" data-settings=\"{&quot;background_background&quot;:&quot;classic&quot;}\">\n\t\t\t\t\t\t<div class=\"elementor-container elementor-column-gap-default\">\n\t\t\t\t\t<div class=\"elementor-column elementor-col-33 elementor-top-column elementor-element elementor-element-406319c\" data-id=\"406319c\" data-element_type=\"column\">\n\t\t\t<div class=\"elementor-widget-wrap elementor-element-populated\">\n\t\t\t\t\t\t\t\t<div class=\"elementor-element elementor-element-f3b54c4 elementor-widget elementor-widget-image\" data-id=\"f3b54c4\" data-element_type=\"widget\" data-widget_type=\"image.default\">\n\t\t\t\t<div class=\"elementor-widget-container\">\n\t\t\t\t\t\t\t\t\t\t\t\t\t\t\t<img fetchpriority=\"high\" decoding=\"async\" width=\"294\" height=\"600\" src=\"https:\/\/escueladeartesuperior.educacion.navarra.es\/web\/wp-content\/uploads\/2024\/04\/EESS-Interiores_portada.png\" class=\"attachment-large size-large wp-image-47866\" alt=\"\" srcset=\"https:\/\/escueladeartesuperior.educacion.navarra.es\/web\/wp-content\/uploads\/2024\/04\/EESS-Interiores_portada.png 294w, https:\/\/escueladeartesuperior.educacion.navarra.es\/web\/wp-content\/uploads\/2024\/04\/EESS-Interiores_portada-147x300.png 147w\" sizes=\"(max-width: 294px) 100vw, 294px\" \/>\t\t\t\t\t\t\t\t\t\t\t\t\t\t\t<\/div>\n\t\t\t\t<\/div>\n\t\t\t\t\t<\/div>\n\t\t<\/div>\n\t\t\t\t<div class=\"elementor-column elementor-col-66 elementor-top-column elementor-element elementor-element-75ce8e4\" data-id=\"75ce8e4\" data-element_type=\"column\">\n\t\t\t<div class=\"elementor-widget-wrap elementor-element-populated\">\n\t\t\t\t\t\t\t\t<div class=\"elementor-element elementor-element-22a6a96 elementor-widget elementor-widget-heading\" data-id=\"22a6a96\" data-element_type=\"widget\" data-widget_type=\"heading.default\">\n\t\t\t\t<div class=\"elementor-widget-container\">\n\t\t\t<h3 class=\"elementor-heading-title elementor-size-default\">\u00bfPor qu\u00e9 estudiar Dise\u00f1o de interiores?<\/h3>\t\t<\/div>\n\t\t\t\t<\/div>\n\t\t\t\t<div class=\"elementor-element elementor-element-450653a elementor-widget elementor-widget-text-editor\" data-id=\"450653a\" data-element_type=\"widget\" data-widget_type=\"text-editor.default\">\n\t\t\t\t<div class=\"elementor-widget-container\">\n\t\t\t\t\t\t\t<div>El Disen\u0303o de Interiores es el arte de acondicionar y decorar los espacios interiores de la arquitectura. Mediante el an\u00e1lisis y la investigaci\u00f3n se pretende conseguir \u00e1mbitos que concilien lo este\u0301tico con lo funcional, y lo pra\u0301ctico con lo sugerente.<\/div><div>Cursando estos estudios, se aprende a desarrollar las capacidades de imaginar, crear y materializar ambientes dentro de un espacio. Asimismo, se ense\u00f1an destrezas para dotar a estos espacios de una utilidad y una armoni\u0301a visual que los hagan aptos para el uso que se les va a dar.<\/div>\t\t\t\t\t\t<\/div>\n\t\t\t\t<\/div>\n\t\t\t\t<div class=\"elementor-element elementor-element-40ed9f5 elementor-widget elementor-widget-text-editor\" data-id=\"40ed9f5\" data-element_type=\"widget\" data-widget_type=\"text-editor.default\">\n\t\t\t\t<div class=\"elementor-widget-container\">\n\t\t\t\t\t\t\t<p><strong>Salidas profesionales<\/strong><\/p><p>Dise\u00f1o de:<\/p><ul><li>Espacios de relacio\u0301n y descanso: Vivienda y alojamientos<\/li><li>Entornos para el aprendizajey la cultura: Escuelas, Centros Culturales, Teatros<\/li><li>Ambientes lu\u0301dicos y de ocio: Hosteleri\u0301a, Comercios, Centros deportivos<\/li><li>Lugares de trabajo y creacio\u0301n: Oficinas, Talleres, A\u0301mbitos administrativos<\/li><li>Direcci\u00f3n de equipos de proyectos y de ejecucio\u0301n de obras de disen\u0303o de interiores.<\/li><li>Coordinaci\u00f3n de gremios, e interlocuci\u00f3n ante las administraciones pu\u0301blicas en el a\u0301mbito del Interiorismo.<\/li><\/ul>\t\t\t\t\t\t<\/div>\n\t\t\t\t<\/div>\n\t\t\t\t<div class=\"elementor-element elementor-element-885f6da elementor-widget elementor-widget-text-editor\" data-id=\"885f6da\" data-element_type=\"widget\" data-widget_type=\"text-editor.default\">\n\t\t\t\t<div class=\"elementor-widget-container\">\n\t\t\t\t\t\t\t<div><em style=\"text-align: justify;\"><a href=\"https:\/\/escueladeartesuperior.educacion.navarra.es\/web\/alumnado\/requisitos-de-material-a-aportar-por-el-alumnado\/#req-gs\">Material necesario<\/a>&nbsp;para cursar estos estudios.<\/em><br><\/div>\t\t\t\t\t\t<\/div>\n\t\t\t\t<\/div>\n\t\t\t\t\t<\/div>\n\t\t<\/div>\n\t\t\t\t\t\t\t<\/div>\n\t\t<\/section>\n\t\t\t\t<section class=\"elementor-section elementor-top-section elementor-element elementor-element-b65b9d6 elementor-section-boxed elementor-section-height-default elementor-section-height-default\" data-id=\"b65b9d6\" data-element_type=\"section\">\n\t\t\t\t\t\t<div class=\"elementor-container elementor-column-gap-default\">\n\t\t\t\t\t<div class=\"elementor-column elementor-col-100 elementor-top-column elementor-element elementor-element-4ba27b4\" data-id=\"4ba27b4\" data-element_type=\"column\">\n\t\t\t<div class=\"elementor-widget-wrap elementor-element-populated\">\n\t\t\t\t\t\t\t\t<div class=\"elementor-element elementor-element-5e566c0 elementor-widget elementor-widget-heading\" data-id=\"5e566c0\" data-element_type=\"widget\" data-widget_type=\"heading.default\">\n\t\t\t\t<div class=\"elementor-widget-container\">\n\t\t\t<h2 class=\"elementor-heading-title elementor-size-default\">Materias que se imparten<\/h2>\t\t<\/div>\n\t\t\t\t<\/div>\n\t\t\t\t\t<\/div>\n\t\t<\/div>\n\t\t\t\t\t\t\t<\/div>\n\t\t<\/section>\n\t\t\t\t<section class=\"elementor-section elementor-top-section elementor-element elementor-element-6bd2251 elementor-section-boxed elementor-section-height-default elementor-section-height-default\" data-id=\"6bd2251\" data-element_type=\"section\">\n\t\t\t\t\t\t<div class=\"elementor-container elementor-column-gap-default\">\n\t\t\t\t\t<div class=\"elementor-column elementor-col-100 elementor-top-column elementor-element elementor-element-8858437\" data-id=\"8858437\" data-element_type=\"column\">\n\t\t\t<div class=\"elementor-widget-wrap elementor-element-populated\">\n\t\t\t\t\t\t\t\t<div class=\"elementor-element elementor-element-bfa62c8 elementor-tabs-view-horizontal elementor-widget elementor-widget-tabs\" data-id=\"bfa62c8\" data-element_type=\"widget\" data-widget_type=\"tabs.default\">\n\t\t\t\t<div class=\"elementor-widget-container\">\n\t\t\t\t\t<div class=\"elementor-tabs\">\n\t\t\t<div class=\"elementor-tabs-wrapper\" role=\"tablist\" >\n\t\t\t\t\t\t\t\t\t<div id=\"elementor-tab-title-2001\" class=\"elementor-tab-title elementor-tab-desktop-title\" aria-selected=\"true\" data-tab=\"1\" role=\"tab\" tabindex=\"0\" aria-controls=\"elementor-tab-content-2001\" aria-expanded=\"false\">Curso 1\u00ba<\/div>\n\t\t\t\t\t\t\t\t\t<div id=\"elementor-tab-title-2002\" class=\"elementor-tab-title elementor-tab-desktop-title\" aria-selected=\"false\" data-tab=\"2\" role=\"tab\" tabindex=\"-1\" aria-controls=\"elementor-tab-content-2002\" aria-expanded=\"false\">Curso 2\u00ba<\/div>\n\t\t\t\t\t\t\t\t\t<div id=\"elementor-tab-title-2003\" class=\"elementor-tab-title elementor-tab-desktop-title\" aria-selected=\"false\" data-tab=\"3\" role=\"tab\" tabindex=\"-1\" aria-controls=\"elementor-tab-content-2003\" aria-expanded=\"false\">Curso 3\u00ba<\/div>\n\t\t\t\t\t\t\t\t\t<div id=\"elementor-tab-title-2004\" class=\"elementor-tab-title elementor-tab-desktop-title\" aria-selected=\"false\" data-tab=\"4\" role=\"tab\" tabindex=\"-1\" aria-controls=\"elementor-tab-content-2004\" aria-expanded=\"false\">Curso 4\u00ba<\/div>\n\t\t\t\t\t\t\t<\/div>\n\t\t\t<div class=\"elementor-tabs-content-wrapper\" role=\"tablist\" aria-orientation=\"vertical\">\n\t\t\t\t\t\t\t\t\t<div class=\"elementor-tab-title elementor-tab-mobile-title\" aria-selected=\"true\" data-tab=\"1\" role=\"tab\" tabindex=\"0\" aria-controls=\"elementor-tab-content-2001\" aria-expanded=\"false\">Curso 1\u00ba<\/div>\n\t\t\t\t\t<div id=\"elementor-tab-content-2001\" class=\"elementor-tab-content elementor-clearfix\" data-tab=\"1\" role=\"tabpanel\" aria-labelledby=\"elementor-tab-title-2001\" tabindex=\"0\" hidden=\"false\"><ul>\n \t<li>\n<div class=\"seccion\">\n<div class=\"titulo\">\n<p class=\"titulo\">Dise\u00f1o b\u00e1sico (6 ECTS)<\/p>\n\n<\/div>\n<div class=\"informacion2\">\n<p class=\"informacion\"><strong>ESIN_FDI1<\/strong>\nEstudio de conceptos b\u00e1sicos de dise\u00f1o: color, estructura, forma, espacio y volumen. An\u00e1lisis del dise\u00f1o. El dibujo como elemento imprescindible durante todo el proceso creativo.<\/p>\n\n<\/div>\n<\/div><\/li>\n \t<li>\n<div class=\"seccion\">\n<div class=\"titulo\">\n<p class=\"titulo\">Proyectos b\u00e1sicos (6 ECTS)<\/p>\n\n<\/div>\n<div class=\"informacion2\">\n<p class=\"informacion\"><strong>ESIN_PBA1<\/strong>\nIntroducci\u00f3n al proceso y metodolog\u00eda del proyecto mediante proyectos reales en espacios sencillos.<\/p>\n\n<\/div>\n<\/div><\/li>\n \t<li>\n<div class=\"seccion\">\n<div class=\"titulo\">\n<p class=\"titulo\">Sistemas de representaci\u00f3n (6 ECTS)<\/p>\n\n<\/div>\n<div class=\"informacion2\">\n<p class=\"informacion\"><strong>ESIN_RLT1<\/strong>\nM\u00e9todos para la generaci\u00f3n de formas volum\u00e9tricas y su representaci\u00f3n a trav\u00e9s del dibujo. Asignatura de car\u00e1cter pr\u00e1ctico. Introducci\u00f3n al dibujo. t\u00e9cnicas,\u00a0 como grafito, marcadores, l\u00e1pices de colores y carboncillo, creaci\u00f3n de herramientas adaptadas al curso.<\/p>\n\n<\/div>\n<\/div><\/li>\n \t<li>\n<div class=\"seccion\">\n<div class=\"titulo\">\n<p class=\"titulo\">Dibujo y t\u00e9cnicas gr\u00e1ficas (6 ECTS)<\/p>\n\n<\/div>\n<div class=\"informacion2\">\n<p class=\"informacion\"><strong>ESIN_DIB1<\/strong>\nLa pr\u00e1ctica del dibujo como herramienta b\u00e1sica para desarrollar cualquier proyecto. Combinaci\u00f3n de diferentes t\u00e9cnicas.<\/p>\n\n<\/div>\n<\/div><\/li>\n \t<li>\n<div class=\"seccion\">\n<div class=\"titulo\">\n<p class=\"titulo\">Color (4 ECTS)<\/p>\n\n<\/div>\n<div class=\"informacion2\">\n<p class=\"informacion\"><strong>ESIN_COL1<\/strong>\nEstudio del color, clasificaci\u00f3n y escalas crom\u00e1ticas. \u00a0Color plano, gradientes y texturas. Armon\u00eda y contraste. Paletas de colores. Estudio de t\u00e9cnicas tradicionales y digitales. Se enfatiza en el proceso de trabajo\u00a0 para hacerlo lo m\u00e1s anal\u00edtico y creativo posible, mediante notas, bocetos y estudios, siempre adaptados al interiorismo.<\/p>\n\n<\/div>\n<\/div><\/li>\n \t<li>\n<div class=\"seccion\">\n<div class=\"titulo\">\n<p class=\"titulo\">Espacio y volumen (6 ECTS)<\/p>\n\n<\/div>\n<div class=\"informacion2\">\n<p class=\"informacion\"><strong>ESIN_VOL1<\/strong>\nAn\u00e1lisis y desarrollo del concepto de volumen. Los vol\u00famenes se proyectar\u00e1n seg\u00fan su ubicaci\u00f3n,\nobjetivo, dimensi\u00f3n, escala, proporci\u00f3n, equilibrio, estructura, color y textura, como conceptos esenciales junto con la creatividad.<\/p>\n\n<\/div>\n<\/div><\/li>\n \t<li>\n<div class=\"seccion\">\n<div class=\"titulo\">\n<p class=\"titulo\">Lenguajes y t\u00e9cnicas digitales (6 ECTS)<\/p>\n\n<\/div>\n<div class=\"informacion2\">\n<p class=\"informacion\"><strong>ESIN_TDI1<\/strong>\nIntroducci\u00f3n al uso de software espec\u00edfico a trav\u00e9s del proceso de dise\u00f1o. El uso de programas de\nrepresentaci\u00f3n 2-D y 3D.<\/p>\n\n<\/div>\n<\/div><\/li>\n \t<li>\n<div class=\"seccion\">\n<div class=\"titulo\">\n<p class=\"titulo\">Fotograf\u00eda y medios audiovisuales (4 ECTS)<\/p>\n\n<\/div>\n<div class=\"informacion2\">\n<p class=\"informacion\"><strong>ESIN_FOT1<\/strong>\nEstudio del uso de c\u00e1mara e iluminaci\u00f3n de un modelo. Aspectos de postproducci\u00f3n necesarios para el dise\u00f1o de interiores.<\/p>\n\n<\/div>\n<\/div><\/li>\n \t<li>\n<div class=\"seccion\">\n<div class=\"titulo\">\n<p class=\"titulo\">Ciencia aplicada al dise\u00f1o (6 ECTS)<\/p>\n\n<\/div>\n<div class=\"informacion2\">\n<p class=\"informacion\"><strong>ESIN_CIE1<\/strong>\nDesarrollo de la ciencia aplicada a los materiales de construcci\u00f3n: naturaleza f\u00edsica y qu\u00edmica, caracter\u00edsticas y propiedades . Dotar a los y las estudiantes, con conocimientos y herramientas suficientes para abordar con \u00e9xito sus proyectos de decoraci\u00f3n.<\/p>\n\n<\/div>\n<\/div><\/li>\n \t<li>\n<div class=\"seccion\">\n<div class=\"titulo\">\n<p class=\"titulo\">Historia de las Artes y el Dise\u00f1o (6 ECTS)<\/p>\n\n<\/div>\n<div class=\"informacion2\">\n<p class=\"informacion\"><strong>ESIN_HIS1<\/strong>\nEstudio del interiorismo, la arquitectura y el dise\u00f1o desde el siglo XIX, hasta la sociedad de principios del siglo XXI y las formas de creaci\u00f3n contempor\u00e1neas.<\/p>\n\n<\/div>\n<\/div><\/li>\n \t<li>\n<div class=\"seccion\">\n<div class=\"titulo\">\n<p class=\"titulo\">Ingl\u00e9s t\u00e9cnico (4 ECTS)<\/p>\n\n<\/div>\n<div class=\"informacion2\">\n<p class=\"informacion\"><strong>ESIN_ENG1<\/strong>\nMejora de las habilidades comunicativas en ingl\u00e9s dentro en el \u00e1mbito profesional. Vocabulario espec\u00edfico. Se estudia, revisa y refuerza, la gram\u00e1tica previamente adquirida, as\u00ed como las habilidades comunicativas.<\/p>\n\n<\/div>\n<\/div><\/li>\n<\/ul><\/div>\n\t\t\t\t\t\t\t\t\t<div class=\"elementor-tab-title elementor-tab-mobile-title\" aria-selected=\"false\" data-tab=\"2\" role=\"tab\" tabindex=\"-1\" aria-controls=\"elementor-tab-content-2002\" aria-expanded=\"false\">Curso 2\u00ba<\/div>\n\t\t\t\t\t<div id=\"elementor-tab-content-2002\" class=\"elementor-tab-content elementor-clearfix\" data-tab=\"2\" role=\"tabpanel\" aria-labelledby=\"elementor-tab-title-2002\" tabindex=\"0\" hidden=\"hidden\"><ul>\n \t<li>\n<div class=\"seccion\">\n<div class=\"titulo\">\n<p class=\"titulo\">Materiales (6 ECTS)<\/p>\n\n<\/div>\n<div class=\"informacion2\">\n<p class=\"informacion\"><strong>ESIN_MAT2<\/strong>\nEstudio de los materiales utilizados en proyectos de dise\u00f1o de interiores;\ncaracter\u00edsticas, resistencia, tratamientos, usos.<\/p>\n\n<\/div>\n<\/div><\/li>\n \t<li>\n<div class=\"seccion\">\n<div class=\"titulo\">\n<p class=\"titulo\">Construcci\u00f3n (6 ECTS<\/p>\n\n<\/div>\n<div class=\"informacion2\">\n<p class=\"informacion\"><strong>ESIN_CON2<\/strong>\nRevisi\u00f3n de materiales y elaboraci\u00f3n de detalles constructivos sencillos en pisos, revestimientos de paredes y techos.<\/p>\n\n<\/div>\n<\/div><\/li>\n \t<li>\n<div class=\"seccion\">\n<div class=\"titulo\">\n<p class=\"titulo\">Instalaciones y Sistemas (6 ECTS)<\/p>\n\n<\/div>\n<div class=\"informacion2\">\n<p class=\"informacion\"><strong>ESIN_INS2<\/strong>\nC\u00e1lculo y elaboraci\u00f3n de planos de instalaci\u00f3n: drenaje, alcantarillado,\ncalefacci\u00f3n, fontaner\u00eda, electricidad,\nIluminaci\u00f3n y aire acondicionado.<\/p>\n\n<\/div>\n<\/div><\/li>\n \t<li>\n<div class=\"seccion\">\n<div class=\"titulo\">\n<p class=\"titulo\">Tecnolog\u00eda digital aplicada al Dise\u00f1o de Interiores (8 ECTS)<\/p>\n\n<\/div>\n<div class=\"informacion2\">\n<div class=\"informacion2\">\n<p class=\"informacion\"><strong>ESIN_DIG2<\/strong>\nContinuaci\u00f3n de \u201cT\u00e9cnicas digitales\u201d. Animaci\u00f3n, renderizado y uso de\u00a0t\u00e9cnicas infogr\u00e1ficas para\nconstruir dibujos t\u00e9cnicos.<\/p>\n\n<\/div>\n<\/div>\n<\/div><\/li>\n \t<li>\n<div class=\"seccion\">\n<div class=\"titulo\">\n<p class=\"titulo\">Historia del Dise\u00f1o de Interiores (6 ECTS)<\/p>\n\n<\/div>\n<div class=\"informacion2\">\n<p class=\"informacion\"><strong>ESIN_HIS2<\/strong>\nHistoria del interiorismo 2 propone el estudio evolutivo del espacio y aspectos decorativos desde el barroco hasta 1900, integr\u00e1ndolos en el contexto social, cultural, art\u00edstico y arquitect\u00f3nico.<\/p>\n\n<\/div>\n<\/div><\/li>\n \t<li>\n<div class=\"seccion\">\n<div class=\"titulo\">\n<p class=\"titulo\">Proyecto de Dise\u00f1o de Interiores I (6 ECTS)<\/p>\n\n<\/div>\n<div class=\"informacion2\">\n<p class=\"informacion\"><strong>ESIN_PROI2<\/strong>\nAn\u00e1lisis y rendimiento de reales.\u00a0 Proyectos ubicados en espacios dom\u00e9sticos.<\/p>\n\n<\/div>\n<\/div><\/li>\n \t<li>\n<div class=\"seccion\">\n<div class=\"titulo\">\n<p class=\"titulo\">Proyecto de Dise\u00f1o de Interiores II (8 ECTS)<\/p>\n\n<\/div>\n<div class=\"informacion2\">\n<p class=\"informacion\"><strong>ESIN_PROII2<\/strong>\nAn\u00e1lisis y rendimiento de\nproyectos reales ubicados en espacios comerciales.<\/p>\n\n<\/div>\n<\/div><\/li>\n \t<li>\n<div class=\"seccion\">\n<div class=\"titulo\">\n<p class=\"titulo\">Proyecto de Dise\u00f1o de Interiores III (8 ECTS)<\/p>\n\n<\/div>\n<div class=\"informacion2\">\n<p class=\"informacion\"><strong>ESIN_PROIII2<\/strong>\nMetodolog\u00eda\u00a0 de proyecto aplicado a\nespacios expositivos de car\u00e1cter permanente y car\u00e1cter ef\u00edmero.<\/p>\n\n<\/div>\n<\/div><\/li>\n \t<li>\n<div class=\"seccion\">\n<div class=\"titulo\">\n<p class=\"titulo\">Cultura del Dise\u00f1o (6 ECTS)<\/p>\n\n<\/div>\n<div class=\"informacion2\">\n<p class=\"informacion\"><strong>ESIN_CUL2<\/strong>\nEstudio de la cultura en el dise\u00f1o y sociedad contempor\u00e1nea. Diferentes perspectivas (semiolog\u00eda, est\u00e9tica, sociolog\u00eda, antropolog\u00eda) y relaciones del dise\u00f1o con otros \u00e1mbitos culturales (cine, literatura, moda, dise\u00f1o gr\u00e1fico, arquitectura).<\/p>\n\n<\/div>\n<\/div><\/li>\n<\/ul><\/div>\n\t\t\t\t\t\t\t\t\t<div class=\"elementor-tab-title elementor-tab-mobile-title\" aria-selected=\"false\" data-tab=\"3\" role=\"tab\" tabindex=\"-1\" aria-controls=\"elementor-tab-content-2003\" aria-expanded=\"false\">Curso 3\u00ba<\/div>\n\t\t\t\t\t<div id=\"elementor-tab-content-2003\" class=\"elementor-tab-content elementor-clearfix\" data-tab=\"3\" role=\"tabpanel\" aria-labelledby=\"elementor-tab-title-2003\" tabindex=\"0\" hidden=\"hidden\"><ul><li><div class=\"seccion\"><div class=\"titulo\"><hr \/><p class=\"titulo\">Patolog\u00edas de la Edificaci\u00f3n, Mantenimiento y Rehabilitaci\u00f3n (4 ECTS)<\/p><\/div><div class=\"informacion2\"><p class=\"informacion\">Esta asignatura aporta conocimientos t\u00e9cnicos para diagnosticar y rehabilitar edificios, actuando como un puente para la innovaci\u00f3n que permite al profesional gestionar la interdependencia con los gremios.<\/p><\/div><\/div><\/li><li><div class=\"seccion\"><div class=\"titulo\"><p class=\"titulo\">Materiales II (4 ECTS)<\/p><\/div><div class=\"informacion2\"><p class=\"informacion\">Materiales II capacita al alumno en el an\u00e1lisis t\u00e9cnico y est\u00e9tico de los materiales constructivos, permiti\u00e9ndole gestionar con rigor un proyecto profesional.<\/p><\/div><\/div><\/li><li><div class=\"seccion\"><div class=\"titulo\"><p class=\"titulo\">Instalaciones y Sistemas II (8 ECTS)<\/p><\/div><div class=\"informacion2\"><p class=\"informacion\">Instalaciones y Sistemas II aporta los conocimientos t\u00e9cnicos y normativos esenciales para gestionar la interdependencia con los gremios y transformar el \u00abdeseo\u00bb del dise\u00f1o en una realidad tangible y funcional dentro de un mercado competitivo.<\/p><\/div><\/div><\/li><li><div class=\"seccion\"><div class=\"titulo\"><p class=\"titulo\">Construcciones II (6 ECTS)<\/p><\/div><div class=\"informacion2\"><p class=\"informacion\">Construcci\u00f3n II proporciona el lenguaje t\u00e9cnico y normativo necesario para materializar proyectos reales.<\/p><\/div><\/div><\/li><li><div class=\"seccion\"><div class=\"titulo\"><p class=\"titulo\">Proyecto de Dise\u00f1o de Interiores IV (8 ECTS)<\/p><\/div><div class=\"informacion2\"><p class=\"informacion\">Proyecto de Dise\u00f1o de Interiores IV profundiza en la rehabilitaci\u00f3n de espacios preexistentes, capacitando al alumno para gestionar el entorno construido.<\/p><\/div><\/div><\/li><li><div class=\"seccion\"><div class=\"titulo\"><p class=\"titulo\">Proyecto de Dise\u00f1o de Interiores V (8 ECTS)<\/p><\/div><div class=\"informacion2\"><p class=\"informacion\">Proyecto de Dise\u00f1o de Interiores V integra la investigaci\u00f3n y la innovaci\u00f3n para proyectar elementos industrializables, valorando de su viabilidad y sostenibilidad en el mercado actual.<\/p><\/div><\/div><\/li><li><div class=\"seccion\"><div class=\"titulo\"><p class=\"titulo\">Mediciones y presupuestos (6 ECTS)<\/p><\/div><div class=\"informacion2\"><p class=\"informacion\">Mediciones y presupuestos dota al alumnado de las herramientas t\u00e9cnicas para el an\u00e1lisis de costes y la valoraci\u00f3n de obra.<\/p><\/div><\/div><\/li><li><div class=\"seccion\"><div class=\"titulo\"><p class=\"titulo\">Gesti\u00f3n del dise\u00f1o (4 ECTS)<\/p><\/div><div class=\"informacion2\"><p class=\"informacion\">La asignatura de gesti\u00f3n del dise\u00f1o act\u00faa como un puente fundamental para la innovaci\u00f3n y la adaptaci\u00f3n al mercado, integrando la organizaci\u00f3n empresarial, el marketing y la protecci\u00f3n de la propiedad intelectual en el proceso creativo.<\/p><\/div><\/div><\/li><li><div class=\"seccion\"><div class=\"titulo\"><p class=\"titulo\">Optativas (12 ECTS)<\/p><\/div><div class=\"informacion2\"><p><span style=\"color: #666699;\"><strong>Maquetas<\/strong><\/span><\/p><p class=\"informacion\">Esta asignatura de car\u00e1cter pr\u00e1ctico y experimental utiliza representaciones tridimensionales (anal\u00f3gicas y digitales) para validar dimensiones, proporciones, calidades, la luz\u2026 integr\u00e1ndose como una herramienta dentro de la metodolog\u00eda de trabajo para confrontar el dise\u00f1o con la realidad f\u00edsica.<br \/><span style=\"color: #666699;\"><strong>Dise\u00f1o de Espacios Comerciales y Escaparatismo<\/strong><\/span><\/p><p class=\"informacion\">Dise\u00f1o de Espacios Comerciales y Escaparatismo act\u00faa como un puente comunicativo que integra el marketing y la innovaci\u00f3n para adaptar la identidad de marca a un mercado competitivo.<\/p><p class=\"informacion\"><span style=\"color: #666699;\"><strong>Comunicaci\u00f3n visual aplicada al dise\u00f1o de interiores<\/strong><\/span><\/p><p class=\"informacion\">Comunicaci\u00f3n visual aplicada al dise\u00f1o de interiores integra el branding y la identidad en el espacio como un puente para la innovaci\u00f3n.<\/p><\/div><\/div><\/li><\/ul><\/div>\n\t\t\t\t\t\t\t\t\t<div class=\"elementor-tab-title elementor-tab-mobile-title\" aria-selected=\"false\" data-tab=\"4\" role=\"tab\" tabindex=\"-1\" aria-controls=\"elementor-tab-content-2004\" aria-expanded=\"false\">Curso 4\u00ba<\/div>\n\t\t\t\t\t<div id=\"elementor-tab-content-2004\" class=\"elementor-tab-content elementor-clearfix\" data-tab=\"4\" role=\"tabpanel\" aria-labelledby=\"elementor-tab-title-2004\" tabindex=\"0\" hidden=\"hidden\"><ul><li><div class=\"seccion\"><div class=\"titulo\"><p class=\"titulo\">Direcci\u00f3n y ejecuci\u00f3n de obras (8 ECTS)<\/p><\/div><div class=\"informacion2\"><p class=\"informacion\">Esta asignatura forma al interiorista para coordinar y gestionar proyectos reales, actuando como un puente fundamental de cara al mercado laboral.<\/p><\/div><\/div><\/li><li><div class=\"seccion\"><div class=\"titulo\"><p class=\"titulo\">Gesti\u00f3n del Dise\u00f1o de Interiores (8 ECTS)<\/p><\/div><div class=\"informacion2\"><p class=\"informacion\">Esta asignatura act\u00faa como un puente para la innovaci\u00f3n, integrando la realidad social y burocr\u00e1tica en el proceso creativo para adaptar al profesional al mercado actual.<\/p><\/div><\/div><\/li><li><div class=\"seccion\"><div class=\"titulo\"><p class=\"titulo\">Optativas (12 ECTS)<\/p><\/div><div class=\"informacion2\"><p class=\"informacion\"><span style=\"color: #666699;\"><strong>Portfolio Web<\/strong><\/span><\/p><p class=\"informacion\">Porfolio web act\u00faa como un puente digital esencial para la innovaci\u00f3n y la difusi\u00f3n profesional, permitiendo al dise\u00f1ador proyectar su \u00absavoir-faire\u00bb y proteger su trabajo en un mercado altamente competitivo.<\/p><p class=\"informacion\"><span style=\"color: #666699;\"><strong>Dise\u00f1o de Cocinas, Ba\u00f1os y Espacios de Hosteler\u00eda<\/strong><\/span><\/p><p class=\"informacion\">Esta asignatura gestiona la innovaci\u00f3n en espacios t\u00e9cnicos y viables adaptados a las exigencias del mercado competitivo del hogar y la hosteler\u00eda.<\/p><p class=\"informacion\"><span style=\"color: #666699;\"><strong>Jardiner\u00eda aplicada al dise\u00f1o de interiores<\/strong><\/span><\/p><p class=\"informacion\">Esta asignatura act\u00faa como un puente para la innovaci\u00f3n sostenible, permitiendo al dise\u00f1ador equilibrar el \u00abdeseo\u00bb creativo con la \u00abrealidad\u00bb. Facilita la adaptaci\u00f3n a un mercado competitivo mediante proyectos que integran la est\u00e9tica funcional y la necesaria interdependencia con los gremios.<\/p><\/div><\/div><\/li><li><div class=\"seccion\"><div class=\"titulo\"><p class=\"titulo\">Pr\u00e1cticas externas (12 ECTS)<\/p><\/div><div class=\"informacion2\"><p class=\"informacion\">Las pr\u00e1cticas externas funcionan como el puente definitivo hacia el mercado laboral, permitiendo al alumno confrontar el futuro profesional.<\/p><\/div><\/div><\/li><li><div class=\"seccion\"><div class=\"titulo\"><p class=\"titulo\">Trabajo Fin de estudios (20 ECTS)<\/p><\/div><div class=\"informacion2\"><p class=\"informacion\">El Trabajo Fin de Estudios integra la metodolog\u00eda y fases proyectuales para transformar el \u00abdeseo\u00bb creativo en una \u00abrealidad\u00bb profesional y tangible.<\/p><\/div><\/div><\/li><\/ul><\/div>\n\t\t\t\t\t\t\t<\/div>\n\t\t<\/div>\n\t\t\t\t<\/div>\n\t\t\t\t<\/div>\n\t\t\t\t\t<\/div>\n\t\t<\/div>\n\t\t\t\t\t\t\t<\/div>\n\t\t<\/section>\n\t\t\t\t<section class=\"elementor-section elementor-top-section elementor-element elementor-element-aedbe33 elementor-section-boxed elementor-section-height-default elementor-section-height-default\" data-id=\"aedbe33\" data-element_type=\"section\">\n\t\t\t\t\t\t<div class=\"elementor-container elementor-column-gap-default\">\n\t\t\t\t\t<div class=\"elementor-column elementor-col-100 elementor-top-column elementor-element elementor-element-4aec3f0\" data-id=\"4aec3f0\" data-element_type=\"column\">\n\t\t\t<div class=\"elementor-widget-wrap elementor-element-populated\">\n\t\t\t\t\t\t\t\t<div class=\"elementor-element elementor-element-2b611cc elementor-widget elementor-widget-video\" data-id=\"2b611cc\" data-element_type=\"widget\" data-settings=\"{&quot;video_type&quot;:&quot;vimeo&quot;}\" data-widget_type=\"video.default\">\n\t\t\t\t<div class=\"elementor-widget-container\">\n\t\t\t\t\t<div class=\"elementor-wrapper elementor-open-inline\">\n\t\t\t<iframe class=\"elementor-video-iframe\" allowfullscreen title=\"vimeo Video Player\" src=\"https:\/\/player.vimeo.com\/video\/824085676?color&amp;autopause=0&amp;loop=0&amp;muted=0&amp;title=1&amp;portrait=1&amp;byline=1&amp;h=c1fcfcf90f#t=\"><\/iframe>\t\t<\/div>\n\t\t\t\t<\/div>\n\t\t\t\t<\/div>\n\t\t\t\t<div class=\"elementor-element elementor-element-8d4cecd elementor-widget elementor-widget-heading\" data-id=\"8d4cecd\" data-element_type=\"widget\" data-widget_type=\"heading.default\">\n\t\t\t\t<div class=\"elementor-widget-container\">\n\t\t\t<h1 class=\"elementor-heading-title elementor-size-default\">Informaci\u00f3n acad\u00e9mica<\/h1>\t\t<\/div>\n\t\t\t\t<\/div>\n\t\t\t\t<div class=\"elementor-element elementor-element-bddc18f elementor-widget elementor-widget-heading\" data-id=\"bddc18f\" data-element_type=\"widget\" data-widget_type=\"heading.default\">\n\t\t\t\t<div class=\"elementor-widget-container\">\n\t\t\t<h3 class=\"elementor-heading-title elementor-size-default\">DISE\u00d1O DE INTERIORES<\/h3>\t\t<\/div>\n\t\t\t\t<\/div>\n\t\t\t\t\t<\/div>\n\t\t<\/div>\n\t\t\t\t\t\t\t<\/div>\n\t\t<\/section>\n\t\t\t\t<section class=\"elementor-section elementor-top-section elementor-element elementor-element-521aa3d elementor-section-boxed elementor-section-height-default elementor-section-height-default\" data-id=\"521aa3d\" data-element_type=\"section\">\n\t\t\t\t\t\t<div class=\"elementor-container elementor-column-gap-default\">\n\t\t\t\t\t<div class=\"elementor-column elementor-col-100 elementor-top-column elementor-element elementor-element-7207012\" data-id=\"7207012\" data-element_type=\"column\">\n\t\t\t<div class=\"elementor-widget-wrap elementor-element-populated\">\n\t\t\t\t\t\t\t\t<div class=\"elementor-element elementor-element-9a71b45 elementor-widget elementor-widget-accordion\" data-id=\"9a71b45\" data-element_type=\"widget\" data-widget_type=\"accordion.default\">\n\t\t\t\t<div class=\"elementor-widget-container\">\n\t\t\t\t\t<div class=\"elementor-accordion\">\n\t\t\t\t\t\t\t<div class=\"elementor-accordion-item\">\n\t\t\t\t\t<div id=\"elementor-tab-title-1611\" class=\"elementor-tab-title\" data-tab=\"1\" role=\"button\" aria-controls=\"elementor-tab-content-1611\" aria-expanded=\"false\">\n\t\t\t\t\t\t\t\t\t\t\t\t\t<span class=\"elementor-accordion-icon elementor-accordion-icon-left\" aria-hidden=\"true\">\n\t\t\t\t\t\t\t\t\t\t\t\t\t\t\t<span class=\"elementor-accordion-icon-closed\"><i class=\"fas fa-plus\"><\/i><\/span>\n\t\t\t\t\t\t\t\t<span class=\"elementor-accordion-icon-opened\"><i class=\"fas fa-minus\"><\/i><\/span>\n\t\t\t\t\t\t\t\t\t\t\t\t\t\t<\/span>\n\t\t\t\t\t\t\t\t\t\t\t\t<a class=\"elementor-accordion-title\" tabindex=\"0\">ACCESO<\/a>\n\t\t\t\t\t<\/div>\n\t\t\t\t\t<div id=\"elementor-tab-content-1611\" class=\"elementor-tab-content elementor-clearfix\" data-tab=\"1\" role=\"region\" aria-labelledby=\"elementor-tab-title-1611\"><ul>\n<li style=\"list-style-type: none;\">\n<ul>\n<li>\n<p style=\"margin-top: 0px; margin-bottom: 12pt; color: #000c28; font-family: Raleway, sans-serif; text-align: start;\"><span style=\"line-height: normal;\"><span lang=\"ES-TRAD\" style=\"font-size: 12pt;\"><span style=\"font-family: Arial, sans-serif;\">Para el acceso a las Ense\u00f1anzas Art\u00edsticas Superiores de Dise\u00f1o&nbsp;<\/span><\/span><span style=\"font-size: 12pt;\"><span style=\"background-image: initial; background-position: initial; background-size: initial; background-repeat: initial; background-attachment: initial; background-origin: initial; background-clip: initial;\"><span style=\"font-family: Arial, sans-serif;\">ser\u00e1 preciso reunir los requisitos siguientes:<\/span><\/span><\/span><\/span><\/p>\n<p class=\"xl2\" style=\"margin: 0cm 3.75pt 12pt 0cm; color: #000c28; font-family: Raleway, sans-serif;\"><span style=\"background-image: initial; background-position: initial; background-size: initial; background-repeat: initial; background-attachment: initial; background-origin: initial; background-clip: initial;\"><span style=\"font-family: Arial, sans-serif;\">1.1. Estar en posesi\u00f3n del t\u00edtulo de Bachiller.<\/span><\/span><\/p>\n<p class=\"xl2\" style=\"margin: 0cm 3.75pt 12pt 0cm; color: #000c28; font-family: Raleway, sans-serif;\"><span style=\"background-image: initial; background-position: initial; background-size: initial; background-repeat: initial; background-attachment: initial; background-origin: initial; background-clip: initial;\"><span style=\"font-family: Arial, sans-serif;\">1.2. Haber superado la prueba de acceso a la universidad para mayores de 25 a\u00f1os.<\/span><\/span><\/p>\n<p class=\"xl2\" style=\"margin: 0cm 3.75pt 12pt 0cm; color: #000c28; font-family: Raleway, sans-serif;\"><span style=\"background-image: initial; background-position: initial; background-size: initial; background-repeat: initial; background-attachment: initial; background-origin: initial; background-clip: initial;\"><span style=\"font-family: Arial, sans-serif;\">1.3. Estar en posesi\u00f3n de un T\u00edtulo de Ense\u00f1anzas Art\u00edsticas Superiores, T\u00edtulo Universitario o T\u00edtulo de T\u00e9cnico Superior.<\/span><\/span><\/p>\n<p class=\"xl2\" style=\"margin: 0cm 3.75pt 12pt 0cm; color: #000c28; font-family: Raleway, sans-serif;\"><span style=\"font-family: Arial, sans-serif; font-weight: var( --e-global-typography-text-font-weight );\">2.<\/span><span style=\"font-family: Arial, sans-serif; font-weight: var( --e-global-typography-text-font-weight ); background-image: initial; background-position: initial; background-size: initial; background-repeat: initial; background-attachment: initial; background-origin: initial; background-clip: initial;\">&nbsp;Ser\u00e1 necesario adem\u00e1s superar una Prueba espec\u00edfica de acceso para cada una de las especialidades implantadas que facultar\u00e1, \u00fanicamente, para matricularse en el curso acad\u00e9mico para el que haya sido convocada. El Departamento de Educaci\u00f3n aprobar\u00e1 y publicar\u00e1 las convocatorias de la prueba espec\u00edfica para cada una de las especialidades implantadas. La convocatoria se har\u00e1 anualmente y con anterioridad al inicio de cada curso acad\u00e9mico, pudiendo realizarse una segunda convocatoria en el caso de que se estime pertinente. La superaci\u00f3n de esta prueba facultar\u00e1 para acceder a cualquier centro del Estado donde se cursen estas ense\u00f1anzas.<\/span><\/p>\n<p style=\"margin: 0cm 0cm 12pt; color: #000c28; font-family: Raleway, sans-serif; text-align: start;\"><span style=\"background-image: initial; background-position: initial; background-size: initial; background-repeat: initial; background-attachment: initial; background-origin: initial; background-clip: initial;\"><b><span style=\"background-image: initial; background-position: initial; background-size: initial; background-repeat: initial; background-attachment: initial; background-origin: initial; background-clip: initial;\"><span style=\"font-family: Arial, sans-serif;\">Podr\u00e1n acceder directamente a los estudios superiores de dise\u00f1o, quienes est\u00e9n en posesi\u00f3n del T\u00edtulo de T\u00e9cnico Superior de Artes Pl\u00e1sticas y Dise\u00f1o.<\/span><\/span><\/b><\/span><\/p>\n<\/li>\n<\/ul>\n<\/li>\n<\/ul>\n<hr style=\"text-align: justify; font-family: var( --e-global-typography-text-font-family ), Sans-serif; font-weight: var( --e-global-typography-text-font-weight ); background-color: #ffffff;\">\n<p><b>&nbsp; &nbsp; &nbsp;CURSO 2026-27<\/b><\/p>\n<ul>\n<li><a style=\"background-color: #ffffff;\" href=\"https:\/\/escueladeartesuperior.educacion.navarra.es\/web\/wp-content\/uploads\/2026\/01\/EASD-EESS-Inscripcion-202-27.pdf\" target=\"_blank\" rel=\"noopener\">Solicitud de admisi\u00f3n<\/a><br>Plazo para presentar las solicitudes: <b>abierta hasta el 25 de junio.<\/b><br>Las solicitudes se podr\u00e1n presentar en la Secretar\u00eda del centro o enviando un e-mail a ea.pamplona@educacion.navarra.es, adjuntando la documentaci\u00f3n que corresponda en cada caso.<\/li>\n<li><b>TRASLADOS<\/b><br>Plazo para presentar solicitudes de traslado: <strong>del 26 al 30 de junio.<\/strong><br>Las personas interesadas deber\u00e1n aportar:<br><a href=\"https:\/\/escueladeartesuperior.educacion.navarra.es\/web\/wp-content\/uploads\/2026\/01\/EASD-EESS-Inscripcion-202-27.pdf\" target=\"_blank\" rel=\"noopener\">Solicitud de admis\u00ed\u00f3n<\/a><br>Certificado expedido por el centro de procedencia donde figuren las convocatorias agotadas, como la nota media obtenida.&nbsp;<\/li>\n<\/ul>\n<div style=\"text-align: justify;\">&nbsp; &nbsp;&nbsp;<\/div>\n<ul>\n<li>\n<p>&nbsp;<b style=\"color: var( --e-global-color-text ); font-family: var( --e-global-typography-text-font-family ), Sans-serif;\">PRUEBA DE ACCESO<\/b><\/p>\n<\/li>\n<\/ul>\n<p>&nbsp; &nbsp;&nbsp; &nbsp;<a href=\"https:\/\/www.navarra.es\/es\/tramites\/on\/-\/line\/pruebas-especificas-de-acceso-a-las-ensenanzas-artisticas-superiores-de-diseno\" target=\"_blank\" rel=\"noopener\">Inscripci\u00f3n Prueba espec\u00edfica&nbsp;<\/a><\/p>\n<ul>\n<li><strong>Plazo<\/strong>: <strong>23 al 31 de marzo.<\/strong><\/li>\n<li><strong>Realizaci\u00f3n de la prueba<\/strong>: <strong>Pte. de publicaci\u00f3n.<\/strong><\/li>\n<li><strong>Lugar<\/strong>: Escuela de Arte y Superior de Dise\u00f1o de Pamplona<br><a style=\"background-color: #ffffff;\" href=\"https:\/\/escueladeartesuperior.educacion.navarra.es\/web\/pruebas-de-acceso-a-estudios-superiores\/#:~:text=Ex%C3%A1menes%20de%20convocatorias%20anteriores%3A\" target=\"_blank\" rel=\"noopener\">Modelos de ex\u00e1menes de a\u00f1os anteriores<\/a><\/li>\n<\/ul>\n<div style=\"text-align: justify;\">&nbsp;<\/div><\/div>\n\t\t\t\t<\/div>\n\t\t\t\t\t\t\t<div class=\"elementor-accordion-item\">\n\t\t\t\t\t<div id=\"elementor-tab-title-1612\" class=\"elementor-tab-title\" data-tab=\"2\" role=\"button\" aria-controls=\"elementor-tab-content-1612\" aria-expanded=\"false\">\n\t\t\t\t\t\t\t\t\t\t\t\t\t<span class=\"elementor-accordion-icon elementor-accordion-icon-left\" aria-hidden=\"true\">\n\t\t\t\t\t\t\t\t\t\t\t\t\t\t\t<span class=\"elementor-accordion-icon-closed\"><i class=\"fas fa-plus\"><\/i><\/span>\n\t\t\t\t\t\t\t\t<span class=\"elementor-accordion-icon-opened\"><i class=\"fas fa-minus\"><\/i><\/span>\n\t\t\t\t\t\t\t\t\t\t\t\t\t\t<\/span>\n\t\t\t\t\t\t\t\t\t\t\t\t<a class=\"elementor-accordion-title\" tabindex=\"0\">COMPETENCIAS PROFESIONALES<\/a>\n\t\t\t\t\t<\/div>\n\t\t\t\t\t<div id=\"elementor-tab-content-1612\" class=\"elementor-tab-content elementor-clearfix\" data-tab=\"2\" role=\"region\" aria-labelledby=\"elementor-tab-title-1612\"><p>Los Titulados o Tituladas en <strong>Estudios Superiores de Dise\u00f1o en la especialidad de Dise\u00f1o de Interiores<\/strong> deben poseer las siguientes competencias espec\u00edficas:<\/p>\n\n<p><strong>CEDI-1.<\/strong> Generar y materializar soluciones funcionales, formales y t\u00e9cnicas que permitan el aprovechamiento y la utilizaci\u00f3n id\u00f3nea de espacios interiores.<\/p>\n<p><strong>CEDI-2.<\/strong> Concebir y desarrollar proyectos de dise\u00f1o de interiores con criterios que comporten mejora en la calidad, uso y consumo de las producciones.<\/p>\n<p><strong>CEDI-3.<\/strong> Dirigir y certificar la realizaci\u00f3n de proyectos de interiores.<\/p>\n<p><strong>CEDI-4.<\/strong> Analizar, interpretar, adaptar y producir informaci\u00f3n relativa a la materializaci\u00f3n de los proyectos.<\/p>\n<p><strong>CEDI-5.<\/strong> Resolver los problemas est\u00e9ticos, funcionales, t\u00e9cnicos y constructivos que se planteen durante el desarrollo y ejecuci\u00f3n del proyecto.<\/p>\n<p><strong>CEDI-6.<\/strong> Interrelacionar los lenguajes formal y simb\u00f3lico con la funcionalidad espec\u00edfica.<\/p>\n<p><strong>CEDI-7.<\/strong> Conocer las caracter\u00edsticas, propiedades f\u00edsicas y qu\u00edmicas y comportamiento de los materiales utilizados en el dise\u00f1o de interiores.<\/p>\n<p><strong>CEDI-8.<\/strong> Conocer los procesos de fabricaci\u00f3n, producci\u00f3n y manufacturado m\u00e1s usuales de los diferentes sectores vinculados al dise\u00f1o de interiores.\n<\/p>\n<p><strong>CEDI-9.<\/strong> Adecuar la metodolog\u00eda y las propuestas a la evoluci\u00f3n tecnol\u00f3gica e industrial propia del sector.<\/p>\n<p><strong>CEDI-10.<\/strong> Conocer los recursos tecnol\u00f3gicos de la comunicaci\u00f3n y sus aplicaciones al dise\u00f1o de interiores.<\/p>\n<p><strong>CEDI-11.<\/strong> Dominar la tecnolog\u00eda digital espec\u00edfica vinculada al desarrollo y ejecuci\u00f3n de proyectos de interiorismo.<\/p>\n<p><strong>CEDI-12.<\/strong> Conocer el contexto econ\u00f3mico, social, cultural e hist\u00f3rico en el que se desarrolla el dise\u00f1o de interiores.<\/p>\n<p><strong>CEDI-13.<\/strong> Conocer el marco econ\u00f3mico y organizativo en el que se desarrolla la actividad empresarial del interiorismo.<\/p>\n<p><strong>CEDI-14.<\/strong> Comprender el marco legal y reglamentario que regula la actividad profesional, la seguridad y salud laboral y la propiedad intelectual e industrial.<\/p>\n<p><strong>CEDI-15.<\/strong> Reflexionar sobre la influencia social positiva del dise\u00f1o, valorar su incidencia en la mejora de la calidad de vida y del medio ambiente y su capacidad para generar identidad, innovaci\u00f3n y calidad en la producci\u00f3n.<\/p><\/div>\n\t\t\t\t<\/div>\n\t\t\t\t\t\t\t<div class=\"elementor-accordion-item\">\n\t\t\t\t\t<div id=\"elementor-tab-title-1613\" class=\"elementor-tab-title\" data-tab=\"3\" role=\"button\" aria-controls=\"elementor-tab-content-1613\" aria-expanded=\"false\">\n\t\t\t\t\t\t\t\t\t\t\t\t\t<span class=\"elementor-accordion-icon elementor-accordion-icon-left\" aria-hidden=\"true\">\n\t\t\t\t\t\t\t\t\t\t\t\t\t\t\t<span class=\"elementor-accordion-icon-closed\"><i class=\"fas fa-plus\"><\/i><\/span>\n\t\t\t\t\t\t\t\t<span class=\"elementor-accordion-icon-opened\"><i class=\"fas fa-minus\"><\/i><\/span>\n\t\t\t\t\t\t\t\t\t\t\t\t\t\t<\/span>\n\t\t\t\t\t\t\t\t\t\t\t\t<a class=\"elementor-accordion-title\" tabindex=\"0\">ERASMUS<\/a>\n\t\t\t\t\t<\/div>\n\t\t\t\t\t<div id=\"elementor-tab-content-1613\" class=\"elementor-tab-content elementor-clearfix\" data-tab=\"3\" role=\"region\" aria-labelledby=\"elementor-tab-title-1613\"><div class=\"elementor-element elementor-element-3cba9f5 elementor-widget elementor-widget-text-editor\" data-id=\"3cba9f5\" data-element_type=\"widget\" data-widget_type=\"text-editor.default\"><div class=\"elementor-widget-container\"><div class=\"elementor-text-editor elementor-clearfix\"><h4><a href=\"https:\/\/escueladeartesuperior.educacion.navarra.es\/web\/alumnos-de-la-escuela-outgoing\/\" target=\"_blank\" rel=\"noopener\">Erasmus + Estudios Superiores de Dise\u00f1o de Interiores<\/a><\/h4><\/div><\/div><\/div><div class=\"elementor-element elementor-element-6334aae elementor-list-item-link-full_width elementor-widget elementor-widget-icon-list\" data-id=\"6334aae\" data-element_type=\"widget\" data-widget_type=\"icon-list.default\"><div class=\"elementor-widget-container\"><ul class=\"elementor-icon-list-items\"><li class=\"elementor-icon-list-item\"><a href=\"https:\/\/escueladeartesuperior.educacion.navarra.es\/web\/wp-content\/uploads\/2021\/11\/CONVOCATORIA-ALUMNADO-OUTGOING-2021_2022.pdf\" target=\"_blank\" rel=\"noopener\"><i class=\"fas fa-long-arrow-alt-right\" aria-hidden=\"true\"><\/i><span class=\"elementor-icon-list-text\">\u00a0Bases de la convocatoria<\/span><\/a><\/li><li class=\"elementor-icon-list-item\"><a href=\"https:\/\/escueladeartesuperior.educacion.navarra.es\/web\/acuerdos-bilaterales\/\" target=\"_blank\" rel=\"noopener\"><i class=\"fas fa-long-arrow-alt-right\" aria-hidden=\"true\"><\/i><span class=\"elementor-icon-list-text\">\u00a0Destinos<\/span><\/a><i class=\"fas fa-long-arrow-alt-right\" aria-hidden=\"true\"><\/i><\/li><\/ul><\/div><\/div><\/div>\n\t\t\t\t<\/div>\n\t\t\t\t\t\t\t\t<\/div>\n\t\t\t\t<\/div>\n\t\t\t\t<\/div>\n\t\t\t\t\t<\/div>\n\t\t<\/div>\n\t\t\t\t\t\t\t<\/div>\n\t\t<\/section>\n\t\t\t\t<section class=\"elementor-section elementor-top-section elementor-element elementor-element-3b2716f elementor-section-boxed elementor-section-height-default elementor-section-height-default\" data-id=\"3b2716f\" data-element_type=\"section\">\n\t\t\t\t\t\t<div class=\"elementor-container elementor-column-gap-default\">\n\t\t\t\t\t<div class=\"elementor-column elementor-col-33 elementor-top-column elementor-element elementor-element-52a07f1\" data-id=\"52a07f1\" data-element_type=\"column\">\n\t\t\t<div class=\"elementor-widget-wrap elementor-element-populated\">\n\t\t\t\t\t\t\t\t<div class=\"elementor-element elementor-element-45ee030 elementor-widget elementor-widget-html\" data-id=\"45ee030\" data-element_type=\"widget\" data-widget_type=\"html.default\">\n\t\t\t\t<div class=\"elementor-widget-container\">\n\t\t\t<h3 class=\"beca\">NORMATIVA DE DISE\u00d1O<\/h3>\n\t\t<\/div>\n\t\t\t\t<\/div>\n\t\t\t\t\t<\/div>\n\t\t<\/div>\n\t\t\t\t<div class=\"elementor-column elementor-col-66 elementor-top-column elementor-element elementor-element-efdfb10\" data-id=\"efdfb10\" data-element_type=\"column\">\n\t\t\t<div class=\"elementor-widget-wrap elementor-element-populated\">\n\t\t\t\t\t\t\t\t<div class=\"elementor-element elementor-element-4c90f75 elementor-widget elementor-widget-text-editor\" data-id=\"4c90f75\" data-element_type=\"widget\" data-widget_type=\"text-editor.default\">\n\t\t\t\t<div class=\"elementor-widget-container\">\n\t\t\t\t\t\t\t<ul>\n<li><a href=\"https:\/\/www.boe.es\/buscar\/doc.php?id=BOE-A-2010-8957\">Real Decreto 633\/2010 de 14 de marzo.\u00a0<\/a>\u00a0Regula el contenido b\u00e1sico de las ense\u00f1anzas art\u00edsticas superiores de Grado de Dise\u00f1o.<\/li>\n<li><a href=\"http:\/\/www.lexnavarra.navarra.es\/detalle.asp?r=27883\">Orden Foral 30\/2013 de 5 de marzo<\/a>. Establece el plan de estudios y la ordenaci\u00f3n de los estudios superiores de dise\u00f1o en Navarra.<\/li>\n<\/ul>\t\t\t\t\t\t<\/div>\n\t\t\t\t<\/div>\n\t\t\t\t\t<\/div>\n\t\t<\/div>\n\t\t\t\t\t\t\t<\/div>\n\t\t<\/section>\n\t\t\t\t<section class=\"elementor-section elementor-top-section elementor-element elementor-element-4cb948d elementor-section-boxed elementor-section-height-default elementor-section-height-default\" data-id=\"4cb948d\" data-element_type=\"section\">\n\t\t\t\t\t\t<div class=\"elementor-container elementor-column-gap-default\">\n\t\t\t\t\t<div class=\"elementor-column elementor-col-100 elementor-top-column elementor-element elementor-element-7a8543d\" data-id=\"7a8543d\" data-element_type=\"column\">\n\t\t\t<div class=\"elementor-widget-wrap elementor-element-populated\">\n\t\t\t\t\t\t\t\t<div class=\"elementor-element elementor-element-8df71cc elementor-widget elementor-widget-heading\" data-id=\"8df71cc\" data-element_type=\"widget\" data-widget_type=\"heading.default\">\n\t\t\t\t<div class=\"elementor-widget-container\">\n\t\t\t<h1 class=\"elementor-heading-title elementor-size-default\">Proyectos realizados y Noticias<\/h1>\t\t<\/div>\n\t\t\t\t<\/div>\n\t\t\t\t<div class=\"elementor-element elementor-element-3baacf2 elementor-widget elementor-widget-text-editor\" data-id=\"3baacf2\" data-element_type=\"widget\" data-widget_type=\"text-editor.default\">\n\t\t\t\t<div class=\"elementor-widget-container\">\n\t\t\t\t\t\t\tProyectos realizados y Noticias del ciclo Estudios superiores de dise\u00f1o de interiores\t\t\t\t\t\t<\/div>\n\t\t\t\t<\/div>\n\t\t\t\t\t<\/div>\n\t\t<\/div>\n\t\t\t\t\t\t\t<\/div>\n\t\t<\/section>\n\t\t\t\t<section class=\"elementor-section elementor-top-section elementor-element elementor-element-fc6dd60 elementor-section-boxed elementor-section-height-default elementor-section-height-default\" data-id=\"fc6dd60\" data-element_type=\"section\">\n\t\t\t\t\t\t<div class=\"elementor-container elementor-column-gap-default\">\n\t\t\t\t\t<div class=\"elementor-column elementor-col-100 elementor-top-column elementor-element elementor-element-3da8566\" data-id=\"3da8566\" data-element_type=\"column\">\n\t\t\t<div class=\"elementor-widget-wrap elementor-element-populated\">\n\t\t\t\t\t\t\t\t<div class=\"elementor-element elementor-element-5d0f874 elementor-grid-4 elementor-grid-tablet-2 elementor-grid-mobile-1 elementor-posts--thumbnail-top elementor-widget elementor-widget-posts\" data-id=\"5d0f874\" data-element_type=\"widget\" data-settings=\"{&quot;pagination_type&quot;:&quot;numbers&quot;,&quot;classic_columns&quot;:&quot;4&quot;,&quot;classic_columns_tablet&quot;:&quot;2&quot;,&quot;classic_columns_mobile&quot;:&quot;1&quot;,&quot;classic_row_gap&quot;:{&quot;unit&quot;:&quot;px&quot;,&quot;size&quot;:35,&quot;sizes&quot;:[]},&quot;classic_row_gap_tablet&quot;:{&quot;unit&quot;:&quot;px&quot;,&quot;size&quot;:&quot;&quot;,&quot;sizes&quot;:[]},&quot;classic_row_gap_mobile&quot;:{&quot;unit&quot;:&quot;px&quot;,&quot;size&quot;:&quot;&quot;,&quot;sizes&quot;:[]}}\" data-widget_type=\"posts.classic\">\n\t\t\t\t<div class=\"elementor-widget-container\">\n\t\t\t\t\t<div class=\"elementor-posts-container elementor-posts elementor-posts--skin-classic elementor-grid\">\n\t\t\t\t<article class=\"elementor-post elementor-grid-item post-54103 post type-post status-publish format-standard has-post-thumbnail category-actualidad category-asistencia-al-producto-grafico-impreso category-asistencia-al-producto-grafico-interactivo category-bachillerato category-decoracion category-ebanisteria category-eess-diseno-interiores category-encuentros-creadores category-escultura category-grabado category-grafica-audiovisual category-ilustracion category-serigrafia tag-enric-pla-montferrer tag-escuela-de-arte-y-superior-de-diseno-de-pamplona tag-forja tag-iruneko_arte_eskola tag-xii-encuentros-con-creadoraessortzaileekin-solasean tag-xvii-encuentros-con-creadoraes entry\">\n\t\t\t\t<a class=\"elementor-post__thumbnail__link\" href=\"https:\/\/escueladeartesuperior.educacion.navarra.es\/web\/blog\/el-oficio-del-hierro-entre-arte-y-arquitectura\/\" tabindex=\"-1\" >\n\t\t\t<div class=\"elementor-post__thumbnail\"><img decoding=\"async\" width=\"300\" height=\"200\" src=\"https:\/\/escueladeartesuperior.educacion.navarra.es\/web\/wp-content\/uploads\/2026\/03\/encuentros26-enricPla-post-300x200.jpg\" class=\"attachment-medium size-medium wp-image-54104\" alt=\"Enric Pla, maestro forjador y escultor\" srcset=\"https:\/\/escueladeartesuperior.educacion.navarra.es\/web\/wp-content\/uploads\/2026\/03\/encuentros26-enricPla-post-300x200.jpg 300w, https:\/\/escueladeartesuperior.educacion.navarra.es\/web\/wp-content\/uploads\/2026\/03\/encuentros26-enricPla-post-1024x682.jpg 1024w, https:\/\/escueladeartesuperior.educacion.navarra.es\/web\/wp-content\/uploads\/2026\/03\/encuentros26-enricPla-post-768x512.jpg 768w, https:\/\/escueladeartesuperior.educacion.navarra.es\/web\/wp-content\/uploads\/2026\/03\/encuentros26-enricPla-post-1536x1024.jpg 1536w, https:\/\/escueladeartesuperior.educacion.navarra.es\/web\/wp-content\/uploads\/2026\/03\/encuentros26-enricPla-post.jpg 1622w\" sizes=\"(max-width: 300px) 100vw, 300px\" \/><\/div>\n\t\t<\/a>\n\t\t\t\t<div class=\"elementor-post__text\">\n\t\t\t\t<h3 class=\"elementor-post__title\">\n\t\t\t<a href=\"https:\/\/escueladeartesuperior.educacion.navarra.es\/web\/blog\/el-oficio-del-hierro-entre-arte-y-arquitectura\/\" >\n\t\t\t\tEl oficio del hierro, entre arte y arquitectura\t\t\t<\/a>\n\t\t<\/h3>\n\t\t\t\t<div class=\"elementor-post__meta-data\">\n\t\t\t\t\t<span class=\"elementor-post-date\">\n\t\t\t28 de marzo de 2026\t\t<\/span>\n\t\t\t\t<\/div>\n\t\t\n\t\t<a class=\"elementor-post__read-more\" href=\"https:\/\/escueladeartesuperior.educacion.navarra.es\/web\/blog\/el-oficio-del-hierro-entre-arte-y-arquitectura\/\" aria-label=\"Read more about El oficio del hierro, entre arte y arquitectura\" tabindex=\"-1\" >\n\t\t\tLeer m\u00e1s \u00bb\t\t<\/a>\n\n\t\t\t\t<\/div>\n\t\t\t\t<\/article>\n\t\t\t\t<article class=\"elementor-post elementor-grid-item post-54096 post type-post status-publish format-standard has-post-thumbnail category-actualidad category-asistencia-al-producto-grafico-impreso category-asistencia-al-producto-grafico-interactivo category-bachillerato category-decoracion category-ebanisteria category-eess-diseno-interiores category-encuentros-creadores category-escultura category-fotografia category-grabado category-grafica-audiovisual category-ilustracion category-noticias tag-escuela-de-arte-y-superior-de-diseno-de-pamplona tag-gurutze-orduna tag-interiorismo tag-iruneko_arte_eskola tag-xii-encuentros-con-creadoraessortzaileekin-solasean tag-xvii-encuentros-con-creadoraes entry\">\n\t\t\t\t<a class=\"elementor-post__thumbnail__link\" href=\"https:\/\/escueladeartesuperior.educacion.navarra.es\/web\/blog\/disenar-espacios-con-criterio\/\" tabindex=\"-1\" >\n\t\t\t<div class=\"elementor-post__thumbnail\"><img decoding=\"async\" width=\"300\" height=\"200\" src=\"https:\/\/escueladeartesuperior.educacion.navarra.es\/web\/wp-content\/uploads\/2026\/03\/encuentros26-gurutze-post-300x200.jpg\" class=\"attachment-medium size-medium wp-image-54098\" alt=\"Gurutze Ordu\u00f1a dise\u00f1adora de interiores\" srcset=\"https:\/\/escueladeartesuperior.educacion.navarra.es\/web\/wp-content\/uploads\/2026\/03\/encuentros26-gurutze-post-300x200.jpg 300w, https:\/\/escueladeartesuperior.educacion.navarra.es\/web\/wp-content\/uploads\/2026\/03\/encuentros26-gurutze-post-1024x682.jpg 1024w, https:\/\/escueladeartesuperior.educacion.navarra.es\/web\/wp-content\/uploads\/2026\/03\/encuentros26-gurutze-post-768x512.jpg 768w, https:\/\/escueladeartesuperior.educacion.navarra.es\/web\/wp-content\/uploads\/2026\/03\/encuentros26-gurutze-post-1536x1024.jpg 1536w, https:\/\/escueladeartesuperior.educacion.navarra.es\/web\/wp-content\/uploads\/2026\/03\/encuentros26-gurutze-post.jpg 1622w\" sizes=\"(max-width: 300px) 100vw, 300px\" \/><\/div>\n\t\t<\/a>\n\t\t\t\t<div class=\"elementor-post__text\">\n\t\t\t\t<h3 class=\"elementor-post__title\">\n\t\t\t<a href=\"https:\/\/escueladeartesuperior.educacion.navarra.es\/web\/blog\/disenar-espacios-con-criterio\/\" >\n\t\t\t\tDise\u00f1ar espacios con criterio\t\t\t<\/a>\n\t\t<\/h3>\n\t\t\t\t<div class=\"elementor-post__meta-data\">\n\t\t\t\t\t<span class=\"elementor-post-date\">\n\t\t\t26 de marzo de 2026\t\t<\/span>\n\t\t\t\t<\/div>\n\t\t\n\t\t<a class=\"elementor-post__read-more\" href=\"https:\/\/escueladeartesuperior.educacion.navarra.es\/web\/blog\/disenar-espacios-con-criterio\/\" aria-label=\"Read more about Dise\u00f1ar espacios con criterio\" tabindex=\"-1\" >\n\t\t\tLeer m\u00e1s \u00bb\t\t<\/a>\n\n\t\t\t\t<\/div>\n\t\t\t\t<\/article>\n\t\t\t\t<article class=\"elementor-post elementor-grid-item post-54038 post type-post status-publish format-standard has-post-thumbnail category-actualidad category-asistencia-al-producto-grafico-impreso category-asistencia-al-producto-grafico-interactivo category-bachillerato category-ebanisteria category-eess-diseno-interiores category-encuentros-creadores category-escultura category-fotografia category-fpe category-grabado category-grafica-audiovisual category-ilustracion category-noticias tag-doblaje-audiovisual tag-escuela-de-arte-de-pamplona tag-escuela-de-arte-y-superior-de-diseno tag-iruneko_arte_eskola tag-maite-mulet tag-xii-encuentros-con-creadoraessortzaileekin-solasean tag-xvii-encuentros-con-creadoraes entry\">\n\t\t\t\t<a class=\"elementor-post__thumbnail__link\" href=\"https:\/\/escueladeartesuperior.educacion.navarra.es\/web\/blog\/la-voz-como-herramienta-creativa\/\" tabindex=\"-1\" >\n\t\t\t<div class=\"elementor-post__thumbnail\"><img loading=\"lazy\" decoding=\"async\" width=\"300\" height=\"200\" src=\"https:\/\/escueladeartesuperior.educacion.navarra.es\/web\/wp-content\/uploads\/2026\/03\/encuentros26-mulet-post-300x200.jpg\" class=\"attachment-medium size-medium wp-image-54040\" alt=\"Charla con la actriz de doblaje Maite Mulet\" srcset=\"https:\/\/escueladeartesuperior.educacion.navarra.es\/web\/wp-content\/uploads\/2026\/03\/encuentros26-mulet-post-300x200.jpg 300w, https:\/\/escueladeartesuperior.educacion.navarra.es\/web\/wp-content\/uploads\/2026\/03\/encuentros26-mulet-post-1024x682.jpg 1024w, https:\/\/escueladeartesuperior.educacion.navarra.es\/web\/wp-content\/uploads\/2026\/03\/encuentros26-mulet-post-768x512.jpg 768w, https:\/\/escueladeartesuperior.educacion.navarra.es\/web\/wp-content\/uploads\/2026\/03\/encuentros26-mulet-post-1536x1024.jpg 1536w, https:\/\/escueladeartesuperior.educacion.navarra.es\/web\/wp-content\/uploads\/2026\/03\/encuentros26-mulet-post.jpg 1622w\" sizes=\"(max-width: 300px) 100vw, 300px\" \/><\/div>\n\t\t<\/a>\n\t\t\t\t<div class=\"elementor-post__text\">\n\t\t\t\t<h3 class=\"elementor-post__title\">\n\t\t\t<a href=\"https:\/\/escueladeartesuperior.educacion.navarra.es\/web\/blog\/la-voz-como-herramienta-creativa\/\" >\n\t\t\t\tLa voz como herramienta creativa\t\t\t<\/a>\n\t\t<\/h3>\n\t\t\t\t<div class=\"elementor-post__meta-data\">\n\t\t\t\t\t<span class=\"elementor-post-date\">\n\t\t\t18 de marzo de 2026\t\t<\/span>\n\t\t\t\t<\/div>\n\t\t\n\t\t<a class=\"elementor-post__read-more\" href=\"https:\/\/escueladeartesuperior.educacion.navarra.es\/web\/blog\/la-voz-como-herramienta-creativa\/\" aria-label=\"Read more about La voz como herramienta creativa\" tabindex=\"-1\" >\n\t\t\tLeer m\u00e1s \u00bb\t\t<\/a>\n\n\t\t\t\t<\/div>\n\t\t\t\t<\/article>\n\t\t\t\t<article class=\"elementor-post elementor-grid-item post-54055 post type-post status-publish format-standard has-post-thumbnail category-actualidad category-asistencia-al-producto-grafico-impreso category-asistencia-al-producto-grafico-interactivo category-bachillerato category-ebanisteria category-eess-diseno-interiores category-escultura category-fotografia category-fpe category-grabado category-grafica-audiovisual category-ilustracion category-noticias category-serigrafia tag-asociacion-zabalsanche tag-escuela-abierta tag-escuela-de-arte-de-pamplona tag-eskola-kalean tag-iruneko_arte_eskola tag-la-escuela-en-la-calle entry\">\n\t\t\t\t<a class=\"elementor-post__thumbnail__link\" href=\"https:\/\/escueladeartesuperior.educacion.navarra.es\/web\/blog\/la-escuela-en-la-calle-eskola-kalean\/\" tabindex=\"-1\" >\n\t\t\t<div class=\"elementor-post__thumbnail\"><img loading=\"lazy\" decoding=\"async\" width=\"300\" height=\"200\" src=\"https:\/\/escueladeartesuperior.educacion.navarra.es\/web\/wp-content\/uploads\/2026\/03\/escuela-zabaldu-300x200.jpg\" class=\"attachment-medium size-medium wp-image-54056\" alt=\"cartel promocional de la escuela en la calle\" srcset=\"https:\/\/escueladeartesuperior.educacion.navarra.es\/web\/wp-content\/uploads\/2026\/03\/escuela-zabaldu-300x200.jpg 300w, https:\/\/escueladeartesuperior.educacion.navarra.es\/web\/wp-content\/uploads\/2026\/03\/escuela-zabaldu-1024x682.jpg 1024w, https:\/\/escueladeartesuperior.educacion.navarra.es\/web\/wp-content\/uploads\/2026\/03\/escuela-zabaldu-768x512.jpg 768w, https:\/\/escueladeartesuperior.educacion.navarra.es\/web\/wp-content\/uploads\/2026\/03\/escuela-zabaldu-1536x1024.jpg 1536w, https:\/\/escueladeartesuperior.educacion.navarra.es\/web\/wp-content\/uploads\/2026\/03\/escuela-zabaldu.jpg 1622w\" sizes=\"(max-width: 300px) 100vw, 300px\" \/><\/div>\n\t\t<\/a>\n\t\t\t\t<div class=\"elementor-post__text\">\n\t\t\t\t<h3 class=\"elementor-post__title\">\n\t\t\t<a href=\"https:\/\/escueladeartesuperior.educacion.navarra.es\/web\/blog\/la-escuela-en-la-calle-eskola-kalean\/\" >\n\t\t\t\tLa Escuela en la calle. Eskola Kalean\t\t\t<\/a>\n\t\t<\/h3>\n\t\t\t\t<div class=\"elementor-post__meta-data\">\n\t\t\t\t\t<span class=\"elementor-post-date\">\n\t\t\t14 de marzo de 2026\t\t<\/span>\n\t\t\t\t<\/div>\n\t\t\n\t\t<a class=\"elementor-post__read-more\" href=\"https:\/\/escueladeartesuperior.educacion.navarra.es\/web\/blog\/la-escuela-en-la-calle-eskola-kalean\/\" aria-label=\"Read more about La Escuela en la calle. Eskola Kalean\" tabindex=\"-1\" >\n\t\t\tLeer m\u00e1s \u00bb\t\t<\/a>\n\n\t\t\t\t<\/div>\n\t\t\t\t<\/article>\n\t\t\t\t<\/div>\n\t\t\n\t\t\t\t<div class=\"e-load-more-anchor\" data-page=\"1\" data-max-page=\"15\" data-next-page=\"https:\/\/escueladeartesuperior.educacion.navarra.es\/web\/wp-json\/wp\/v2\/pages\/29415\/page\/2\/\"><\/div>\n\t\t\t\t<nav class=\"elementor-pagination\" aria-label=\"Pagination\">\n\t\t\t<span aria-current=\"page\" class=\"page-numbers current\"><span class=\"elementor-screen-only\">Page<\/span>1<\/span>\n<a class=\"page-numbers\" href=\"https:\/\/escueladeartesuperior.educacion.navarra.es\/web\/wp-json\/wp\/v2\/pages\/29415\/page\/2\/\"><span class=\"elementor-screen-only\">Page<\/span>2<\/a>\n<a class=\"page-numbers\" href=\"https:\/\/escueladeartesuperior.educacion.navarra.es\/web\/wp-json\/wp\/v2\/pages\/29415\/page\/3\/\"><span class=\"elementor-screen-only\">Page<\/span>3<\/a>\n<a class=\"page-numbers\" href=\"https:\/\/escueladeartesuperior.educacion.navarra.es\/web\/wp-json\/wp\/v2\/pages\/29415\/page\/4\/\"><span class=\"elementor-screen-only\">Page<\/span>4<\/a>\n<a class=\"page-numbers\" href=\"https:\/\/escueladeartesuperior.educacion.navarra.es\/web\/wp-json\/wp\/v2\/pages\/29415\/page\/5\/\"><span class=\"elementor-screen-only\">Page<\/span>5<\/a>\n<a class=\"page-numbers\" href=\"https:\/\/escueladeartesuperior.educacion.navarra.es\/web\/wp-json\/wp\/v2\/pages\/29415\/page\/6\/\"><span class=\"elementor-screen-only\">Page<\/span>6<\/a>\n<a class=\"page-numbers\" href=\"https:\/\/escueladeartesuperior.educacion.navarra.es\/web\/wp-json\/wp\/v2\/pages\/29415\/page\/7\/\"><span class=\"elementor-screen-only\">Page<\/span>7<\/a>\n<a class=\"page-numbers\" href=\"https:\/\/escueladeartesuperior.educacion.navarra.es\/web\/wp-json\/wp\/v2\/pages\/29415\/page\/8\/\"><span class=\"elementor-screen-only\">Page<\/span>8<\/a>\n<a class=\"page-numbers\" href=\"https:\/\/escueladeartesuperior.educacion.navarra.es\/web\/wp-json\/wp\/v2\/pages\/29415\/page\/9\/\"><span class=\"elementor-screen-only\">Page<\/span>9<\/a>\n<a class=\"page-numbers\" href=\"https:\/\/escueladeartesuperior.educacion.navarra.es\/web\/wp-json\/wp\/v2\/pages\/29415\/page\/10\/\"><span class=\"elementor-screen-only\">Page<\/span>10<\/a>\n<a class=\"page-numbers\" href=\"https:\/\/escueladeartesuperior.educacion.navarra.es\/web\/wp-json\/wp\/v2\/pages\/29415\/page\/11\/\"><span class=\"elementor-screen-only\">Page<\/span>11<\/a>\n<a class=\"page-numbers\" href=\"https:\/\/escueladeartesuperior.educacion.navarra.es\/web\/wp-json\/wp\/v2\/pages\/29415\/page\/12\/\"><span class=\"elementor-screen-only\">Page<\/span>12<\/a>\n<a class=\"page-numbers\" href=\"https:\/\/escueladeartesuperior.educacion.navarra.es\/web\/wp-json\/wp\/v2\/pages\/29415\/page\/13\/\"><span class=\"elementor-screen-only\">Page<\/span>13<\/a>\n<a class=\"page-numbers\" href=\"https:\/\/escueladeartesuperior.educacion.navarra.es\/web\/wp-json\/wp\/v2\/pages\/29415\/page\/14\/\"><span class=\"elementor-screen-only\">Page<\/span>14<\/a>\n<a class=\"page-numbers\" href=\"https:\/\/escueladeartesuperior.educacion.navarra.es\/web\/wp-json\/wp\/v2\/pages\/29415\/page\/15\/\"><span class=\"elementor-screen-only\">Page<\/span>15<\/a>\t\t<\/nav>\n\t\t\t\t<\/div>\n\t\t\t\t<\/div>\n\t\t\t\t\t<\/div>\n\t\t<\/div>\n\t\t\t\t\t\t\t<\/div>\n\t\t<\/section>\n\t\t\t\t\t\t\t<\/div>\n\t\t","protected":false},"excerpt":{"rendered":"<p>\u00bfPor qu\u00e9 estudiar Dise\u00f1o de interiores? El Disen\u0303o de Interiores es el arte de acondicionar y decorar los espacios interiores de la arquitectura. Mediante el<\/p>\n","protected":false},"author":1,"featured_media":0,"parent":31455,"menu_order":0,"comment_status":"closed","ping_status":"closed","template":"","meta":{"_genesis_hide_title":false,"_genesis_hide_breadcrumbs":false,"_genesis_hide_singular_image":false,"_genesis_hide_footer_widgets":false,"_genesis_custom_body_class":"","_genesis_custom_post_class":"","_genesis_layout":"","footnotes":""},"_links":{"self":[{"href":"https:\/\/escueladeartesuperior.educacion.navarra.es\/web\/wp-json\/wp\/v2\/pages\/29415"}],"collection":[{"href":"https:\/\/escueladeartesuperior.educacion.navarra.es\/web\/wp-json\/wp\/v2\/pages"}],"about":[{"href":"https:\/\/escueladeartesuperior.educacion.navarra.es\/web\/wp-json\/wp\/v2\/types\/page"}],"author":[{"embeddable":true,"href":"https:\/\/escueladeartesuperior.educacion.navarra.es\/web\/wp-json\/wp\/v2\/users\/1"}],"replies":[{"embeddable":true,"href":"https:\/\/escueladeartesuperior.educacion.navarra.es\/web\/wp-json\/wp\/v2\/comments?post=29415"}],"version-history":[{"count":363,"href":"https:\/\/escueladeartesuperior.educacion.navarra.es\/web\/wp-json\/wp\/v2\/pages\/29415\/revisions"}],"predecessor-version":[{"id":54140,"href":"https:\/\/escueladeartesuperior.educacion.navarra.es\/web\/wp-json\/wp\/v2\/pages\/29415\/revisions\/54140"}],"up":[{"embeddable":true,"href":"https:\/\/escueladeartesuperior.educacion.navarra.es\/web\/wp-json\/wp\/v2\/pages\/31455"}],"wp:attachment":[{"href":"https:\/\/escueladeartesuperior.educacion.navarra.es\/web\/wp-json\/wp\/v2\/media?parent=29415"}],"curies":[{"name":"wp","href":"https:\/\/api.w.org\/{rel}","templated":true}]}}