{"id":15329,"date":"2017-04-04T23:08:55","date_gmt":"2017-04-04T21:08:55","guid":{"rendered":"http:\/\/www.escueladeartepamplona.com\/?page_id=15329"},"modified":"2026-04-19T20:33:57","modified_gmt":"2026-04-19T18:33:57","slug":"grafica-audiovisual","status":"publish","type":"page","link":"https:\/\/escueladeartesuperior.educacion.navarra.es\/web\/estudios\/ciclos-de-grado-superior__trashed\/grafica-audiovisual\/","title":{"rendered":"Gr\u00e1fica audiovisual"},"content":{"rendered":"\t\t<div data-elementor-type=\"wp-page\" data-elementor-id=\"15329\" class=\"elementor elementor-15329\" data-elementor-post-type=\"page\">\n\t\t\t\t\t\t\t\t\t<section class=\"elementor-section elementor-top-section elementor-element elementor-element-8e3cf93 elementor-section-boxed elementor-section-height-default elementor-section-height-default\" data-id=\"8e3cf93\" data-element_type=\"section\" data-settings=\"{&quot;background_background&quot;:&quot;classic&quot;}\">\n\t\t\t\t\t\t<div class=\"elementor-container elementor-column-gap-default\">\n\t\t\t\t\t<div class=\"elementor-column elementor-col-33 elementor-top-column elementor-element elementor-element-b9a085f\" data-id=\"b9a085f\" data-element_type=\"column\">\n\t\t\t<div class=\"elementor-widget-wrap elementor-element-populated\">\n\t\t\t\t\t\t\t\t<div class=\"elementor-element elementor-element-8074410 elementor-widget elementor-widget-image\" data-id=\"8074410\" data-element_type=\"widget\" data-widget_type=\"image.default\">\n\t\t\t\t<div class=\"elementor-widget-container\">\n\t\t\t\t\t\t\t\t\t\t\t\t\t\t\t<img fetchpriority=\"high\" decoding=\"async\" width=\"1240\" height=\"2480\" src=\"https:\/\/escueladeartesuperior.educacion.navarra.es\/web\/wp-content\/uploads\/2025\/03\/G.S_Audiovisual_portada.png\" class=\"attachment-full size-full wp-image-50675\" alt=\"\" srcset=\"https:\/\/escueladeartesuperior.educacion.navarra.es\/web\/wp-content\/uploads\/2025\/03\/G.S_Audiovisual_portada.png 1240w, https:\/\/escueladeartesuperior.educacion.navarra.es\/web\/wp-content\/uploads\/2025\/03\/G.S_Audiovisual_portada-150x300.png 150w, https:\/\/escueladeartesuperior.educacion.navarra.es\/web\/wp-content\/uploads\/2025\/03\/G.S_Audiovisual_portada-512x1024.png 512w, https:\/\/escueladeartesuperior.educacion.navarra.es\/web\/wp-content\/uploads\/2025\/03\/G.S_Audiovisual_portada-768x1536.png 768w, https:\/\/escueladeartesuperior.educacion.navarra.es\/web\/wp-content\/uploads\/2025\/03\/G.S_Audiovisual_portada-1024x2048.png 1024w\" sizes=\"(max-width: 1240px) 100vw, 1240px\" \/>\t\t\t\t\t\t\t\t\t\t\t\t\t\t\t<\/div>\n\t\t\t\t<\/div>\n\t\t\t\t\t<\/div>\n\t\t<\/div>\n\t\t\t\t<div class=\"elementor-column elementor-col-66 elementor-top-column elementor-element elementor-element-27d9662\" data-id=\"27d9662\" data-element_type=\"column\">\n\t\t\t<div class=\"elementor-widget-wrap elementor-element-populated\">\n\t\t\t\t\t\t\t\t<div class=\"elementor-element elementor-element-cbba6b7 elementor-widget elementor-widget-heading\" data-id=\"cbba6b7\" data-element_type=\"widget\" data-widget_type=\"heading.default\">\n\t\t\t\t<div class=\"elementor-widget-container\">\n\t\t\t<h3 class=\"elementor-heading-title elementor-size-default\">\u00bfPor qu\u00e9 hacer Gr\u00e1fica audiovisual?<\/h3>\t\t<\/div>\n\t\t\t\t<\/div>\n\t\t\t\t<div class=\"elementor-element elementor-element-1f22d8e elementor-widget elementor-widget-text-editor\" data-id=\"1f22d8e\" data-element_type=\"widget\" data-widget_type=\"text-editor.default\">\n\t\t\t\t<div class=\"elementor-widget-container\">\n\t\t\t\t\t\t\t<p>Las pantallas y la informaci\u00f3n en movimiento nos rodea. Vivimos en un mundo digital donde la informaci\u00f3n est\u00e1tica ya no es suficiente. La gr\u00e1fica audiovisual o\u00a0<i>motion graphics<\/i>\u00a0se ha convertido en una disciplina en auge en el mundo de la comunicaci\u00f3n. A trav\u00e9s de la narrativa audiovisual, los fundamentos del dise\u00f1o y el lenguaje audiovisual podemos\u00a0comunicar de forma eficaz y persuasiva todo tipo de mensajes. Mediante t\u00e9cnicas de imagen de v\u00eddeo y animaci\u00f3n 2D y 3D creamos v\u00eddeos atendiendo a la multitud de g\u00e9neros y estilos que transitan en el mundo de la comunicaci\u00f3n audiovisual.<\/p>\t\t\t\t\t\t<\/div>\n\t\t\t\t<\/div>\n\t\t\t\t<div class=\"elementor-element elementor-element-a9de194 elementor-widget elementor-widget-text-editor\" data-id=\"a9de194\" data-element_type=\"widget\" data-widget_type=\"text-editor.default\">\n\t\t\t\t<div class=\"elementor-widget-container\">\n\t\t\t\t\t\t\t<p><strong>Salidas profesionales<\/strong><br><span style=\"color: #000000; font-family: Roboto, sans-serif;\">Realizaci\u00f3n audiovisual de contenidos audiovisuales y de animaci\u00f3n 2d y 3D para v\u00eddeos promocionales, publicidad, infograf\u00eda, campa\u00f1as de marketing, concienciaci\u00f3n, informativas, formaci\u00f3n, branding para TVs y marcas, cabeceras de series&nbsp;y&nbsp;pel\u00edculas. El trabajo del grafista audiovisual se puede situar dentro de Estudios de dise\u00f1o, comunicaci\u00f3n y marketing, televisiones, empresas online y agencias de publicidad adem\u00e1s de la actividad libre como freelance.<\/span><span style=\"color: #888888;\"><br clear=\"all\"><\/span><\/p>\n<div>&nbsp;<\/div>\t\t\t\t\t\t<\/div>\n\t\t\t\t<\/div>\n\t\t\t\t<div class=\"elementor-element elementor-element-7e3962f elementor-widget elementor-widget-text-editor\" data-id=\"7e3962f\" data-element_type=\"widget\" data-widget_type=\"text-editor.default\">\n\t\t\t\t<div class=\"elementor-widget-container\">\n\t\t\t\t\t\t\t<p><em><a href=\"https:\/\/escueladeartesuperior.educacion.navarra.es\/web\/alumnado\/requisitos-de-material-a-aportar-por-el-alumnado\/#req-gs\">Material necesario<\/a>&nbsp;para cursar estos estudios.<\/em><br><\/p>\t\t\t\t\t\t<\/div>\n\t\t\t\t<\/div>\n\t\t\t\t\t<\/div>\n\t\t<\/div>\n\t\t\t\t\t\t\t<\/div>\n\t\t<\/section>\n\t\t\t\t<section class=\"elementor-section elementor-top-section elementor-element elementor-element-8eda561 elementor-section-boxed elementor-section-height-default elementor-section-height-default\" data-id=\"8eda561\" data-element_type=\"section\">\n\t\t\t\t\t\t<div class=\"elementor-container elementor-column-gap-default\">\n\t\t\t\t\t<div class=\"elementor-column elementor-col-100 elementor-top-column elementor-element elementor-element-bced4c3\" data-id=\"bced4c3\" data-element_type=\"column\">\n\t\t\t<div class=\"elementor-widget-wrap elementor-element-populated\">\n\t\t\t\t\t\t\t\t<div class=\"elementor-element elementor-element-6d80872 elementor-widget elementor-widget-heading\" data-id=\"6d80872\" data-element_type=\"widget\" data-widget_type=\"heading.default\">\n\t\t\t\t<div class=\"elementor-widget-container\">\n\t\t\t<h2 class=\"elementor-heading-title elementor-size-default\">M\u00f3dulos que se imparten<\/h2>\t\t<\/div>\n\t\t\t\t<\/div>\n\t\t\t\t\t<\/div>\n\t\t<\/div>\n\t\t\t\t\t\t\t<\/div>\n\t\t<\/section>\n\t\t\t\t<section class=\"elementor-section elementor-top-section elementor-element elementor-element-97cc8db elementor-section-boxed elementor-section-height-default elementor-section-height-default\" data-id=\"97cc8db\" data-element_type=\"section\">\n\t\t\t\t\t\t<div class=\"elementor-container elementor-column-gap-default\">\n\t\t\t\t\t<div class=\"elementor-column elementor-col-100 elementor-top-column elementor-element elementor-element-b6a9009\" data-id=\"b6a9009\" data-element_type=\"column\">\n\t\t\t<div class=\"elementor-widget-wrap elementor-element-populated\">\n\t\t\t\t\t\t\t\t<div class=\"elementor-element elementor-element-dc44e62 elementor-tabs-view-horizontal elementor-widget elementor-widget-tabs\" data-id=\"dc44e62\" data-element_type=\"widget\" data-widget_type=\"tabs.default\">\n\t\t\t\t<div class=\"elementor-widget-container\">\n\t\t\t\t\t<div class=\"elementor-tabs\">\n\t\t\t<div class=\"elementor-tabs-wrapper\" role=\"tablist\" >\n\t\t\t\t\t\t\t\t\t<div id=\"elementor-tab-title-2301\" class=\"elementor-tab-title elementor-tab-desktop-title\" aria-selected=\"true\" data-tab=\"1\" role=\"tab\" tabindex=\"0\" aria-controls=\"elementor-tab-content-2301\" aria-expanded=\"false\">Curso 1\u00ba<\/div>\n\t\t\t\t\t\t\t\t\t<div id=\"elementor-tab-title-2302\" class=\"elementor-tab-title elementor-tab-desktop-title\" aria-selected=\"false\" data-tab=\"2\" role=\"tab\" tabindex=\"-1\" aria-controls=\"elementor-tab-content-2302\" aria-expanded=\"false\">Curso 2\u00ba<\/div>\n\t\t\t\t\t\t\t<\/div>\n\t\t\t<div class=\"elementor-tabs-content-wrapper\" role=\"tablist\" aria-orientation=\"vertical\">\n\t\t\t\t\t\t\t\t\t<div class=\"elementor-tab-title elementor-tab-mobile-title\" aria-selected=\"true\" data-tab=\"1\" role=\"tab\" tabindex=\"0\" aria-controls=\"elementor-tab-content-2301\" aria-expanded=\"false\">Curso 1\u00ba<\/div>\n\t\t\t\t\t<div id=\"elementor-tab-content-2301\" class=\"elementor-tab-content elementor-clearfix\" data-tab=\"1\" role=\"tabpanel\" aria-labelledby=\"elementor-tab-title-2301\" tabindex=\"0\" hidden=\"false\"><ul>\n \t<li>\n<div class=\"seccion\">\n<div class=\"titulo\">\n<p class=\"titulo\">Teor\u00eda de la imagen (2h. semanales)<\/p>\n\n<\/div>\n<div class=\"informacion2\">El objetivo del M\u00f3dulo de Proyectos es que el alumnado ponga en pr\u00e1ctica conocimientos y t\u00e9cnicas esenciales de la Fotograf\u00eda, as\u00ed como imaginaci\u00f3n y personalidad, para producir trabajos de calidad profesional, en los g\u00e9neros de retrato, reportaje social, arquitectura, art\u00edstico y otros, con t\u00e9cnicas digitales y anal\u00f3gicas.<\/div>\n<\/div><\/li>\n \t<li>\n<div class=\"seccion\">\n<div class=\"titulo\">\n<p class=\"titulo\">Medios inform\u00e1ticos (4h. semanales)<\/p>\n\n<div class=\"informacion2\">Domina las herramientas digitales esenciales para la creaci\u00f3n audiovisual. Adquiere\nla base t\u00e9cnica que transformar\u00e1 tus ideas en proyectos profesionales.<\/div>\n<\/div>\n<\/div><\/li>\n \t<li>\n<div class=\"seccion\">\n<div class=\"titulo\">\n<p class=\"titulo\">H\u00aa de la imagen audiovisual y multimedia (3h. semanales)<\/p>\n\n<div class=\"informacion2\">Explora la evoluci\u00f3n de los lenguajes visuales, desde sus or\u00edgenes hasta la era\ndigital. Conocer el pasado te dar\u00e1 una visi\u00f3n cr\u00edtica y s\u00f3lida para innovar con criterio\npropio.<\/div>\n<\/div>\n<\/div><\/li>\n \t<li>\n<div class=\"seccion\">\n<div class=\"titulo\">\n<p class=\"titulo\">Fotograf\u00eda (4h. semanales)<\/p>\n\n<div class=\"informacion2\">Aprende a manejar la luz, la composici\u00f3n y la t\u00e9cnica fotogr\u00e1fica para capturar\nim\u00e1genes de calidad profesional. Este m\u00f3dulo ser\u00e1 la base visual de tus futuros\nproyectos.<\/div>\n<\/div>\n<\/div><\/li>\n \t<li>\n<div class=\"seccion\">\n<div class=\"titulo\">\n<p class=\"titulo\">Fundamentos de la representaci\u00f3n y la expresi\u00f3n visual (4h. semanales)<\/p>\n\n<div class=\"informacion2\">Desarrolla tus habilidades de dibujo y experimenta con el lenguaje visual como\nherramienta creativa. Mejora tu capacidad para expresar ideas de forma clara y\natractiva.<\/div>\n<\/div>\n<\/div><\/li>\n \t<li>\n<div class=\"seccion\">\n<div class=\"titulo\">\n<p class=\"titulo\">Gui\u00f3n y estructura narrativa (3h. semanales)<\/p>\n\n<div class=\"informacion2\">Aprende a estructurar relatos con sentido para diferentes medios y formatos. Conoce\nlas herramientas de pre-producci\u00f3n audiovisual.<\/div>\n<\/div>\n<\/div><\/li>\n \t<li>\n<div class=\"seccion\">\n<div class=\"titulo\">\n<p class=\"titulo\">Lenguaje y tecnolog\u00eda audiovisual I (4h. semanales)<\/p>\n\n<div class=\"informacion2\">Conoce los principios t\u00e9cnicos y expresivos del sonido y la imagen en movimiento.\nEmpieza a construir piezas audiovisuales coherentes y de calidad.<\/div>\n<\/div>\n<\/div><\/li>\n \t<li>\n<div class=\"seccion\">\n<div class=\"titulo\">\n<p class=\"titulo\">Proyectos de gr\u00e1fica audiovisual I (4h. semanales)<\/p>\n\n<div class=\"informacion2\">Aplica tus conocimientos en proyectos reales de comunicaci\u00f3n gr\u00e1fica y audiovisual.\nComienza a crear tu porfolio de motion graphics con trabajos funcionales y creativos.<\/div>\n<\/div>\n<\/div><\/li>\n \t<li>\n<div class=\"seccion\">\n<div class=\"titulo\">\n<p class=\"titulo\">Ingl\u00e9s I (2h. semanales)<\/p>\n\n<div class=\"informacion2\">Mejora tu comunicaci\u00f3n t\u00e9cnica y profesional en el idioma principal del sector\naudiovisual. Domina el vocabulario espec\u00edfico del entorno internacional.<\/div>\n<\/div>\n<\/div><\/li>\n<\/ul><\/div>\n\t\t\t\t\t\t\t\t\t<div class=\"elementor-tab-title elementor-tab-mobile-title\" aria-selected=\"false\" data-tab=\"2\" role=\"tab\" tabindex=\"-1\" aria-controls=\"elementor-tab-content-2302\" aria-expanded=\"false\">Curso 2\u00ba<\/div>\n\t\t\t\t\t<div id=\"elementor-tab-content-2302\" class=\"elementor-tab-content elementor-clearfix\" data-tab=\"2\" role=\"tabpanel\" aria-labelledby=\"elementor-tab-title-2302\" tabindex=\"0\" hidden=\"hidden\"><ul><li><div class=\"seccion\"><div class=\"titulo\"><p class=\"titulo\">T\u00e9cnicas 3D (5h. semanales)<\/p><div class=\"informacion2\">Aprende a crear entornos y objetos tridimensionales. Desarrolla habilidades de<br \/>modelado y animaci\u00f3n para dar realismo y profundidad a tus producciones digitales.<\/div><\/div><\/div><\/li><li><div class=\"seccion\"><div class=\"titulo\"><p class=\"titulo\">Recursos gr\u00e1ficos y tipogr\u00e1ficos (4h. semanales)<\/p><div class=\"informacion2\">Domina la tipograf\u00eda y los elementos gr\u00e1ficos como herramientas clave de<br \/>comunicaci\u00f3n. Dise\u00f1a recursos que aporten personalidad y claridad a tus piezas<br \/>audiovisuales.<\/div><\/div><\/div><\/li><li><div class=\"seccion\"><div class=\"titulo\"><p class=\"titulo\">Lenguaje y tecnolog\u00eda audiovisual II (6h. semanales)<\/p><div class=\"informacion2\">Profundiza en las t\u00e9cnicas de la producci\u00f3n audiovisual. Crea discursos audiovisuales<br \/>complejos con fluidez t\u00e9cnica y expresiva.<\/div><\/div><\/div><\/li><li><div class=\"seccion\"><div class=\"titulo\"><p class=\"titulo\">Proyectos de gr\u00e1fica audiovisual II (6h. semanales)<\/p><div class=\"informacion2\">Enfr\u00e9ntate a retos creativos de mayor nivel. Dise\u00f1a soluciones visuales para<br \/>distintos formatos de proyectos de motion graphics y perfecciona tu m\u00e9todo de<br \/>trabajo profesional.<\/div><\/div><\/div><\/li><li><div class=\"seccion\"><div class=\"titulo\"><p class=\"titulo\">Formaci\u00f3n y Orientaci\u00f3n Laboral (3h. semanales)<\/p><div class=\"informacion2\">Adquiere las habilidades necesarias para gestionar tu carrera. Conoce tus derechos<br \/>laborales y las claves del emprendimiento en el sector.<\/div><\/div><\/div><\/li><li><div class=\"seccion\"><div class=\"titulo\"><p class=\"titulo\">Ingl\u00e9s II (2h. semanales)<\/p><div class=\"informacion2\">Consolida tu dominio del ingl\u00e9s t\u00e9cnico del sector audiovisual. Aprende a comunicarte con soltura en un entorno laboral.<\/div><\/div><\/div><\/li><li><div class=\"seccion\"><div class=\"titulo\"><p class=\"titulo\">Proyecto Integrado (4 h. semanales)<\/p><div class=\"informacion2\">Crea un producto audiovisual completo que re\u00fana todo lo aprendido. Este proyecto<br \/>ser\u00e1 tu carta de presentaci\u00f3n en el \u00e1mbito profesional.<\/div><\/div><\/div><\/li><li><div class=\"seccion\"><div class=\"titulo\"><p class=\"titulo\">Fase de formaci\u00f3n pr\u00e1ctica en empresas o estudios. ( 210h. en horario de empresa)<\/p><div class=\"informacion2\">Aplica tus conocimientos en un entorno laboral real. Colabora con profesionales y da<br \/>tus primeros pasos dentro de la industria.<\/div><\/div><\/div><\/li><\/ul><\/div>\n\t\t\t\t\t\t\t<\/div>\n\t\t<\/div>\n\t\t\t\t<\/div>\n\t\t\t\t<\/div>\n\t\t\t\t\t<\/div>\n\t\t<\/div>\n\t\t\t\t\t\t\t<\/div>\n\t\t<\/section>\n\t\t\t\t<section class=\"elementor-section elementor-top-section elementor-element elementor-element-cfcf2bf elementor-section-boxed elementor-section-height-default elementor-section-height-default\" data-id=\"cfcf2bf\" data-element_type=\"section\">\n\t\t\t\t\t\t<div class=\"elementor-container elementor-column-gap-default\">\n\t\t\t\t\t<div class=\"elementor-column elementor-col-100 elementor-top-column elementor-element elementor-element-38962df\" data-id=\"38962df\" data-element_type=\"column\">\n\t\t\t<div class=\"elementor-widget-wrap elementor-element-populated\">\n\t\t\t\t\t\t\t\t<div class=\"elementor-element elementor-element-be8fee9 elementor-widget elementor-widget-heading\" data-id=\"be8fee9\" data-element_type=\"widget\" data-widget_type=\"heading.default\">\n\t\t\t\t<div class=\"elementor-widget-container\">\n\t\t\t<h1 class=\"elementor-heading-title elementor-size-default\">Informaci\u00f3n acad\u00e9mica<\/h1>\t\t<\/div>\n\t\t\t\t<\/div>\n\t\t\t\t<div class=\"elementor-element elementor-element-851a700 elementor-widget elementor-widget-heading\" data-id=\"851a700\" data-element_type=\"widget\" data-widget_type=\"heading.default\">\n\t\t\t\t<div class=\"elementor-widget-container\">\n\t\t\t<h3 class=\"elementor-heading-title elementor-size-default\">FAMILIA PROFESIONAL ART\u00cdSTICA DE COMUNICACI\u00d3N GR\u00c1FICA Y AUDIOVISUAL<\/h3>\t\t<\/div>\n\t\t\t\t<\/div>\n\t\t\t\t\t<\/div>\n\t\t<\/div>\n\t\t\t\t\t\t\t<\/div>\n\t\t<\/section>\n\t\t\t\t<section class=\"elementor-section elementor-top-section elementor-element elementor-element-0c38031 elementor-section-boxed elementor-section-height-default elementor-section-height-default\" data-id=\"0c38031\" data-element_type=\"section\">\n\t\t\t\t\t\t<div class=\"elementor-container elementor-column-gap-default\">\n\t\t\t\t\t<div class=\"elementor-column elementor-col-100 elementor-top-column elementor-element elementor-element-784380e\" data-id=\"784380e\" data-element_type=\"column\">\n\t\t\t<div class=\"elementor-widget-wrap elementor-element-populated\">\n\t\t\t\t\t\t\t\t<div class=\"elementor-element elementor-element-233c576 elementor-widget elementor-widget-accordion\" data-id=\"233c576\" data-element_type=\"widget\" data-widget_type=\"accordion.default\">\n\t\t\t\t<div class=\"elementor-widget-container\">\n\t\t\t\t\t<div class=\"elementor-accordion\">\n\t\t\t\t\t\t\t<div class=\"elementor-accordion-item\">\n\t\t\t\t\t<div id=\"elementor-tab-title-3691\" class=\"elementor-tab-title\" data-tab=\"1\" role=\"button\" aria-controls=\"elementor-tab-content-3691\" aria-expanded=\"false\">\n\t\t\t\t\t\t\t\t\t\t\t\t\t<span class=\"elementor-accordion-icon elementor-accordion-icon-left\" aria-hidden=\"true\">\n\t\t\t\t\t\t\t\t\t\t\t\t\t\t\t<span class=\"elementor-accordion-icon-closed\"><i class=\"fas fa-plus\"><\/i><\/span>\n\t\t\t\t\t\t\t\t<span class=\"elementor-accordion-icon-opened\"><i class=\"fas fa-minus\"><\/i><\/span>\n\t\t\t\t\t\t\t\t\t\t\t\t\t\t<\/span>\n\t\t\t\t\t\t\t\t\t\t\t\t<a class=\"elementor-accordion-title\" tabindex=\"0\">ACCESO<\/a>\n\t\t\t\t\t<\/div>\n\t\t\t\t\t<div id=\"elementor-tab-content-3691\" class=\"elementor-tab-content elementor-clearfix\" data-tab=\"1\" role=\"region\" aria-labelledby=\"elementor-tab-title-3691\"><p><strong>Con&nbsp;<\/strong><a href=\"https:\/\/escueladeartesuperior.educacion.navarra.es\/web\/prueba-de-aptitud-artistica\/\" target=\"_blank\">prueba de aptitud art\u00edstica<\/a><strong>:<\/strong><\/p>\n<ul>\n<li>T\u00edtulo de Bachiller.&nbsp;<\/li>\n<li>T\u00edtulo de T\u00e9cnico\/a Superior de FP.<\/li>\n<li>T\u00edtulo de T\u00e9cnico\/a de FP.<\/li><li>Otra titulaci\u00f3n de un nivel acad\u00e9mico superior.&nbsp;<\/li>\n<\/ul>\n<p><strong>Con&nbsp;<\/strong><a href=\"https:\/\/www.navarra.es\/es\/tramites\/on\/-\/line\/Pruebas-de-acceso-a-ciclos-de-FP-de-Artes-Plasticas-y-Diseno-y-de-Ensenanzas-Deportivas\" target=\"_blank\">prueba de acceso<\/a><strong>&nbsp;(para aquellas personas que no dispongan de titulaci\u00f3n de acceso):<\/strong><\/p>\n<ul>\n<li>tener 19 a\u00f1os o cumplirlos en el a\u00f1o de realizaci\u00f3n de la Prueba de Acceso.<\/li>\n<\/ul>\n<p><strong style=\"color: var( --e-global-color-text ); font-family: var( --e-global-typography-text-font-family ), Sans-serif;\">Exento de prueba de aptitud art\u00edstica:<\/strong><br><\/p>\n<ul>\n<li>Quienes est\u00e9n en posesi\u00f3n del t\u00edtulo de Bachiller en la modalidad de artes o de Bachillerato art\u00edstico experimental,<\/li>\n<li>Quienes est\u00e9n en posesi\u00f3n del t\u00edtulo superior de Artes Pl\u00e1sticas y t\u00edtulo Superior de Dise\u00f1o, en sus diferentes especialidades, o t\u00edtulos declarados equivalentes.<\/li>\n<li><span style=\"color: var( --e-global-color-text ); font-family: var( --e-global-typography-text-font-family ), Sans-serif; font-weight: var( --e-global-typography-text-font-weight );\">Quienes tengan un t\u00edtulo Superior de Dise\u00f1o, de Conservaci\u00f3n y Restauraci\u00f3n de Bienes Culturales,&nbsp; en sus diferentes especialidades.<\/span><br><\/li>\n<li>Quienes tengan superada esta prueba en convocatorias anteriores,<\/li>\n<li>Quienes est\u00e9n en posesi\u00f3n de un t\u00edtulo de T\u00e9cnico\/a Superior de Artes Pl\u00e1sticas y Dise\u00f1o.<\/li>\n<li>Quienes est\u00e9n en posesi\u00f3n de un t\u00edtulo de T\u00e9cnico\/a de Artes Pl\u00e1sticas y Dise\u00f1o.&nbsp;<\/li>\n<li>Quienes est\u00e9n en posesi\u00f3n de las titulaciones de Licenciatura en Bellas Artes, Arquitectura o Ingenier\u00eda T\u00e9cnica en Dise\u00f1o Industrial.<\/li>\n<li>Quienes tengan superada la Prueba de acceso a ciclos formativos de Grado Superior en la modalidad de Artes (*).<\/li>\n<li>Quienes tengan superada la Prueba espec\u00edfica de acceso a las ense\u00f1anzas art\u00edsticas superiores de Artes Pl\u00e1sticas y Dise\u00f1o.&nbsp;<\/li>\n<li>Quienes tengan experiencia laboral de al menos un a\u00f1o, relacionada con el ciclo.<\/li>\n<\/ul>\n<p>(*) Se puede acceder tambi\u00e9n a los Ciclos de Artes Pl\u00e1sticas y Dise\u00f1o realizando la prueba de acceso en otra modalidad y superando, adem\u00e1s, la prueba&nbsp; de aptitud art\u00edstica.<\/p><\/div>\n\t\t\t\t<\/div>\n\t\t\t\t\t\t\t<div class=\"elementor-accordion-item\">\n\t\t\t\t\t<div id=\"elementor-tab-title-3692\" class=\"elementor-tab-title\" data-tab=\"2\" role=\"button\" aria-controls=\"elementor-tab-content-3692\" aria-expanded=\"false\">\n\t\t\t\t\t\t\t\t\t\t\t\t\t<span class=\"elementor-accordion-icon elementor-accordion-icon-left\" aria-hidden=\"true\">\n\t\t\t\t\t\t\t\t\t\t\t\t\t\t\t<span class=\"elementor-accordion-icon-closed\"><i class=\"fas fa-plus\"><\/i><\/span>\n\t\t\t\t\t\t\t\t<span class=\"elementor-accordion-icon-opened\"><i class=\"fas fa-minus\"><\/i><\/span>\n\t\t\t\t\t\t\t\t\t\t\t\t\t\t<\/span>\n\t\t\t\t\t\t\t\t\t\t\t\t<a class=\"elementor-accordion-title\" tabindex=\"0\">TITULACI\u00d3N<\/a>\n\t\t\t\t\t<\/div>\n\t\t\t\t\t<div id=\"elementor-tab-content-3692\" class=\"elementor-tab-content elementor-clearfix\" data-tab=\"2\" role=\"region\" aria-labelledby=\"elementor-tab-title-3692\">T\u00e9cnico Superior de Artes Pl\u00e1sticas y Dise\u00f1o en Gr\u00e1fica Audiovisual. (LOE)<\/div>\n\t\t\t\t<\/div>\n\t\t\t\t\t\t\t<div class=\"elementor-accordion-item\">\n\t\t\t\t\t<div id=\"elementor-tab-title-3693\" class=\"elementor-tab-title\" data-tab=\"3\" role=\"button\" aria-controls=\"elementor-tab-content-3693\" aria-expanded=\"false\">\n\t\t\t\t\t\t\t\t\t\t\t\t\t<span class=\"elementor-accordion-icon elementor-accordion-icon-left\" aria-hidden=\"true\">\n\t\t\t\t\t\t\t\t\t\t\t\t\t\t\t<span class=\"elementor-accordion-icon-closed\"><i class=\"fas fa-plus\"><\/i><\/span>\n\t\t\t\t\t\t\t\t<span class=\"elementor-accordion-icon-opened\"><i class=\"fas fa-minus\"><\/i><\/span>\n\t\t\t\t\t\t\t\t\t\t\t\t\t\t<\/span>\n\t\t\t\t\t\t\t\t\t\t\t\t<a class=\"elementor-accordion-title\" tabindex=\"0\">PLAN DE ESTUDIOS<\/a>\n\t\t\t\t\t<\/div>\n\t\t\t\t\t<div id=\"elementor-tab-content-3693\" class=\"elementor-tab-content elementor-clearfix\" data-tab=\"3\" role=\"region\" aria-labelledby=\"elementor-tab-title-3693\"><p class=\"XA1\">El t\u00edtulo de T\u00e9cnico Superior de Artes Pl\u00e1sticas y Dise\u00f1o en Gr\u00e1fica Audiovisual queda identificado por los siguientes elementos:<\/p><p class=\"XL2\" style=\"padding-left: 40px;\">a) Denominaci\u00f3n: T\u00e9cnico Superior de Artes Pl\u00e1sticas y Dise\u00f1o en Gr\u00e1fica Audiovisual.<\/p><p class=\"XL2\" style=\"padding-left: 40px;\">b) Nivel: Grado superior de las ense\u00f1anzas profesionales de Artes Pl\u00e1sticas y Dise\u00f1o.<\/p><p class=\"XL2\" style=\"padding-left: 40px;\">c) Duraci\u00f3n: 2000 horas.<\/p><p class=\"XL2\" style=\"padding-left: 40px;\">d) Familia profesional art\u00edstica: Comunicaci\u00f3n gr\u00e1fica y audiovisual.<\/p><p class=\"XL2\" style=\"padding-left: 40px;\">e) Referente europeo: CINE &#8211; 5b (Clasificaci\u00f3n Internacional Normalizada de la Educaci\u00f3n).<\/p><p><a href=\"https:\/\/www.lexnavarra.navarra.es\/detalle.asp?r=50676\" target=\"_blank\" rel=\"noopener\">Decreto Foral 72\/2018, de 5 de septiembre<\/a><\/p><\/div>\n\t\t\t\t<\/div>\n\t\t\t\t\t\t\t<div class=\"elementor-accordion-item\">\n\t\t\t\t\t<div id=\"elementor-tab-title-3694\" class=\"elementor-tab-title\" data-tab=\"4\" role=\"button\" aria-controls=\"elementor-tab-content-3694\" aria-expanded=\"false\">\n\t\t\t\t\t\t\t\t\t\t\t\t\t<span class=\"elementor-accordion-icon elementor-accordion-icon-left\" aria-hidden=\"true\">\n\t\t\t\t\t\t\t\t\t\t\t\t\t\t\t<span class=\"elementor-accordion-icon-closed\"><i class=\"fas fa-plus\"><\/i><\/span>\n\t\t\t\t\t\t\t\t<span class=\"elementor-accordion-icon-opened\"><i class=\"fas fa-minus\"><\/i><\/span>\n\t\t\t\t\t\t\t\t\t\t\t\t\t\t<\/span>\n\t\t\t\t\t\t\t\t\t\t\t\t<a class=\"elementor-accordion-title\" tabindex=\"0\">COMPETENCIAS PROFESIONALES<\/a>\n\t\t\t\t\t<\/div>\n\t\t\t\t\t<div id=\"elementor-tab-content-3694\" class=\"elementor-tab-content elementor-clearfix\" data-tab=\"4\" role=\"region\" aria-labelledby=\"elementor-tab-title-3694\"><ul>\n<li>Comunicar eficientemente ideas y mensajes mediante el lenguaje audiovisual.\n<\/li>\n<li>Planificar y llevar a cabo, de manera aut\u00f3noma, proyectos de gr\u00e1fica audiovisual con el nivel de calidad exigible profesionalmente.\n<\/li>\n<li>Dotar al producto audiovisual de los elementos persuasivos, informativos y\/o identificativos adecuados a los objetivos del encargo.\n<\/li>\n<li>Realizar proyectos de gr\u00e1fica audiovisual en todas sus fases y llevar a cabo los controles de calidad correspondientes para la obtenci\u00f3n de una pieza audiovisual de calidad t\u00e9cnica, art\u00edstica y comunicativa.<\/li>\n<li>Seleccionar y utilizar los recursos m\u00e1s adecuados para solucionar los aspectos formales, funcionales y t\u00e9cnicos de un problema comunicativo concreto.\n<\/li>\n<li>Transmitir mediante los recursos del lenguaje audiovisual la informaci\u00f3n adecuada con precisi\u00f3n y eficiencia comunicativa.<\/li>\n<li>Proponer diversas soluciones de gr\u00e1fica audiovisual, orientadas a diferentes formatos y medios t\u00e9cnicos, que atiendan adecuadamente a las especificaciones de un encargo dado.<\/li>\n<li>Llevar a cabo con calidad t\u00e9cnica y art\u00edstica los procesos de producci\u00f3n y posproducci\u00f3n del producto audiovisual.<\/li>\n<li>Dise\u00f1ar y componer escenarios reales y virtuales, realizar la selecci\u00f3n musical y la sonorizaci\u00f3n de la pieza audiovisual, la iluminaci\u00f3n de la escena y, en su caso, llevar a cabo el trabajo con modelos o actores.\n<\/li>\n<li>Utilizar con destreza las t\u00e9cnicas y tecnolog\u00edas propias de la especialidad.<\/li>\n<li>Coordinar el trabajo que se derive o genere a partir de estas responsabilidades.<\/li>\n<li>Conocer y cumplir la normativa que regula la actividad profesional.<\/li>\n<\/ul><\/div>\n\t\t\t\t<\/div>\n\t\t\t\t\t\t\t\t<\/div>\n\t\t\t\t<\/div>\n\t\t\t\t<\/div>\n\t\t\t\t<div class=\"elementor-element elementor-element-d2b544d elementor-widget elementor-widget-html\" data-id=\"d2b544d\" data-element_type=\"widget\" data-widget_type=\"html.default\">\n\t\t\t\t<div class=\"elementor-widget-container\">\n\t\t\t<div class=\"becaespacio\"><h3 class=\"beca\">ENLACES DE INTER\u00c9S<\/h3>\n<\/div>\n<div class=\"becatxt\">\n<a href=\"#\" target=\"_blank\"><b>Flickr<\/b>:<\/a> Taller de Gr\u00e1fica audiovisual\n<\/div>\n<div style=\"clear:both;\"><\/div>\t\t<\/div>\n\t\t\t\t<\/div>\n\t\t\t\t\t<\/div>\n\t\t<\/div>\n\t\t\t\t\t\t\t<\/div>\n\t\t<\/section>\n\t\t\t\t<section class=\"elementor-section elementor-top-section elementor-element elementor-element-60b5355 elementor-section-boxed elementor-section-height-default elementor-section-height-default\" data-id=\"60b5355\" data-element_type=\"section\">\n\t\t\t\t\t\t<div class=\"elementor-container elementor-column-gap-default\">\n\t\t\t\t\t<div class=\"elementor-column elementor-col-100 elementor-top-column elementor-element elementor-element-fa3c2a2\" data-id=\"fa3c2a2\" data-element_type=\"column\">\n\t\t\t<div class=\"elementor-widget-wrap elementor-element-populated\">\n\t\t\t\t\t\t\t\t<div class=\"elementor-element elementor-element-701b3bd elementor-widget elementor-widget-heading\" data-id=\"701b3bd\" data-element_type=\"widget\" data-widget_type=\"heading.default\">\n\t\t\t\t<div class=\"elementor-widget-container\">\n\t\t\t<h1 class=\"elementor-heading-title elementor-size-default\">Proyectos realizados y Noticias<\/h1>\t\t<\/div>\n\t\t\t\t<\/div>\n\t\t\t\t<div class=\"elementor-element elementor-element-5a73afe elementor-widget elementor-widget-text-editor\" data-id=\"5a73afe\" data-element_type=\"widget\" data-widget_type=\"text-editor.default\">\n\t\t\t\t<div class=\"elementor-widget-container\">\n\t\t\t\t\t\t\tProyectos realizados y Noticias del ciclo Gr\u00e1fica audiovidual\t\t\t\t\t\t<\/div>\n\t\t\t\t<\/div>\n\t\t\t\t\t<\/div>\n\t\t<\/div>\n\t\t\t\t\t\t\t<\/div>\n\t\t<\/section>\n\t\t\t\t<section class=\"elementor-section elementor-top-section elementor-element elementor-element-42ead54 elementor-section-boxed elementor-section-height-default elementor-section-height-default\" data-id=\"42ead54\" data-element_type=\"section\">\n\t\t\t\t\t\t<div class=\"elementor-container elementor-column-gap-default\">\n\t\t\t\t\t<div class=\"elementor-column elementor-col-100 elementor-top-column elementor-element elementor-element-8cc7403\" data-id=\"8cc7403\" data-element_type=\"column\">\n\t\t\t<div class=\"elementor-widget-wrap elementor-element-populated\">\n\t\t\t\t\t\t\t\t<div class=\"elementor-element elementor-element-f8ba767 elementor-grid-3 elementor-grid-tablet-2 elementor-grid-mobile-1 elementor-posts--thumbnail-top elementor-widget elementor-widget-posts\" data-id=\"f8ba767\" data-element_type=\"widget\" data-settings=\"{&quot;classic_columns&quot;:&quot;3&quot;,&quot;classic_columns_tablet&quot;:&quot;2&quot;,&quot;classic_columns_mobile&quot;:&quot;1&quot;,&quot;classic_row_gap&quot;:{&quot;unit&quot;:&quot;px&quot;,&quot;size&quot;:35,&quot;sizes&quot;:[]},&quot;classic_row_gap_tablet&quot;:{&quot;unit&quot;:&quot;px&quot;,&quot;size&quot;:&quot;&quot;,&quot;sizes&quot;:[]},&quot;classic_row_gap_mobile&quot;:{&quot;unit&quot;:&quot;px&quot;,&quot;size&quot;:&quot;&quot;,&quot;sizes&quot;:[]}}\" data-widget_type=\"posts.classic\">\n\t\t\t\t<div class=\"elementor-widget-container\">\n\t\t\t\t\t<div class=\"elementor-posts-container elementor-posts elementor-posts--skin-classic elementor-grid\">\n\t\t\t\t<article class=\"elementor-post elementor-grid-item post-54103 post type-post status-publish format-standard has-post-thumbnail category-actualidad category-asistencia-al-producto-grafico-impreso category-asistencia-al-producto-grafico-interactivo category-bachillerato category-decoracion category-ebanisteria category-eess-diseno-interiores category-encuentros-creadores category-escultura category-grabado category-grafica-audiovisual category-ilustracion category-serigrafia tag-enric-pla-montferrer tag-escuela-de-arte-y-superior-de-diseno-de-pamplona tag-forja tag-iruneko_arte_eskola tag-xii-encuentros-con-creadoraessortzaileekin-solasean tag-xvii-encuentros-con-creadoraes entry\">\n\t\t\t\t<a class=\"elementor-post__thumbnail__link\" href=\"https:\/\/escueladeartesuperior.educacion.navarra.es\/web\/blog\/el-oficio-del-hierro-entre-arte-y-arquitectura\/\" tabindex=\"-1\" >\n\t\t\t<div class=\"elementor-post__thumbnail\"><img decoding=\"async\" width=\"300\" height=\"200\" src=\"https:\/\/escueladeartesuperior.educacion.navarra.es\/web\/wp-content\/uploads\/2026\/03\/encuentros26-enricPla-post-300x200.jpg\" class=\"attachment-medium size-medium wp-image-54104\" alt=\"Enric Pla, maestro forjador y escultor\" srcset=\"https:\/\/escueladeartesuperior.educacion.navarra.es\/web\/wp-content\/uploads\/2026\/03\/encuentros26-enricPla-post-300x200.jpg 300w, https:\/\/escueladeartesuperior.educacion.navarra.es\/web\/wp-content\/uploads\/2026\/03\/encuentros26-enricPla-post-1024x682.jpg 1024w, https:\/\/escueladeartesuperior.educacion.navarra.es\/web\/wp-content\/uploads\/2026\/03\/encuentros26-enricPla-post-768x512.jpg 768w, https:\/\/escueladeartesuperior.educacion.navarra.es\/web\/wp-content\/uploads\/2026\/03\/encuentros26-enricPla-post-1536x1024.jpg 1536w, https:\/\/escueladeartesuperior.educacion.navarra.es\/web\/wp-content\/uploads\/2026\/03\/encuentros26-enricPla-post.jpg 1622w\" sizes=\"(max-width: 300px) 100vw, 300px\" \/><\/div>\n\t\t<\/a>\n\t\t\t\t<div class=\"elementor-post__text\">\n\t\t\t\t<h3 class=\"elementor-post__title\">\n\t\t\t<a href=\"https:\/\/escueladeartesuperior.educacion.navarra.es\/web\/blog\/el-oficio-del-hierro-entre-arte-y-arquitectura\/\" >\n\t\t\t\tEl oficio del hierro, entre arte y arquitectura\t\t\t<\/a>\n\t\t<\/h3>\n\t\t\t\t<div class=\"elementor-post__meta-data\">\n\t\t\t\t\t<span class=\"elementor-post-date\">\n\t\t\t28 de marzo de 2026\t\t<\/span>\n\t\t\t\t<\/div>\n\t\t\n\t\t<a class=\"elementor-post__read-more\" href=\"https:\/\/escueladeartesuperior.educacion.navarra.es\/web\/blog\/el-oficio-del-hierro-entre-arte-y-arquitectura\/\" aria-label=\"Read more about El oficio del hierro, entre arte y arquitectura\" tabindex=\"-1\" >\n\t\t\tLeer m\u00e1s \u00bb\t\t<\/a>\n\n\t\t\t\t<\/div>\n\t\t\t\t<\/article>\n\t\t\t\t<article class=\"elementor-post elementor-grid-item post-54096 post type-post status-publish format-standard has-post-thumbnail category-actualidad category-asistencia-al-producto-grafico-impreso category-asistencia-al-producto-grafico-interactivo category-bachillerato category-decoracion category-ebanisteria category-eess-diseno-interiores category-encuentros-creadores category-escultura category-fotografia category-grabado category-grafica-audiovisual category-ilustracion category-noticias tag-escuela-de-arte-y-superior-de-diseno-de-pamplona tag-gurutze-orduna tag-interiorismo tag-iruneko_arte_eskola tag-xii-encuentros-con-creadoraessortzaileekin-solasean tag-xvii-encuentros-con-creadoraes entry\">\n\t\t\t\t<a class=\"elementor-post__thumbnail__link\" href=\"https:\/\/escueladeartesuperior.educacion.navarra.es\/web\/blog\/disenar-espacios-con-criterio\/\" tabindex=\"-1\" >\n\t\t\t<div class=\"elementor-post__thumbnail\"><img decoding=\"async\" width=\"300\" height=\"200\" src=\"https:\/\/escueladeartesuperior.educacion.navarra.es\/web\/wp-content\/uploads\/2026\/03\/encuentros26-gurutze-post-300x200.jpg\" class=\"attachment-medium size-medium wp-image-54098\" alt=\"Gurutze Ordu\u00f1a dise\u00f1adora de interiores\" srcset=\"https:\/\/escueladeartesuperior.educacion.navarra.es\/web\/wp-content\/uploads\/2026\/03\/encuentros26-gurutze-post-300x200.jpg 300w, https:\/\/escueladeartesuperior.educacion.navarra.es\/web\/wp-content\/uploads\/2026\/03\/encuentros26-gurutze-post-1024x682.jpg 1024w, https:\/\/escueladeartesuperior.educacion.navarra.es\/web\/wp-content\/uploads\/2026\/03\/encuentros26-gurutze-post-768x512.jpg 768w, https:\/\/escueladeartesuperior.educacion.navarra.es\/web\/wp-content\/uploads\/2026\/03\/encuentros26-gurutze-post-1536x1024.jpg 1536w, https:\/\/escueladeartesuperior.educacion.navarra.es\/web\/wp-content\/uploads\/2026\/03\/encuentros26-gurutze-post.jpg 1622w\" sizes=\"(max-width: 300px) 100vw, 300px\" \/><\/div>\n\t\t<\/a>\n\t\t\t\t<div class=\"elementor-post__text\">\n\t\t\t\t<h3 class=\"elementor-post__title\">\n\t\t\t<a href=\"https:\/\/escueladeartesuperior.educacion.navarra.es\/web\/blog\/disenar-espacios-con-criterio\/\" >\n\t\t\t\tDise\u00f1ar espacios con criterio\t\t\t<\/a>\n\t\t<\/h3>\n\t\t\t\t<div class=\"elementor-post__meta-data\">\n\t\t\t\t\t<span class=\"elementor-post-date\">\n\t\t\t26 de marzo de 2026\t\t<\/span>\n\t\t\t\t<\/div>\n\t\t\n\t\t<a class=\"elementor-post__read-more\" href=\"https:\/\/escueladeartesuperior.educacion.navarra.es\/web\/blog\/disenar-espacios-con-criterio\/\" aria-label=\"Read more about Dise\u00f1ar espacios con criterio\" tabindex=\"-1\" >\n\t\t\tLeer m\u00e1s \u00bb\t\t<\/a>\n\n\t\t\t\t<\/div>\n\t\t\t\t<\/article>\n\t\t\t\t<article class=\"elementor-post elementor-grid-item post-54038 post type-post status-publish format-standard has-post-thumbnail category-actualidad category-asistencia-al-producto-grafico-impreso category-asistencia-al-producto-grafico-interactivo category-bachillerato category-ebanisteria category-eess-diseno-interiores category-encuentros-creadores category-escultura category-fotografia category-fpe category-grabado category-grafica-audiovisual category-ilustracion category-noticias tag-doblaje-audiovisual tag-escuela-de-arte-de-pamplona tag-escuela-de-arte-y-superior-de-diseno tag-iruneko_arte_eskola tag-maite-mulet tag-xii-encuentros-con-creadoraessortzaileekin-solasean tag-xvii-encuentros-con-creadoraes entry\">\n\t\t\t\t<a class=\"elementor-post__thumbnail__link\" href=\"https:\/\/escueladeartesuperior.educacion.navarra.es\/web\/blog\/la-voz-como-herramienta-creativa\/\" tabindex=\"-1\" >\n\t\t\t<div class=\"elementor-post__thumbnail\"><img loading=\"lazy\" decoding=\"async\" width=\"300\" height=\"200\" src=\"https:\/\/escueladeartesuperior.educacion.navarra.es\/web\/wp-content\/uploads\/2026\/03\/encuentros26-mulet-post-300x200.jpg\" class=\"attachment-medium size-medium wp-image-54040\" alt=\"Charla con la actriz de doblaje Maite Mulet\" srcset=\"https:\/\/escueladeartesuperior.educacion.navarra.es\/web\/wp-content\/uploads\/2026\/03\/encuentros26-mulet-post-300x200.jpg 300w, https:\/\/escueladeartesuperior.educacion.navarra.es\/web\/wp-content\/uploads\/2026\/03\/encuentros26-mulet-post-1024x682.jpg 1024w, https:\/\/escueladeartesuperior.educacion.navarra.es\/web\/wp-content\/uploads\/2026\/03\/encuentros26-mulet-post-768x512.jpg 768w, https:\/\/escueladeartesuperior.educacion.navarra.es\/web\/wp-content\/uploads\/2026\/03\/encuentros26-mulet-post-1536x1024.jpg 1536w, https:\/\/escueladeartesuperior.educacion.navarra.es\/web\/wp-content\/uploads\/2026\/03\/encuentros26-mulet-post.jpg 1622w\" sizes=\"(max-width: 300px) 100vw, 300px\" \/><\/div>\n\t\t<\/a>\n\t\t\t\t<div class=\"elementor-post__text\">\n\t\t\t\t<h3 class=\"elementor-post__title\">\n\t\t\t<a href=\"https:\/\/escueladeartesuperior.educacion.navarra.es\/web\/blog\/la-voz-como-herramienta-creativa\/\" >\n\t\t\t\tLa voz como herramienta creativa\t\t\t<\/a>\n\t\t<\/h3>\n\t\t\t\t<div class=\"elementor-post__meta-data\">\n\t\t\t\t\t<span class=\"elementor-post-date\">\n\t\t\t18 de marzo de 2026\t\t<\/span>\n\t\t\t\t<\/div>\n\t\t\n\t\t<a class=\"elementor-post__read-more\" href=\"https:\/\/escueladeartesuperior.educacion.navarra.es\/web\/blog\/la-voz-como-herramienta-creativa\/\" aria-label=\"Read more about La voz como herramienta creativa\" tabindex=\"-1\" >\n\t\t\tLeer m\u00e1s \u00bb\t\t<\/a>\n\n\t\t\t\t<\/div>\n\t\t\t\t<\/article>\n\t\t\t\t<\/div>\n\t\t\n\t\t\t\t<\/div>\n\t\t\t\t<\/div>\n\t\t\t\t\t<\/div>\n\t\t<\/div>\n\t\t\t\t\t\t\t<\/div>\n\t\t<\/section>\n\t\t\t\t\t\t\t<\/div>\n\t\t","protected":false},"excerpt":{"rendered":"<p>\u00bfPor qu\u00e9 hacer Gr\u00e1fica audiovisual? Las pantallas y la informaci\u00f3n en movimiento nos rodea. Vivimos en un mundo digital donde la informaci\u00f3n est\u00e1tica ya no<\/p>\n","protected":false},"author":1,"featured_media":0,"parent":31458,"menu_order":4,"comment_status":"closed","ping_status":"open","template":"","meta":{"_genesis_hide_title":false,"_genesis_hide_breadcrumbs":false,"_genesis_hide_singular_image":false,"_genesis_hide_footer_widgets":false,"_genesis_custom_body_class":"","_genesis_custom_post_class":"","_genesis_layout":"","footnotes":""},"_links":{"self":[{"href":"https:\/\/escueladeartesuperior.educacion.navarra.es\/web\/wp-json\/wp\/v2\/pages\/15329"}],"collection":[{"href":"https:\/\/escueladeartesuperior.educacion.navarra.es\/web\/wp-json\/wp\/v2\/pages"}],"about":[{"href":"https:\/\/escueladeartesuperior.educacion.navarra.es\/web\/wp-json\/wp\/v2\/types\/page"}],"author":[{"embeddable":true,"href":"https:\/\/escueladeartesuperior.educacion.navarra.es\/web\/wp-json\/wp\/v2\/users\/1"}],"replies":[{"embeddable":true,"href":"https:\/\/escueladeartesuperior.educacion.navarra.es\/web\/wp-json\/wp\/v2\/comments?post=15329"}],"version-history":[{"count":149,"href":"https:\/\/escueladeartesuperior.educacion.navarra.es\/web\/wp-json\/wp\/v2\/pages\/15329\/revisions"}],"predecessor-version":[{"id":54746,"href":"https:\/\/escueladeartesuperior.educacion.navarra.es\/web\/wp-json\/wp\/v2\/pages\/15329\/revisions\/54746"}],"up":[{"embeddable":true,"href":"https:\/\/escueladeartesuperior.educacion.navarra.es\/web\/wp-json\/wp\/v2\/pages\/31458"}],"wp:attachment":[{"href":"https:\/\/escueladeartesuperior.educacion.navarra.es\/web\/wp-json\/wp\/v2\/media?parent=15329"}],"curies":[{"name":"wp","href":"https:\/\/api.w.org\/{rel}","templated":true}]}}