{"id":10558,"date":"2014-11-26T10:43:51","date_gmt":"2014-11-26T09:43:51","guid":{"rendered":"http:\/\/www.escueladeartepamplona.com\/?page_id=10558"},"modified":"2023-09-28T13:27:37","modified_gmt":"2023-09-28T11:27:37","slug":"erasmus-2021-2027","status":"publish","type":"page","link":"https:\/\/escueladeartesuperior.educacion.navarra.es\/web\/internacionalizacion\/erasmus-2021-2027\/","title":{"rendered":"Erasmus 2021-2027"},"content":{"rendered":"\t\t<div data-elementor-type=\"wp-page\" data-elementor-id=\"10558\" class=\"elementor elementor-10558\" data-elementor-post-type=\"page\">\n\t\t\t\t\t\t\t\t\t<section class=\"elementor-section elementor-top-section elementor-element elementor-element-b74c45b elementor-section-boxed elementor-section-height-default elementor-section-height-default\" data-id=\"b74c45b\" data-element_type=\"section\">\n\t\t\t\t\t\t<div class=\"elementor-container elementor-column-gap-default\">\n\t\t\t\t\t<div class=\"elementor-column elementor-col-100 elementor-top-column elementor-element elementor-element-5e9252d\" data-id=\"5e9252d\" data-element_type=\"column\">\n\t\t\t<div class=\"elementor-widget-wrap\">\n\t\t\t\t\t\t\t\t\t<\/div>\n\t\t<\/div>\n\t\t\t\t\t\t\t<\/div>\n\t\t<\/section>\n\t\t\t\t<section class=\"elementor-section elementor-top-section elementor-element elementor-element-2e243a7 elementor-section-boxed elementor-section-height-default elementor-section-height-default\" data-id=\"2e243a7\" data-element_type=\"section\">\n\t\t\t\t\t\t<div class=\"elementor-container elementor-column-gap-default\">\n\t\t\t\t\t<div class=\"elementor-column elementor-col-66 elementor-top-column elementor-element elementor-element-a998e3a\" data-id=\"a998e3a\" data-element_type=\"column\">\n\t\t\t<div class=\"elementor-widget-wrap elementor-element-populated\">\n\t\t\t\t\t\t\t\t<div class=\"elementor-element elementor-element-1e8517a elementor-widget elementor-widget-heading\" data-id=\"1e8517a\" data-element_type=\"widget\" data-widget_type=\"heading.default\">\n\t\t\t\t<div class=\"elementor-widget-container\">\n\t\t\t<h3 class=\"elementor-heading-title elementor-size-default\">EXPERIENCIA LABORAL EN EMPRESAS EUROPEAS<\/h3>\t\t<\/div>\n\t\t\t\t<\/div>\n\t\t\t\t<div class=\"elementor-element elementor-element-cf15ed9 elementor-widget elementor-widget-text-editor\" data-id=\"cf15ed9\" data-element_type=\"widget\" data-widget_type=\"text-editor.default\">\n\t\t\t\t<div class=\"elementor-widget-container\">\n\t\t\t\t\t\t\t<p>El programa Erasmus ofrece al alumnado de Ciclos de Grado Medio y Grado Superior que hayan finalizado sus estudios en la Escuela la posibilidad de formarse y adquirir experiencia laboral mediante pr\u00e1cticas en empresas de Europa. El programa tiene como objetivo mejorar las cualificaciones y la empleabilidad, modernizar la educaci\u00f3n, la formaci\u00f3n y el trabajo juvenil.<\/p><p>La duraci\u00f3n es de tres meses y puede haber tres posibles per\u00edodos: septiembre &#8211; diciembre, enero &#8211; marzo, abril &#8211; junio.<\/p>\t\t\t\t\t\t<\/div>\n\t\t\t\t<\/div>\n\t\t\t\t<div class=\"elementor-element elementor-element-22e0bb7 elementor-widget elementor-widget-heading\" data-id=\"22e0bb7\" data-element_type=\"widget\" data-widget_type=\"heading.default\">\n\t\t\t\t<div class=\"elementor-widget-container\">\n\t\t\t<h3 class=\"elementor-heading-title elementor-size-default\">ERASMUS POLICY STATEMENT (EPS)<\/h3>\t\t<\/div>\n\t\t\t\t<\/div>\n\t\t\t\t<div class=\"elementor-element elementor-element-03db267 elementor-widget elementor-widget-text-editor\" data-id=\"03db267\" data-element_type=\"widget\" data-widget_type=\"text-editor.default\">\n\t\t\t\t<div class=\"elementor-widget-container\">\n\t\t\t\t\t\t\t<p style=\"text-align: left;\">Estrategia de Erasmus de la Escuela de Arte y Superior de Dise\u00f1o de Pamplona.\u00a0 <a href=\"https:\/\/escueladeartesuperior.educacion.navarra.es\/web\/blog\/erasmus-policy-statement-eps\/\">+info<\/a><\/p>\t\t\t\t\t\t<\/div>\n\t\t\t\t<\/div>\n\t\t\t\t<div class=\"elementor-element elementor-element-e145e59 elementor-widget elementor-widget-heading\" data-id=\"e145e59\" data-element_type=\"widget\" data-widget_type=\"heading.default\">\n\t\t\t\t<div class=\"elementor-widget-container\">\n\t\t\t<h3 class=\"elementor-heading-title elementor-size-default\">CONTACTO<\/h3>\t\t<\/div>\n\t\t\t\t<\/div>\n\t\t\t\t<div class=\"elementor-element elementor-element-af5469a elementor-widget elementor-widget-text-editor\" data-id=\"af5469a\" data-element_type=\"widget\" data-widget_type=\"text-editor.default\">\n\t\t\t\t<div class=\"elementor-widget-container\">\n\t\t\t\t\t\t\t<p>Para m\u00e1s informaci\u00f3n dirigirse al jefe de departamento de Actividades Profesionales Externas del centro,<br \/><strong>Ver\u00f3nica Eguaras<\/strong><\/p>\t\t\t\t\t\t<\/div>\n\t\t\t\t<\/div>\n\t\t\t\t\t<\/div>\n\t\t<\/div>\n\t\t\t\t<div class=\"elementor-column elementor-col-33 elementor-top-column elementor-element elementor-element-a837885\" data-id=\"a837885\" data-element_type=\"column\">\n\t\t\t<div class=\"elementor-widget-wrap elementor-element-populated\">\n\t\t\t\t\t\t\t\t<div class=\"elementor-element elementor-element-1eb5deb elementor-widget-divider--view-line elementor-widget elementor-widget-divider\" data-id=\"1eb5deb\" data-element_type=\"widget\" data-widget_type=\"divider.default\">\n\t\t\t\t<div class=\"elementor-widget-container\">\n\t\t\t\t\t<div class=\"elementor-divider\">\n\t\t\t<span class=\"elementor-divider-separator\">\n\t\t\t\t\t\t<\/span>\n\t\t<\/div>\n\t\t\t\t<\/div>\n\t\t\t\t<\/div>\n\t\t\t\t<div class=\"elementor-element elementor-element-e2db781 elementor-widget elementor-widget-image\" data-id=\"e2db781\" data-element_type=\"widget\" data-widget_type=\"image.default\">\n\t\t\t\t<div class=\"elementor-widget-container\">\n\t\t\t\t\t\t\t\t\t\t\t\t\t\t\t<img decoding=\"async\" width=\"150\" height=\"150\" src=\"https:\/\/escueladeartesuperior.educacion.navarra.es\/web\/wp-content\/uploads\/2021\/11\/Logotipo-Europa-150x150.png\" class=\"attachment-thumbnail size-thumbnail wp-image-39406\" alt=\"\" srcset=\"https:\/\/escueladeartesuperior.educacion.navarra.es\/web\/wp-content\/uploads\/2021\/11\/Logotipo-Europa-150x150.png 150w, https:\/\/escueladeartesuperior.educacion.navarra.es\/web\/wp-content\/uploads\/2021\/11\/Logotipo-Europa-75x75.png 75w\" sizes=\"(max-width: 150px) 100vw, 150px\" \/>\t\t\t\t\t\t\t\t\t\t\t\t\t\t\t<\/div>\n\t\t\t\t<\/div>\n\t\t\t\t<div class=\"elementor-element elementor-element-f2101f1 elementor-widget elementor-widget-spacer\" data-id=\"f2101f1\" data-element_type=\"widget\" data-widget_type=\"spacer.default\">\n\t\t\t\t<div class=\"elementor-widget-container\">\n\t\t\t\t\t<div class=\"elementor-spacer\">\n\t\t\t<div class=\"elementor-spacer-inner\"><\/div>\n\t\t<\/div>\n\t\t\t\t<\/div>\n\t\t\t\t<\/div>\n\t\t\t\t\t<\/div>\n\t\t<\/div>\n\t\t\t\t\t\t\t<\/div>\n\t\t<\/section>\n\t\t\t\t<section class=\"elementor-section elementor-top-section elementor-element elementor-element-ebea7af elementor-section-boxed elementor-section-height-default elementor-section-height-default\" data-id=\"ebea7af\" data-element_type=\"section\">\n\t\t\t\t\t\t<div class=\"elementor-container elementor-column-gap-default\">\n\t\t\t\t\t<div class=\"elementor-column elementor-col-100 elementor-top-column elementor-element elementor-element-17b9be6\" data-id=\"17b9be6\" data-element_type=\"column\">\n\t\t\t<div class=\"elementor-widget-wrap elementor-element-populated\">\n\t\t\t\t\t\t\t\t<div class=\"elementor-element elementor-element-9245ac7 elementor-icon-list--layout-traditional elementor-list-item-link-full_width elementor-widget elementor-widget-icon-list\" data-id=\"9245ac7\" data-element_type=\"widget\" data-widget_type=\"icon-list.default\">\n\t\t\t\t<div class=\"elementor-widget-container\">\n\t\t\t\t\t<ul class=\"elementor-icon-list-items\">\n\t\t\t\t\t\t\t<li class=\"elementor-icon-list-item\">\n\t\t\t\t\t\t\t\t\t\t\t<a href=\"mailto:eapamplo-internacionalizacion@educacion.navarra.es\">\n\n\t\t\t\t\t\t\t\t\t\t\t\t<span class=\"elementor-icon-list-icon\">\n\t\t\t\t\t\t\t<i aria-hidden=\"true\" class=\"far fa-envelope-open\"><\/i>\t\t\t\t\t\t<\/span>\n\t\t\t\t\t\t\t\t\t\t<span class=\"elementor-icon-list-text\"><span style=\"color: rgb(0, 0, 0); font-family: Roboto, &quot;Trebuchet MS&quot;, Arial, Helvetica, sans-serif; font-size: 13px; text-align: start; white-space: normal;\">&nbsp;internacional.easd.pamplona@educacion.navarra.es<\/span><\/span>\n\t\t\t\t\t\t\t\t\t\t\t<\/a>\n\t\t\t\t\t\t\t\t\t<\/li>\n\t\t\t\t\t\t\t\t<li class=\"elementor-icon-list-item\">\n\t\t\t\t\t\t\t\t\t\t\t<a href=\"mailto:ea.pamplona.apexternas@educacion.navarra.es\">\n\n\t\t\t\t\t\t\t\t\t\t\t\t<span class=\"elementor-icon-list-icon\">\n\t\t\t\t\t\t\t<i aria-hidden=\"true\" class=\"far fa-envelope-open\"><\/i>\t\t\t\t\t\t<\/span>\n\t\t\t\t\t\t\t\t\t\t<span class=\"elementor-icon-list-text\">ea.pamplona.apexternas@educacion.navarra.es<\/span>\n\t\t\t\t\t\t\t\t\t\t\t<\/a>\n\t\t\t\t\t\t\t\t\t<\/li>\n\t\t\t\t\t\t<\/ul>\n\t\t\t\t<\/div>\n\t\t\t\t<\/div>\n\t\t\t\t\t<\/div>\n\t\t<\/div>\n\t\t\t\t\t\t\t<\/div>\n\t\t<\/section>\n\t\t\t\t<section class=\"elementor-section elementor-top-section elementor-element elementor-element-8c250f7 elementor-section-boxed elementor-section-height-default elementor-section-height-default\" data-id=\"8c250f7\" data-element_type=\"section\">\n\t\t\t\t\t\t<div class=\"elementor-container elementor-column-gap-default\">\n\t\t\t\t\t<div class=\"elementor-column elementor-col-33 elementor-top-column elementor-element elementor-element-8d87cb8\" data-id=\"8d87cb8\" data-element_type=\"column\">\n\t\t\t<div class=\"elementor-widget-wrap elementor-element-populated\">\n\t\t\t\t\t\t\t\t<div class=\"elementor-element elementor-element-56ba23a elementor-widget elementor-widget-heading\" data-id=\"56ba23a\" data-element_type=\"widget\" data-widget_type=\"heading.default\">\n\t\t\t\t<div class=\"elementor-widget-container\">\n\t\t\t<h3 class=\"elementor-heading-title elementor-size-default\">CONVOCATORIA 2021 - 2022  <\/h3>\t\t<\/div>\n\t\t\t\t<\/div>\n\t\t\t\t<div class=\"elementor-element elementor-element-dce335e elementor-widget elementor-widget-text-editor\" data-id=\"dce335e\" data-element_type=\"widget\" data-widget_type=\"text-editor.default\">\n\t\t\t\t<div class=\"elementor-widget-container\">\n\t\t\t\t\t\t\tDirigido al alumnado de ciclos formativos de Grado Medio y Grado Superior.\t\t\t\t\t\t<\/div>\n\t\t\t\t<\/div>\n\t\t\t\t<div class=\"elementor-element elementor-element-a2728f8 elementor-icon-list--layout-traditional elementor-list-item-link-full_width elementor-widget elementor-widget-icon-list\" data-id=\"a2728f8\" data-element_type=\"widget\" data-widget_type=\"icon-list.default\">\n\t\t\t\t<div class=\"elementor-widget-container\">\n\t\t\t\t\t<ul class=\"elementor-icon-list-items\">\n\t\t\t\t\t\t\t<li class=\"elementor-icon-list-item\">\n\t\t\t\t\t\t\t\t\t\t\t<a href=\"https:\/\/escueladeartesuperior.educacion.navarra.es\/web\/wp-content\/uploads\/2021\/05\/ErasmusConvocatoria-2020-2021.pdf\" target=\"_blank\">\n\n\t\t\t\t\t\t\t\t\t\t\t\t<span class=\"elementor-icon-list-icon\">\n\t\t\t\t\t\t\t<i aria-hidden=\"true\" class=\"fas fa-long-arrow-alt-right\"><\/i>\t\t\t\t\t\t<\/span>\n\t\t\t\t\t\t\t\t\t\t<span class=\"elementor-icon-list-text\">Anexo de la Convocatoria<\/span>\n\t\t\t\t\t\t\t\t\t\t\t<\/a>\n\t\t\t\t\t\t\t\t\t<\/li>\n\t\t\t\t\t\t<\/ul>\n\t\t\t\t<\/div>\n\t\t\t\t<\/div>\n\t\t\t\t\t<\/div>\n\t\t<\/div>\n\t\t\t\t<div class=\"elementor-column elementor-col-33 elementor-top-column elementor-element elementor-element-649c4cc\" data-id=\"649c4cc\" data-element_type=\"column\">\n\t\t\t<div class=\"elementor-widget-wrap elementor-element-populated\">\n\t\t\t\t\t\t\t\t<div class=\"elementor-element elementor-element-b8f6544 elementor-widget elementor-widget-heading\" data-id=\"b8f6544\" data-element_type=\"widget\" data-widget_type=\"heading.default\">\n\t\t\t\t<div class=\"elementor-widget-container\">\n\t\t\t<h3 class=\"elementor-heading-title elementor-size-default\">PROGRAMA CARTES<\/h3>\t\t<\/div>\n\t\t\t\t<\/div>\n\t\t\t\t<div class=\"elementor-element elementor-element-843b9eb elementor-widget elementor-widget-text-editor\" data-id=\"843b9eb\" data-element_type=\"widget\" data-widget_type=\"text-editor.default\">\n\t\t\t\t<div class=\"elementor-widget-container\">\n\t\t\t\t\t\t\t<p>De inter\u00e9s para el alumnado y profesorado: Gesti\u00f3n de los proyectos y bases reguladoras de las movilidades internacionales de la Escuela de Arte y Superior de Dise\u00f1o de Pamplona.<\/p>\t\t\t\t\t\t<\/div>\n\t\t\t\t<\/div>\n\t\t\t\t<div class=\"elementor-element elementor-element-f015278 elementor-align-left elementor-icon-list--layout-traditional elementor-list-item-link-full_width elementor-widget elementor-widget-icon-list\" data-id=\"f015278\" data-element_type=\"widget\" data-widget_type=\"icon-list.default\">\n\t\t\t\t<div class=\"elementor-widget-container\">\n\t\t\t\t\t<ul class=\"elementor-icon-list-items\">\n\t\t\t\t\t\t\t<li class=\"elementor-icon-list-item\">\n\t\t\t\t\t\t\t\t\t\t\t<a href=\"https:\/\/escueladeartesuperior.educacion.navarra.es\/web\/wp-content\/uploads\/2020\/01\/Anexo-IV-Normas-generales-de-gesti\u00f3n-del-proyecto.pdf\" target=\"_blank\">\n\n\t\t\t\t\t\t\t\t\t\t\t\t<span class=\"elementor-icon-list-icon\">\n\t\t\t\t\t\t\t<i aria-hidden=\"true\" class=\"fas fa-long-arrow-alt-right\"><\/i>\t\t\t\t\t\t<\/span>\n\t\t\t\t\t\t\t\t\t\t<span class=\"elementor-icon-list-text\">Anexo IV-Normas generales de gesti\u00f3n de los proyectos CARTES<\/span>\n\t\t\t\t\t\t\t\t\t\t\t<\/a>\n\t\t\t\t\t\t\t\t\t<\/li>\n\t\t\t\t\t\t<\/ul>\n\t\t\t\t<\/div>\n\t\t\t\t<\/div>\n\t\t\t\t\t<\/div>\n\t\t<\/div>\n\t\t\t\t<div class=\"elementor-column elementor-col-33 elementor-top-column elementor-element elementor-element-6aafc70\" data-id=\"6aafc70\" data-element_type=\"column\">\n\t\t\t<div class=\"elementor-widget-wrap elementor-element-populated\">\n\t\t\t\t\t\t\t\t<div class=\"elementor-element elementor-element-7f1b5c8 elementor-widget elementor-widget-heading\" data-id=\"7f1b5c8\" data-element_type=\"widget\" data-widget_type=\"heading.default\">\n\t\t\t\t<div class=\"elementor-widget-container\">\n\t\t\t<h3 class=\"elementor-heading-title elementor-size-default\">CARTA ERASMUS DE FORMACI\u00d3N PROFESIONAL DE LA ESCUELA DE ARTE<\/h3>\t\t<\/div>\n\t\t\t\t<\/div>\n\t\t\t\t<div class=\"elementor-element elementor-element-3d76dc9 elementor-widget elementor-widget-text-editor\" data-id=\"3d76dc9\" data-element_type=\"widget\" data-widget_type=\"text-editor.default\">\n\t\t\t\t<div class=\"elementor-widget-container\">\n\t\t\t\t\t\t\t<p>La obtenci\u00f3n de una <strong><a href=\"https:\/\/escueladeartesuperior.educacion.navarra.es\/web\/wp-content\/uploads\/2021\/05\/Erasmus-Charter-for-Higher-Education-1.pdf\" target=\"_blank\" rel=\"noopener\">Carta Erasmus de Educaci\u00f3n Superior (ECHE)<\/a><\/strong> es un requisito previo que han de cumplir todas las instituciones de educaci\u00f3n superior que deseen participar en un Proyecto de movilidad de educaci\u00f3n superior.<\/p>\t\t\t\t\t\t<\/div>\n\t\t\t\t<\/div>\n\t\t\t\t\t<\/div>\n\t\t<\/div>\n\t\t\t\t\t\t\t<\/div>\n\t\t<\/section>\n\t\t\t\t<section class=\"elementor-section elementor-top-section elementor-element elementor-element-7ffeb5c elementor-section-boxed elementor-section-height-default elementor-section-height-default\" data-id=\"7ffeb5c\" data-element_type=\"section\">\n\t\t\t\t\t\t<div class=\"elementor-container elementor-column-gap-default\">\n\t\t\t\t\t<div class=\"elementor-column elementor-col-50 elementor-top-column elementor-element elementor-element-c0eda57\" data-id=\"c0eda57\" data-element_type=\"column\">\n\t\t\t<div class=\"elementor-widget-wrap elementor-element-populated\">\n\t\t\t\t\t\t\t\t<div class=\"elementor-element elementor-element-b3c7a65 elementor-position-top elementor-widget elementor-widget-image-box\" data-id=\"b3c7a65\" data-element_type=\"widget\" data-widget_type=\"image-box.default\">\n\t\t\t\t<div class=\"elementor-widget-container\">\n\t\t\t<div class=\"elementor-image-box-wrapper\"><figure class=\"elementor-image-box-img\"><a href=\"http:\/\/sepie.es\/formacion-profesional\/index.html\" target=\"_blank\" tabindex=\"-1\"><img fetchpriority=\"high\" decoding=\"async\" width=\"487\" height=\"320\" src=\"https:\/\/escueladeartesuperior.educacion.navarra.es\/web\/wp-content\/uploads\/2020\/01\/sepie.jpg\" class=\"attachment-full size-full wp-image-33235\" alt=\"\" srcset=\"https:\/\/escueladeartesuperior.educacion.navarra.es\/web\/wp-content\/uploads\/2020\/01\/sepie.jpg 487w, https:\/\/escueladeartesuperior.educacion.navarra.es\/web\/wp-content\/uploads\/2020\/01\/sepie-300x197.jpg 300w\" sizes=\"(max-width: 487px) 100vw, 487px\" \/><\/a><\/figure><div class=\"elementor-image-box-content\"><p class=\"elementor-image-box-description\">Es el Organismo Aut\u00f3nomo, dependiente del Ministerio de Educaci\u00f3n, Cultura y Deporte, que act\u00faa como Agencia Nacional para la gesti\u00f3n, difusi\u00f3n, promoci\u00f3n y estudios de impacto del nuevo programa Erasmus+ en el \u00e1mbito de la educaci\u00f3n y la formaci\u00f3n (2014-2020).<\/p><\/div><\/div>\t\t<\/div>\n\t\t\t\t<\/div>\n\t\t\t\t\t<\/div>\n\t\t<\/div>\n\t\t\t\t<div class=\"elementor-column elementor-col-50 elementor-top-column elementor-element elementor-element-4238d3f\" data-id=\"4238d3f\" data-element_type=\"column\">\n\t\t\t<div class=\"elementor-widget-wrap elementor-element-populated\">\n\t\t\t\t\t\t\t\t<div class=\"elementor-element elementor-element-b2b68c3 elementor-position-top elementor-widget elementor-widget-image-box\" data-id=\"b2b68c3\" data-element_type=\"widget\" data-widget_type=\"image-box.default\">\n\t\t\t\t<div class=\"elementor-widget-container\">\n\t\t\t<div class=\"elementor-image-box-wrapper\"><figure class=\"elementor-image-box-img\"><a href=\"http:\/\/sepie.es\/formacion-profesional\/index.html\" target=\"_blank\" tabindex=\"-1\"><img decoding=\"async\" width=\"338\" height=\"219\" src=\"https:\/\/escueladeartesuperior.educacion.navarra.es\/web\/wp-content\/uploads\/2020\/01\/europass.jpg\" class=\"attachment-full size-full wp-image-33241\" alt=\"\" srcset=\"https:\/\/escueladeartesuperior.educacion.navarra.es\/web\/wp-content\/uploads\/2020\/01\/europass.jpg 338w, https:\/\/escueladeartesuperior.educacion.navarra.es\/web\/wp-content\/uploads\/2020\/01\/europass-300x194.jpg 300w\" sizes=\"(max-width: 338px) 100vw, 338px\" \/><\/a><\/figure><div class=\"elementor-image-box-content\"><p class=\"elementor-image-box-description\">Expediente personal  que permite comunicar y presentar  sus cualificaciones y competencias en toda Europa, para la b\u00fasqueda de trabajo o solicitar la admisi\u00f3n en alg\u00fan programa educativo o formativo.<\/p><\/div><\/div>\t\t<\/div>\n\t\t\t\t<\/div>\n\t\t\t\t\t<\/div>\n\t\t<\/div>\n\t\t\t\t\t\t\t<\/div>\n\t\t<\/section>\n\t\t\t\t<section class=\"elementor-section elementor-top-section elementor-element elementor-element-dcb9395 elementor-section-boxed elementor-section-height-default elementor-section-height-default\" data-id=\"dcb9395\" data-element_type=\"section\">\n\t\t\t\t\t\t<div class=\"elementor-container elementor-column-gap-default\">\n\t\t\t\t\t<div class=\"elementor-column elementor-col-100 elementor-top-column elementor-element elementor-element-e368e65\" data-id=\"e368e65\" data-element_type=\"column\">\n\t\t\t<div class=\"elementor-widget-wrap elementor-element-populated\">\n\t\t\t\t\t\t\t\t<div class=\"elementor-element elementor-element-538b9ed elementor-widget elementor-widget-heading\" data-id=\"538b9ed\" data-element_type=\"widget\" data-widget_type=\"heading.default\">\n\t\t\t\t<div class=\"elementor-widget-container\">\n\t\t\t<h2 class=\"elementor-heading-title elementor-size-default\">Nuestros estudiantes en Europa<\/h2>\t\t<\/div>\n\t\t\t\t<\/div>\n\t\t\t\t<div class=\"elementor-element elementor-element-6b093bb elementor-grid-3 elementor-grid-tablet-2 elementor-grid-mobile-1 elementor-widget elementor-widget-portfolio\" data-id=\"6b093bb\" data-element_type=\"widget\" data-settings=\"{&quot;columns&quot;:&quot;3&quot;,&quot;columns_tablet&quot;:&quot;2&quot;,&quot;columns_mobile&quot;:&quot;1&quot;,&quot;item_ratio&quot;:{&quot;unit&quot;:&quot;px&quot;,&quot;size&quot;:0.66,&quot;sizes&quot;:[]},&quot;item_gap&quot;:{&quot;unit&quot;:&quot;px&quot;,&quot;size&quot;:&quot;&quot;,&quot;sizes&quot;:[]},&quot;row_gap&quot;:{&quot;unit&quot;:&quot;px&quot;,&quot;size&quot;:&quot;&quot;,&quot;sizes&quot;:[]}}\" data-widget_type=\"portfolio.default\">\n\t\t\t\t<div class=\"elementor-widget-container\">\n\t\t\t\t\t<div class=\"elementor-portfolio elementor-grid elementor-posts-container\">\n\t\t\t\t<article class=\"elementor-portfolio-item elementor-post  post-53236 post type-post status-publish format-standard has-post-thumbnail category-actualidad category-eess-diseno-interiores category-erasmus category-internacionalizacion category-noticias tag-accademia-di-belle-arti-di-brera tag-accademia-di-belle-arti-di-catania tag-eess-interiorismo tag-erasmus-2 tag-escola-superior-de-artes-e-design-matosinhos tag-escuela-de-arte-y-superior-de-diseno-de-pamplona entry\">\n\t\t\t<a class=\"elementor-post__thumbnail__link\" href=\"https:\/\/escueladeartesuperior.educacion.navarra.es\/web\/blog\/erasmus-cinco-alumnas-cinco-vivencias-que-transforman\/\">\n\t\t\t\t<div class=\"elementor-portfolio-item__img elementor-post__thumbnail\">\n\t\t\t<img loading=\"lazy\" decoding=\"async\" width=\"240\" height=\"300\" src=\"https:\/\/escueladeartesuperior.educacion.navarra.es\/web\/wp-content\/uploads\/2026\/01\/AS-catania1-240x300.jpg\" class=\"attachment-medium size-medium wp-image-53281\" alt=\"Erasmus. Catania\" srcset=\"https:\/\/escueladeartesuperior.educacion.navarra.es\/web\/wp-content\/uploads\/2026\/01\/AS-catania1-240x300.jpg 240w, https:\/\/escueladeartesuperior.educacion.navarra.es\/web\/wp-content\/uploads\/2026\/01\/AS-catania1-819x1024.jpg 819w, https:\/\/escueladeartesuperior.educacion.navarra.es\/web\/wp-content\/uploads\/2026\/01\/AS-catania1-768x960.jpg 768w, https:\/\/escueladeartesuperior.educacion.navarra.es\/web\/wp-content\/uploads\/2026\/01\/AS-catania1.jpg 1200w\" sizes=\"(max-width: 240px) 100vw, 240px\" \/>\t\t<\/div>\n\t\t\t\t<div class=\"elementor-portfolio-item__overlay\">\n\t\t\t\t<h3 class=\"elementor-portfolio-item__title\">\n\t\tErasmus: cinco alumnas, cinco vivencias que transforman\t\t<\/h3>\n\t\t\t\t<\/div>\n\t\t\t\t<\/a>\n\t\t<\/article>\n\t\t\t\t<article class=\"elementor-portfolio-item elementor-post  post-51618 post type-post status-publish format-standard has-post-thumbnail category-actualidad category-grado-superior category-erasmus category-internacionalizacion category-noticias category-otros-eventos category-proyectos category-viajes tag-arte-eskola tag-creadores tag-escuela-de-arte-de-pamplona tag-iruneko_arte_eskola tag-unversidad-de-sarajevo entry\">\n\t\t\t<a class=\"elementor-post__thumbnail__link\" href=\"https:\/\/escueladeartesuperior.educacion.navarra.es\/web\/blog\/visita-de-sdjra-hrisafovic-de-la-universidad-de-sara\/\">\n\t\t\t\t<div class=\"elementor-portfolio-item__img elementor-post__thumbnail\">\n\t\t\t<img loading=\"lazy\" decoding=\"async\" width=\"262\" height=\"300\" src=\"https:\/\/escueladeartesuperior.educacion.navarra.es\/web\/wp-content\/uploads\/2025\/05\/IMG_0868-262x300.jpg\" class=\"attachment-medium size-medium wp-image-51612\" alt=\"\" srcset=\"https:\/\/escueladeartesuperior.educacion.navarra.es\/web\/wp-content\/uploads\/2025\/05\/IMG_0868-262x300.jpg 262w, https:\/\/escueladeartesuperior.educacion.navarra.es\/web\/wp-content\/uploads\/2025\/05\/IMG_0868-893x1024.jpg 893w, https:\/\/escueladeartesuperior.educacion.navarra.es\/web\/wp-content\/uploads\/2025\/05\/IMG_0868-768x880.jpg 768w, https:\/\/escueladeartesuperior.educacion.navarra.es\/web\/wp-content\/uploads\/2025\/05\/IMG_0868-1340x1536.jpg 1340w, https:\/\/escueladeartesuperior.educacion.navarra.es\/web\/wp-content\/uploads\/2025\/05\/IMG_0868.jpg 1745w\" sizes=\"(max-width: 262px) 100vw, 262px\" \/>\t\t<\/div>\n\t\t\t\t<div class=\"elementor-portfolio-item__overlay\">\n\t\t\t\t<h3 class=\"elementor-portfolio-item__title\">\n\t\tVisita de Sdjra Hrisafovic, de la Universidad de Sarajevo\t\t<\/h3>\n\t\t\t\t<\/div>\n\t\t\t\t<\/a>\n\t\t<\/article>\n\t\t\t\t<article class=\"elementor-portfolio-item elementor-post  post-49806 post type-post status-publish format-standard has-post-thumbnail category-asistencia-al-producto-grafico-impreso category-asistencia-al-producto-grafico-interactivo category-bachillerato category-grado-medio category-grado-superior category-ebanisteria category-erasmus category-escultura category-feet category-fotografia category-grabado category-grafica-audiovisual category-ilustracion category-internacionalizacion category-noticias category-viajes tag-ciclos tag-ciclos-de-grado-superior tag-creadores tag-escuela-de-arte tag-escuela-de-arte-de-pamplona tag-escuela-publica tag-iruneko_arte_eskola entry\">\n\t\t\t<a class=\"elementor-post__thumbnail__link\" href=\"https:\/\/escueladeartesuperior.educacion.navarra.es\/web\/blog\/becas-erasmus\/\">\n\t\t\t\t<div class=\"elementor-portfolio-item__img elementor-post__thumbnail\">\n\t\t\t<img loading=\"lazy\" decoding=\"async\" width=\"300\" height=\"200\" src=\"https:\/\/escueladeartesuperior.educacion.navarra.es\/web\/wp-content\/uploads\/2024\/11\/pexels-tahir-osman-109306362-15689843-300x200.jpg\" class=\"attachment-medium size-medium wp-image-49790\" alt=\"\" srcset=\"https:\/\/escueladeartesuperior.educacion.navarra.es\/web\/wp-content\/uploads\/2024\/11\/pexels-tahir-osman-109306362-15689843-300x200.jpg 300w, https:\/\/escueladeartesuperior.educacion.navarra.es\/web\/wp-content\/uploads\/2024\/11\/pexels-tahir-osman-109306362-15689843-1024x683.jpg 1024w, https:\/\/escueladeartesuperior.educacion.navarra.es\/web\/wp-content\/uploads\/2024\/11\/pexels-tahir-osman-109306362-15689843-768x512.jpg 768w, https:\/\/escueladeartesuperior.educacion.navarra.es\/web\/wp-content\/uploads\/2024\/11\/pexels-tahir-osman-109306362-15689843-1536x1024.jpg 1536w, https:\/\/escueladeartesuperior.educacion.navarra.es\/web\/wp-content\/uploads\/2024\/11\/pexels-tahir-osman-109306362-15689843-2048x1365.jpg 2048w\" sizes=\"(max-width: 300px) 100vw, 300px\" \/>\t\t<\/div>\n\t\t\t\t<div class=\"elementor-portfolio-item__overlay\">\n\t\t\t\t<h3 class=\"elementor-portfolio-item__title\">\n\t\tBecas ERASMUS\t\t<\/h3>\n\t\t\t\t<\/div>\n\t\t\t\t<\/a>\n\t\t<\/article>\n\t\t\t\t<article class=\"elementor-portfolio-item elementor-post  post-48550 post type-post status-publish format-standard has-post-thumbnail category-asistencia-al-producto-grafico-interactivo category-grado-medio category-erasmus category-feet category-internacionalizacion category-noticias category-viajes entry\">\n\t\t\t<a class=\"elementor-post__thumbnail__link\" href=\"https:\/\/escueladeartesuperior.educacion.navarra.es\/web\/blog\/experiencia-laboral-en-empresas-europeas\/\">\n\t\t\t\t<div class=\"elementor-portfolio-item__img elementor-post__thumbnail\">\n\t\t\t<img loading=\"lazy\" decoding=\"async\" width=\"300\" height=\"169\" src=\"https:\/\/escueladeartesuperior.educacion.navarra.es\/web\/wp-content\/uploads\/2024\/05\/destacada-erasmus-300x169.jpg\" class=\"attachment-medium size-medium wp-image-48621\" alt=\"\" srcset=\"https:\/\/escueladeartesuperior.educacion.navarra.es\/web\/wp-content\/uploads\/2024\/05\/destacada-erasmus-300x169.jpg 300w, https:\/\/escueladeartesuperior.educacion.navarra.es\/web\/wp-content\/uploads\/2024\/05\/destacada-erasmus.jpg 452w\" sizes=\"(max-width: 300px) 100vw, 300px\" \/>\t\t<\/div>\n\t\t\t\t<div class=\"elementor-portfolio-item__overlay\">\n\t\t\t\t<h3 class=\"elementor-portfolio-item__title\">\n\t\tExperiencia laboral en empresas europeas\t\t<\/h3>\n\t\t\t\t<\/div>\n\t\t\t\t<\/a>\n\t\t<\/article>\n\t\t\t\t<article class=\"elementor-portfolio-item elementor-post  post-44284 post type-post status-publish format-standard has-post-thumbnail category-grado-superior category-portada category-en-portada category-erasmus category-exposiciones category-grabado category-internacionalizacion category-noticias category-otros-eventos category-proyectos category-viajes tag-ciclos-de-grado-superior tag-erasmus-2 tag-erasmus tag-escuela-de-arte-de-pamplona tag-grabado tag-grabado-y-tecnicas-de-estampacion tag-iruneko_arte_eskola tag-viajes entry\">\n\t\t\t<a class=\"elementor-post__thumbnail__link\" href=\"https:\/\/escueladeartesuperior.educacion.navarra.es\/web\/blog\/de-iruna-a-cabo-verde-cartes-erasmus\/\">\n\t\t\t\t<div class=\"elementor-portfolio-item__img elementor-post__thumbnail\">\n\t\t\t<img loading=\"lazy\" decoding=\"async\" width=\"300\" height=\"225\" src=\"https:\/\/escueladeartesuperior.educacion.navarra.es\/web\/wp-content\/uploads\/2023\/05\/CARTES_CaboVerde_23-05-300x225.jpg\" class=\"attachment-medium size-medium wp-image-44286\" alt=\"\" srcset=\"https:\/\/escueladeartesuperior.educacion.navarra.es\/web\/wp-content\/uploads\/2023\/05\/CARTES_CaboVerde_23-05-300x225.jpg 300w, https:\/\/escueladeartesuperior.educacion.navarra.es\/web\/wp-content\/uploads\/2023\/05\/CARTES_CaboVerde_23-05-1024x768.jpg 1024w, https:\/\/escueladeartesuperior.educacion.navarra.es\/web\/wp-content\/uploads\/2023\/05\/CARTES_CaboVerde_23-05-768x576.jpg 768w, https:\/\/escueladeartesuperior.educacion.navarra.es\/web\/wp-content\/uploads\/2023\/05\/CARTES_CaboVerde_23-05-1536x1152.jpg 1536w, https:\/\/escueladeartesuperior.educacion.navarra.es\/web\/wp-content\/uploads\/2023\/05\/CARTES_CaboVerde_23-05-702x526.jpg 702w, https:\/\/escueladeartesuperior.educacion.navarra.es\/web\/wp-content\/uploads\/2023\/05\/CARTES_CaboVerde_23-05.jpg 1600w\" sizes=\"(max-width: 300px) 100vw, 300px\" \/>\t\t<\/div>\n\t\t\t\t<div class=\"elementor-portfolio-item__overlay\">\n\t\t\t\t<h3 class=\"elementor-portfolio-item__title\">\n\t\tDe Iru\u00f1a a Cabo Verde: CARTES: Erasmus +\t\t<\/h3>\n\t\t\t\t<\/div>\n\t\t\t\t<\/a>\n\t\t<\/article>\n\t\t\t\t<article class=\"elementor-portfolio-item elementor-post  post-41602 post type-post status-publish format-standard has-post-thumbnail category-decoracion category-portada category-eess-diseno-interiores category-en-portada category-erasmus category-internacionalizacion category-noticias category-orientacion category-otros-eventos category-sin-categorizar category-anuncios category-viajes tag-decoracion tag-easd tag-erasmus-2 tag-erasmus tag-escuela-de-arte-de-pamplona tag-estudios-superiores tag-interiorismo tag-interiorista tag-iruneko_arte_eskola tag-italia tag-italiano entry\">\n\t\t\t<a class=\"elementor-post__thumbnail__link\" href=\"https:\/\/escueladeartesuperior.educacion.navarra.es\/web\/blog\/irati-y-leyre-dos-interioristas-de-erasmus-en-san-remo\/\">\n\t\t\t\t<div class=\"elementor-portfolio-item__img elementor-post__thumbnail\">\n\t\t\t<img loading=\"lazy\" decoding=\"async\" width=\"225\" height=\"300\" src=\"https:\/\/escueladeartesuperior.educacion.navarra.es\/web\/wp-content\/uploads\/2022\/06\/24_DuomoFlorencia-225x300.jpg\" class=\"attachment-medium size-medium wp-image-41603\" alt=\"\" srcset=\"https:\/\/escueladeartesuperior.educacion.navarra.es\/web\/wp-content\/uploads\/2022\/06\/24_DuomoFlorencia-225x300.jpg 225w, https:\/\/escueladeartesuperior.educacion.navarra.es\/web\/wp-content\/uploads\/2022\/06\/24_DuomoFlorencia-768x1024.jpg 768w, https:\/\/escueladeartesuperior.educacion.navarra.es\/web\/wp-content\/uploads\/2022\/06\/24_DuomoFlorencia-1152x1536.jpg 1152w, https:\/\/escueladeartesuperior.educacion.navarra.es\/web\/wp-content\/uploads\/2022\/06\/24_DuomoFlorencia.jpg 1536w\" sizes=\"(max-width: 225px) 100vw, 225px\" \/>\t\t<\/div>\n\t\t\t\t<div class=\"elementor-portfolio-item__overlay\">\n\t\t\t\t<h3 class=\"elementor-portfolio-item__title\">\n\t\tIrati y Leyre. Dos interioristas de Erasmus+ en San Remo\t\t<\/h3>\n\t\t\t\t<\/div>\n\t\t\t\t<\/a>\n\t\t<\/article>\n\t\t\t\t<article class=\"elementor-portfolio-item elementor-post  post-39974 post type-post status-publish format-standard has-post-thumbnail category-erasmus category-internacionalizacion category-noticias category-viajes entry\">\n\t\t\t<a class=\"elementor-post__thumbnail__link\" href=\"https:\/\/escueladeartesuperior.educacion.navarra.es\/web\/blog\/recuperamos-las-movilidades-cartes-tras-las-restricciones-covid\/\">\n\t\t\t\t<div class=\"elementor-portfolio-item__img elementor-post__thumbnail\">\n\t\t\t<img loading=\"lazy\" decoding=\"async\" width=\"300\" height=\"138\" src=\"https:\/\/escueladeartesuperior.educacion.navarra.es\/web\/wp-content\/uploads\/2022\/01\/Montenegro1-300x138.jpg\" class=\"attachment-medium size-medium wp-image-39958\" alt=\"\" srcset=\"https:\/\/escueladeartesuperior.educacion.navarra.es\/web\/wp-content\/uploads\/2022\/01\/Montenegro1-300x138.jpg 300w, https:\/\/escueladeartesuperior.educacion.navarra.es\/web\/wp-content\/uploads\/2022\/01\/Montenegro1-1024x472.jpg 1024w, https:\/\/escueladeartesuperior.educacion.navarra.es\/web\/wp-content\/uploads\/2022\/01\/Montenegro1-768x354.jpg 768w, https:\/\/escueladeartesuperior.educacion.navarra.es\/web\/wp-content\/uploads\/2022\/01\/Montenegro1-1536x708.jpg 1536w, https:\/\/escueladeartesuperior.educacion.navarra.es\/web\/wp-content\/uploads\/2022\/01\/Montenegro1.jpg 2000w\" sizes=\"(max-width: 300px) 100vw, 300px\" \/>\t\t<\/div>\n\t\t\t\t<div class=\"elementor-portfolio-item__overlay\">\n\t\t\t\t<h3 class=\"elementor-portfolio-item__title\">\n\t\tRecuperamos las movilidades CARTES tras las restricciones Covid\t\t<\/h3>\n\t\t\t\t<\/div>\n\t\t\t\t<\/a>\n\t\t<\/article>\n\t\t\t\t<article class=\"elementor-portfolio-item elementor-post  post-37324 post type-post status-publish format-standard category-erasmus category-internacionalizacion category-noticias entry\">\n\t\t\t<a class=\"elementor-post__thumbnail__link\" href=\"https:\/\/escueladeartesuperior.educacion.navarra.es\/web\/blog\/erasmus-policy-statement-eps\/\">\n\t\t\t\t<div class=\"elementor-portfolio-item__img elementor-post__thumbnail\">\n\t\t\t\t\t<\/div>\n\t\t\t\t<div class=\"elementor-portfolio-item__overlay\">\n\t\t\t\t<h3 class=\"elementor-portfolio-item__title\">\n\t\tErasmus Policy Statement (EPS)\t\t<\/h3>\n\t\t\t\t<\/div>\n\t\t\t\t<\/a>\n\t\t<\/article>\n\t\t\t\t<article class=\"elementor-portfolio-item elementor-post  post-36691 post type-post status-publish format-standard has-post-thumbnail category-grado-superior category-decoracion category-ebanisteria category-erasmus category-escultura category-exposiciones category-internacionalizacion category-noticias category-otros-eventos category-sin-categorizar category-viajes tag-camboya tag-cartes tag-erasmus-2 tag-ka107 tag-kambodia tag-kamboia tag-kamheng tag-phnom-penh tag-precovid tag-rufa tag-ta-prohm entry\">\n\t\t\t<a class=\"elementor-post__thumbnail__link\" href=\"https:\/\/escueladeartesuperior.educacion.navarra.es\/web\/blog\/un-profesor-de-volumen-en-%e1%9e%96%e1%9f%92%e1%9e%9a%e1%9f%87%e1%9e%9a%e1%9e%b6%e1%9e%87%e1%9e%b6%e1%9e%8e%e1%9e%b6%e1%9e%85%e1%9e%80%e1%9f%92%e1%9e%9a%e1%9e%80%e1%9e%98%e1%9f%92%e1%9e%96%e1%9e%bb\/\">\n\t\t\t\t<div class=\"elementor-portfolio-item__img elementor-post__thumbnail\">\n\t\t\t<img loading=\"lazy\" decoding=\"async\" width=\"300\" height=\"225\" src=\"https:\/\/escueladeartesuperior.educacion.navarra.es\/web\/wp-content\/uploads\/2020\/12\/20200302_164824-6-1-300x225.jpg\" class=\"attachment-medium size-medium wp-image-36708\" alt=\"\" srcset=\"https:\/\/escueladeartesuperior.educacion.navarra.es\/web\/wp-content\/uploads\/2020\/12\/20200302_164824-6-1-300x225.jpg 300w, https:\/\/escueladeartesuperior.educacion.navarra.es\/web\/wp-content\/uploads\/2020\/12\/20200302_164824-6-1.jpg 400w\" sizes=\"(max-width: 300px) 100vw, 300px\" \/>\t\t<\/div>\n\t\t\t\t<div class=\"elementor-portfolio-item__overlay\">\n\t\t\t\t<h3 class=\"elementor-portfolio-item__title\">\n\t\tUn profesor de Volumen en  \u1796\u17d2\u179a\u17c7\u179a\u17b6\u1787\u17b6\u178e\u17b6\u1785\u1780\u17d2\u179a\u1780\u1798\u17d2\u1796\u17bb\u1787\u17b6\t\t<\/h3>\n\t\t\t\t<\/div>\n\t\t\t\t<\/a>\n\t\t<\/article>\n\t\t\t\t<article class=\"elementor-portfolio-item elementor-post  post-30192 post type-post status-publish format-standard has-post-thumbnail category-asistencia-al-producto-grafico-impreso category-grado-medio category-portada category-erasmus category-viajes tag-asistencia-al-producto-grafico-impreso tag-ciclos tag-erasmus tag-grado-medio-2 tag-grafica-impresa tag-viajes entry\">\n\t\t\t<a class=\"elementor-post__thumbnail__link\" href=\"https:\/\/escueladeartesuperior.educacion.navarra.es\/web\/blog\/el-alumnado-de-2o-de-grafica-impresa-disfruta-de-una-beca-erasmus-en-modena-italia\/\">\n\t\t\t\t<div class=\"elementor-portfolio-item__img elementor-post__thumbnail\">\n\t\t\t<img loading=\"lazy\" decoding=\"async\" width=\"300\" height=\"200\" src=\"https:\/\/escueladeartesuperior.educacion.navarra.es\/web\/wp-content\/uploads\/2019\/06\/El-alumnado-de-2-de-Gr\u00e1fica-Impresa-disfruta-de-una-beca-Erasmus-en-M\u00f3dena-Italia-300x200.jpg\" class=\"attachment-medium size-medium wp-image-33414\" alt=\"El alumnado de 2\u00ba de Gr\u00e1fica Impresa disfruta de una beca Erasmus + en M\u00f3dena, Italia\" srcset=\"https:\/\/escueladeartesuperior.educacion.navarra.es\/web\/wp-content\/uploads\/2019\/06\/El-alumnado-de-2-de-Gr\u00e1fica-Impresa-disfruta-de-una-beca-Erasmus-en-M\u00f3dena-Italia-300x200.jpg 300w, https:\/\/escueladeartesuperior.educacion.navarra.es\/web\/wp-content\/uploads\/2019\/06\/El-alumnado-de-2-de-Gr\u00e1fica-Impresa-disfruta-de-una-beca-Erasmus-en-M\u00f3dena-Italia-768x512.jpg 768w, https:\/\/escueladeartesuperior.educacion.navarra.es\/web\/wp-content\/uploads\/2019\/06\/El-alumnado-de-2-de-Gr\u00e1fica-Impresa-disfruta-de-una-beca-Erasmus-en-M\u00f3dena-Italia.jpg 920w\" sizes=\"(max-width: 300px) 100vw, 300px\" \/>\t\t<\/div>\n\t\t\t\t<div class=\"elementor-portfolio-item__overlay\">\n\t\t\t\t<h3 class=\"elementor-portfolio-item__title\">\n\t\tEl alumnado de 2\u00ba de Gr\u00e1fica Impresa disfruta de una beca Erasmus + en M\u00f3dena, Italia\t\t<\/h3>\n\t\t\t\t<\/div>\n\t\t\t\t<\/a>\n\t\t<\/article>\n\t\t\t\t<article class=\"elementor-portfolio-item elementor-post  post-30014 post type-post status-publish format-standard has-post-thumbnail category-portada category-erasmus category-internacionalizacion category-viajes tag-creadores tag-erasmus tag-escuela-de-arte-de-pamplona tag-iruneko_arte_eskola tag-metodologias-activas tag-programa-kimua entry\">\n\t\t\t<a class=\"elementor-post__thumbnail__link\" href=\"https:\/\/escueladeartesuperior.educacion.navarra.es\/web\/blog\/profesorado-de-erasmus-en-finlandia\/\">\n\t\t\t\t<div class=\"elementor-portfolio-item__img elementor-post__thumbnail\">\n\t\t\t<img loading=\"lazy\" decoding=\"async\" width=\"300\" height=\"200\" src=\"https:\/\/escueladeartesuperior.educacion.navarra.es\/web\/wp-content\/uploads\/2019\/04\/Profesorado-de-Erasmus-en-Finlandia-300x200.jpg\" class=\"attachment-medium size-medium wp-image-33418\" alt=\"Profesorado de Erasmus en Finlandia\" srcset=\"https:\/\/escueladeartesuperior.educacion.navarra.es\/web\/wp-content\/uploads\/2019\/04\/Profesorado-de-Erasmus-en-Finlandia-300x200.jpg 300w, https:\/\/escueladeartesuperior.educacion.navarra.es\/web\/wp-content\/uploads\/2019\/04\/Profesorado-de-Erasmus-en-Finlandia-768x512.jpg 768w, https:\/\/escueladeartesuperior.educacion.navarra.es\/web\/wp-content\/uploads\/2019\/04\/Profesorado-de-Erasmus-en-Finlandia.jpg 920w\" sizes=\"(max-width: 300px) 100vw, 300px\" \/>\t\t<\/div>\n\t\t\t\t<div class=\"elementor-portfolio-item__overlay\">\n\t\t\t\t<h3 class=\"elementor-portfolio-item__title\">\n\t\tProfesorado de Erasmus en Finlandia\t\t<\/h3>\n\t\t\t\t<\/div>\n\t\t\t\t<\/a>\n\t\t<\/article>\n\t\t\t\t<article class=\"elementor-portfolio-item elementor-post  post-26536 post type-post status-publish format-standard has-post-thumbnail category-portada category-erasmus category-sin-categorizar category-viajes tag-erasmus tag-escuela-de-arte-de-pamplona tag-iruneko_arte_eskola tag-movidad-profesorado tag-orientacion entry\">\n\t\t\t<a class=\"elementor-post__thumbnail__link\" href=\"https:\/\/escueladeartesuperior.educacion.navarra.es\/web\/blog\/la-orientadora-del-centro-ane-oses-regresa-de-holanda-donde-ha-disfrutado-de-una-beca-erasmus\/\">\n\t\t\t\t<div class=\"elementor-portfolio-item__img elementor-post__thumbnail\">\n\t\t\t<img loading=\"lazy\" decoding=\"async\" width=\"300\" height=\"200\" src=\"https:\/\/escueladeartesuperior.educacion.navarra.es\/web\/wp-content\/uploads\/2018\/05\/La-orientadora-del-centro-Ane-Os\u00e9s-regresa-de-Holanda-d\u00f3nde-ha-disfrutado-de-una-beca-Erasmus-300x200.jpg\" class=\"attachment-medium size-medium wp-image-33518\" alt=\"La orientadora del centro Ane Os\u00e9s regresa de Holanda, d\u00f3nde ha disfrutado de una beca Erasmus\" srcset=\"https:\/\/escueladeartesuperior.educacion.navarra.es\/web\/wp-content\/uploads\/2018\/05\/La-orientadora-del-centro-Ane-Os\u00e9s-regresa-de-Holanda-d\u00f3nde-ha-disfrutado-de-una-beca-Erasmus-300x200.jpg 300w, https:\/\/escueladeartesuperior.educacion.navarra.es\/web\/wp-content\/uploads\/2018\/05\/La-orientadora-del-centro-Ane-Os\u00e9s-regresa-de-Holanda-d\u00f3nde-ha-disfrutado-de-una-beca-Erasmus-768x512.jpg 768w, https:\/\/escueladeartesuperior.educacion.navarra.es\/web\/wp-content\/uploads\/2018\/05\/La-orientadora-del-centro-Ane-Os\u00e9s-regresa-de-Holanda-d\u00f3nde-ha-disfrutado-de-una-beca-Erasmus.jpg 920w\" sizes=\"(max-width: 300px) 100vw, 300px\" \/>\t\t<\/div>\n\t\t\t\t<div class=\"elementor-portfolio-item__overlay\">\n\t\t\t\t<h3 class=\"elementor-portfolio-item__title\">\n\t\tLa orientadora del centro Ane Os\u00e9s regresa de Holanda, d\u00f3nde ha disfrutado de una beca Erasmus\t\t<\/h3>\n\t\t\t\t<\/div>\n\t\t\t\t<\/a>\n\t\t<\/article>\n\t\t\t\t<article class=\"elementor-portfolio-item elementor-post  post-25156 post type-post status-publish format-standard has-post-thumbnail category-asistencia-al-producto-grafico-impreso category-grado-medio category-erasmus tag-apgimpreso tag-arte-eskola tag-asistencia-al-producto-grafico-impreso tag-becas tag-ciclos-de-grado-medio tag-destacado-portada tag-erasmus tag-escuela-de-arte-de-pamplona tag-movilidad-alumnado entry\">\n\t\t\t<a class=\"elementor-post__thumbnail__link\" href=\"https:\/\/escueladeartesuperior.educacion.navarra.es\/web\/blog\/beca-erasmus-2018\/\">\n\t\t\t\t<div class=\"elementor-portfolio-item__img elementor-post__thumbnail\">\n\t\t\t<img loading=\"lazy\" decoding=\"async\" width=\"300\" height=\"200\" src=\"https:\/\/escueladeartesuperior.educacion.navarra.es\/web\/wp-content\/uploads\/2018\/04\/Beatriz-Amatri\u00e1in-alumna-de-APGImpreso-y-Miguel-Os\u00e9s-alumno-de-Fotograf\u00eda-vuelven-de-Tur\u00edn-donde-han-disfrutado-de-su-beca-Erasmus-2018-300x200.jpg\" class=\"attachment-medium size-medium wp-image-33562\" alt=\"Beatriz Amatri\u00e1in alumna de APGImpreso y Miguel Os\u00e9s alumno de Fotograf\u00eda vuelven de Tur\u00edn donde han disfrutado de su beca Erasmus 2018\" srcset=\"https:\/\/escueladeartesuperior.educacion.navarra.es\/web\/wp-content\/uploads\/2018\/04\/Beatriz-Amatri\u00e1in-alumna-de-APGImpreso-y-Miguel-Os\u00e9s-alumno-de-Fotograf\u00eda-vuelven-de-Tur\u00edn-donde-han-disfrutado-de-su-beca-Erasmus-2018-300x200.jpg 300w, https:\/\/escueladeartesuperior.educacion.navarra.es\/web\/wp-content\/uploads\/2018\/04\/Beatriz-Amatri\u00e1in-alumna-de-APGImpreso-y-Miguel-Os\u00e9s-alumno-de-Fotograf\u00eda-vuelven-de-Tur\u00edn-donde-han-disfrutado-de-su-beca-Erasmus-2018-768x512.jpg 768w, https:\/\/escueladeartesuperior.educacion.navarra.es\/web\/wp-content\/uploads\/2018\/04\/Beatriz-Amatri\u00e1in-alumna-de-APGImpreso-y-Miguel-Os\u00e9s-alumno-de-Fotograf\u00eda-vuelven-de-Tur\u00edn-donde-han-disfrutado-de-su-beca-Erasmus-2018.jpg 920w\" sizes=\"(max-width: 300px) 100vw, 300px\" \/>\t\t<\/div>\n\t\t\t\t<div class=\"elementor-portfolio-item__overlay\">\n\t\t\t\t<h3 class=\"elementor-portfolio-item__title\">\n\t\tBeatriz Amatri\u00e1in alumna de APGImpreso y Miguel Os\u00e9s alumno de Fotograf\u00eda vuelven de Tur\u00edn donde han disfrutado de su beca Erasmus 2018\t\t<\/h3>\n\t\t\t\t<\/div>\n\t\t\t\t<\/a>\n\t\t<\/article>\n\t\t\t\t<article class=\"elementor-portfolio-item elementor-post  post-23361 post type-post status-publish format-standard has-post-thumbnail category-grado-medio category-grado-superior category-portada category-erasmus category-escultura category-feet category-sin-categorizar tag-apgimpreso tag-ciclos-de-grado-medio tag-ciclos-de-grado-superior tag-erasmus tag-escuela-de-arte-de-pamplona tag-escultura entry\">\n\t\t\t<a class=\"elementor-post__thumbnail__link\" href=\"https:\/\/escueladeartesuperior.educacion.navarra.es\/web\/blog\/los-erasmus-2017-2018-nos-cuentan-su-experiencia\/\">\n\t\t\t\t<div class=\"elementor-portfolio-item__img elementor-post__thumbnail\">\n\t\t\t<img loading=\"lazy\" decoding=\"async\" width=\"300\" height=\"200\" src=\"https:\/\/escueladeartesuperior.educacion.navarra.es\/web\/wp-content\/uploads\/2018\/01\/Alumnado-de-Erasmus-2017-2018-nos-cuentan-su-experiencia-300x200.jpg\" class=\"attachment-medium size-medium wp-image-33616\" alt=\"Alumnado de Erasmus 2017-2018 nos cuentan su experiencia\" srcset=\"https:\/\/escueladeartesuperior.educacion.navarra.es\/web\/wp-content\/uploads\/2018\/01\/Alumnado-de-Erasmus-2017-2018-nos-cuentan-su-experiencia-300x200.jpg 300w, https:\/\/escueladeartesuperior.educacion.navarra.es\/web\/wp-content\/uploads\/2018\/01\/Alumnado-de-Erasmus-2017-2018-nos-cuentan-su-experiencia-768x512.jpg 768w, https:\/\/escueladeartesuperior.educacion.navarra.es\/web\/wp-content\/uploads\/2018\/01\/Alumnado-de-Erasmus-2017-2018-nos-cuentan-su-experiencia.jpg 920w\" sizes=\"(max-width: 300px) 100vw, 300px\" \/>\t\t<\/div>\n\t\t\t\t<div class=\"elementor-portfolio-item__overlay\">\n\t\t\t\t<h3 class=\"elementor-portfolio-item__title\">\n\t\tAlumnado de Erasmus 2017-2018 nos cuentan su experiencia\t\t<\/h3>\n\t\t\t\t<\/div>\n\t\t\t\t<\/a>\n\t\t<\/article>\n\t\t\t\t<article class=\"elementor-portfolio-item elementor-post  post-15169 post type-post status-publish format-standard has-post-thumbnail category-grado-superior category-erasmus category-escultura category-internacionalizacion tag-ebanisteria tag-erasmus tag-ka103 tag-lisboa tag-portunhol entry\">\n\t\t\t<a class=\"elementor-post__thumbnail__link\" href=\"https:\/\/escueladeartesuperior.educacion.navarra.es\/web\/blog\/nerea-y-amets-dos-ebanistas-de-erasmus-en-lisboa\/\">\n\t\t\t\t<div class=\"elementor-portfolio-item__img elementor-post__thumbnail\">\n\t\t\t<img loading=\"lazy\" decoding=\"async\" width=\"300\" height=\"200\" src=\"https:\/\/escueladeartesuperior.educacion.navarra.es\/web\/wp-content\/uploads\/2017\/04\/Nerea-y-Amets-Dos-ebanistas-de-Erasmus-en-Lisboa-300x200.jpg\" class=\"attachment-medium size-medium wp-image-33691\" alt=\"Nerea y Amets. Dos ebanistas de Erasmus en Lisboa\" srcset=\"https:\/\/escueladeartesuperior.educacion.navarra.es\/web\/wp-content\/uploads\/2017\/04\/Nerea-y-Amets-Dos-ebanistas-de-Erasmus-en-Lisboa-300x200.jpg 300w, https:\/\/escueladeartesuperior.educacion.navarra.es\/web\/wp-content\/uploads\/2017\/04\/Nerea-y-Amets-Dos-ebanistas-de-Erasmus-en-Lisboa-768x512.jpg 768w, https:\/\/escueladeartesuperior.educacion.navarra.es\/web\/wp-content\/uploads\/2017\/04\/Nerea-y-Amets-Dos-ebanistas-de-Erasmus-en-Lisboa.jpg 920w\" sizes=\"(max-width: 300px) 100vw, 300px\" \/>\t\t<\/div>\n\t\t\t\t<div class=\"elementor-portfolio-item__overlay\">\n\t\t\t\t<h3 class=\"elementor-portfolio-item__title\">\n\t\tNerea y Amets. Dos ebanistas de Erasmus en Lisboa\t\t<\/h3>\n\t\t\t\t<\/div>\n\t\t\t\t<\/a>\n\t\t<\/article>\n\t\t\t\t<article class=\"elementor-portfolio-item elementor-post  post-9087 post type-post status-publish format-standard has-post-thumbnail category-grado-superior category-erasmus category-internacionalizacion tag-erasmus entry\">\n\t\t\t<a class=\"elementor-post__thumbnail__link\" href=\"https:\/\/escueladeartesuperior.educacion.navarra.es\/web\/blog\/13-becas-leonardo-da-vinci-y-erasmus-realizadas-por-otros-tantos-alumnos-y-alumnas-de-la-escuela\/\">\n\t\t\t\t<div class=\"elementor-portfolio-item__img elementor-post__thumbnail\">\n\t\t\t<img loading=\"lazy\" decoding=\"async\" width=\"300\" height=\"200\" src=\"https:\/\/escueladeartesuperior.educacion.navarra.es\/web\/wp-content\/uploads\/2014\/01\/13-becas-Leonardo-Da-Vinci-y-Erasmus-realizadas-por-otros-tantos-alumnos-y-alumnas-de-la-Escuela-300x200.jpg\" class=\"attachment-medium size-medium wp-image-33824\" alt=\"13 becas Leonardo Da Vinci y Erasmus+ realizadas por otros tantos alumnos y alumnas de la Escuela\" srcset=\"https:\/\/escueladeartesuperior.educacion.navarra.es\/web\/wp-content\/uploads\/2014\/01\/13-becas-Leonardo-Da-Vinci-y-Erasmus-realizadas-por-otros-tantos-alumnos-y-alumnas-de-la-Escuela-300x200.jpg 300w, https:\/\/escueladeartesuperior.educacion.navarra.es\/web\/wp-content\/uploads\/2014\/01\/13-becas-Leonardo-Da-Vinci-y-Erasmus-realizadas-por-otros-tantos-alumnos-y-alumnas-de-la-Escuela-768x512.jpg 768w, https:\/\/escueladeartesuperior.educacion.navarra.es\/web\/wp-content\/uploads\/2014\/01\/13-becas-Leonardo-Da-Vinci-y-Erasmus-realizadas-por-otros-tantos-alumnos-y-alumnas-de-la-Escuela.jpg 920w\" sizes=\"(max-width: 300px) 100vw, 300px\" \/>\t\t<\/div>\n\t\t\t\t<div class=\"elementor-portfolio-item__overlay\">\n\t\t\t\t<h3 class=\"elementor-portfolio-item__title\">\n\t\t13 becas Leonardo Da Vinci y Erasmus+ realizadas por otros tantos alumnos y alumnas de la Escuela\t\t<\/h3>\n\t\t\t\t<\/div>\n\t\t\t\t<\/a>\n\t\t<\/article>\n\t\t\t\t<article class=\"elementor-portfolio-item elementor-post  post-6563 post type-post status-publish format-standard has-post-thumbnail category-grado-superior category-erasmus category-internacionalizacion tag-actividades-profesionales-externas tag-artes-aplicadas-de-la-escultura tag-artes-del-libro tag-autoedicion tag-becas tag-ciclos tag-ciclos-de-grado-medio tag-ciclos-de-grado-superior tag-creadores tag-decoracion tag-escuela tag-escuela-de-arte tag-escuela-de-arte-de-pamplona tag-escuela-publica tag-estancias-en-empresas-eu tag-estancias-leonardo tag-fotografia-artistica tag-grabado tag-grabado-y-tecnicas-de-estampacion tag-iruneko_arte_eskola tag-leonardo-eu tag-practicas-en-empresas tag-proyectos-y-direccion-de-obras-de-decoracion entry\">\n\t\t\t<a class=\"elementor-post__thumbnail__link\" href=\"https:\/\/escueladeartesuperior.educacion.navarra.es\/web\/blog\/13-becas-leonardo-da-vinci-realizadas-por-otros-tantos-alumnos-y-alumnas-de-la-escuela\/\">\n\t\t\t\t<div class=\"elementor-portfolio-item__img elementor-post__thumbnail\">\n\t\t\t<img loading=\"lazy\" decoding=\"async\" width=\"300\" height=\"200\" src=\"https:\/\/escueladeartesuperior.educacion.navarra.es\/web\/wp-content\/uploads\/2013\/02\/13-becas-Leonardo-Da-Vinci-realizadas-por-otros-tantos-alumnos-y-alumnas-de-la-Escuela-300x200.jpg\" class=\"attachment-medium size-medium wp-image-33880\" alt=\"13 becas Leonardo Da Vinci realizadas por otros tantos alumnos y alumnas de la Escuela\" srcset=\"https:\/\/escueladeartesuperior.educacion.navarra.es\/web\/wp-content\/uploads\/2013\/02\/13-becas-Leonardo-Da-Vinci-realizadas-por-otros-tantos-alumnos-y-alumnas-de-la-Escuela-300x200.jpg 300w, https:\/\/escueladeartesuperior.educacion.navarra.es\/web\/wp-content\/uploads\/2013\/02\/13-becas-Leonardo-Da-Vinci-realizadas-por-otros-tantos-alumnos-y-alumnas-de-la-Escuela-768x512.jpg 768w, https:\/\/escueladeartesuperior.educacion.navarra.es\/web\/wp-content\/uploads\/2013\/02\/13-becas-Leonardo-Da-Vinci-realizadas-por-otros-tantos-alumnos-y-alumnas-de-la-Escuela.jpg 920w\" sizes=\"(max-width: 300px) 100vw, 300px\" \/>\t\t<\/div>\n\t\t\t\t<div class=\"elementor-portfolio-item__overlay\">\n\t\t\t\t<h3 class=\"elementor-portfolio-item__title\">\n\t\t13 becas Leonardo Da Vinci realizadas por otros tantos alumnos y alumnas de la Escuela\t\t<\/h3>\n\t\t\t\t<\/div>\n\t\t\t\t<\/a>\n\t\t<\/article>\n\t\t\t\t<article class=\"elementor-portfolio-item elementor-post  post-6148 post type-post status-publish format-standard has-post-thumbnail category-grado-medio category-grado-superior category-erasmus tag-actividades-profesionales-externas tag-artes-aplicadas-de-la-escultura tag-artes-del-libro tag-autoedicion tag-becas tag-ciclos tag-ciclos-de-grado-medio tag-ciclos-de-grado-superior tag-creadores tag-decoracion tag-escuela tag-escuela-de-arte tag-escuela-de-arte-de-pamplona tag-escuela-publica tag-fotografia-artistica tag-grabado tag-grabado-y-tecnicas-de-estampacion tag-iruneko_arte_eskola tag-leonardo-eu tag-practicas-en-empresas tag-proyectos-y-direccion-de-obras-de-decoracion entry\">\n\t\t\t<a class=\"elementor-post__thumbnail__link\" href=\"https:\/\/escueladeartesuperior.educacion.navarra.es\/web\/blog\/becas-leonardo-abierta-la-inscripcion\/\">\n\t\t\t\t<div class=\"elementor-portfolio-item__img elementor-post__thumbnail\">\n\t\t\t<img loading=\"lazy\" decoding=\"async\" width=\"300\" height=\"200\" src=\"https:\/\/escueladeartesuperior.educacion.navarra.es\/web\/wp-content\/uploads\/2012\/11\/BECAS-LEONARDO-300x200.jpg\" class=\"attachment-medium size-medium wp-image-33905\" alt=\"BECAS LEONARDO. \u00a1\u00daltimos d\u00edas de inscripci\u00f3n!\" srcset=\"https:\/\/escueladeartesuperior.educacion.navarra.es\/web\/wp-content\/uploads\/2012\/11\/BECAS-LEONARDO-300x200.jpg 300w, https:\/\/escueladeartesuperior.educacion.navarra.es\/web\/wp-content\/uploads\/2012\/11\/BECAS-LEONARDO-768x512.jpg 768w, https:\/\/escueladeartesuperior.educacion.navarra.es\/web\/wp-content\/uploads\/2012\/11\/BECAS-LEONARDO.jpg 920w\" sizes=\"(max-width: 300px) 100vw, 300px\" \/>\t\t<\/div>\n\t\t\t\t<div class=\"elementor-portfolio-item__overlay\">\n\t\t\t\t<h3 class=\"elementor-portfolio-item__title\">\n\t\tBECAS LEONARDO. \u00a1\u00daltimos d\u00edas de inscripci\u00f3n!\t\t<\/h3>\n\t\t\t\t<\/div>\n\t\t\t\t<\/a>\n\t\t<\/article>\n\t\t\t\t<article class=\"elementor-portfolio-item elementor-post  post-3558 post type-post status-publish format-standard has-post-thumbnail category-asistencia-al-producto-grafico-impreso category-grado-medio category-erasmus category-internacionalizacion tag-acceso tag-autoedicion tag-ciclos tag-escuela tag-escuela-de-arte tag-escuela-de-arte-de-pamplona tag-escuela-publica tag-iruneko_arte_eskola tag-leonardo-eu entry\">\n\t\t\t<a class=\"elementor-post__thumbnail__link\" href=\"https:\/\/escueladeartesuperior.educacion.navarra.es\/web\/blog\/primera-alumna-del-ciclo-de-autoedicion-en-disfrutar-la-beca-leonardo\/\">\n\t\t\t\t<div class=\"elementor-portfolio-item__img elementor-post__thumbnail\">\n\t\t\t<img loading=\"lazy\" decoding=\"async\" width=\"300\" height=\"200\" src=\"https:\/\/escueladeartesuperior.educacion.navarra.es\/web\/wp-content\/uploads\/2012\/01\/Primera-alumna-del-ciclo-de-Autoedici\u00f3n-en-disfrutar-la-Beca-Leonardo-300x200.jpg\" class=\"attachment-medium size-medium wp-image-33962\" alt=\"Primera alumna del ciclo de Autoedici\u00f3n en disfrutar la Beca Leonardo\" srcset=\"https:\/\/escueladeartesuperior.educacion.navarra.es\/web\/wp-content\/uploads\/2012\/01\/Primera-alumna-del-ciclo-de-Autoedici\u00f3n-en-disfrutar-la-Beca-Leonardo-300x200.jpg 300w, https:\/\/escueladeartesuperior.educacion.navarra.es\/web\/wp-content\/uploads\/2012\/01\/Primera-alumna-del-ciclo-de-Autoedici\u00f3n-en-disfrutar-la-Beca-Leonardo-768x512.jpg 768w, https:\/\/escueladeartesuperior.educacion.navarra.es\/web\/wp-content\/uploads\/2012\/01\/Primera-alumna-del-ciclo-de-Autoedici\u00f3n-en-disfrutar-la-Beca-Leonardo.jpg 920w\" sizes=\"(max-width: 300px) 100vw, 300px\" \/>\t\t<\/div>\n\t\t\t\t<div class=\"elementor-portfolio-item__overlay\">\n\t\t\t\t<h3 class=\"elementor-portfolio-item__title\">\n\t\tPrimera alumna del ciclo de Autoedici\u00f3n en disfrutar la Beca Leonardo\t\t<\/h3>\n\t\t\t\t<\/div>\n\t\t\t\t<\/a>\n\t\t<\/article>\n\t\t\t\t<article class=\"elementor-portfolio-item elementor-post  post-3309 post type-post status-publish format-standard has-post-thumbnail category-erasmus category-sin-categorizar tag-actividades-profesionales-externas tag-becas tag-escuela tag-escuela-de-arte tag-escuela-de-arte-de-pamplona tag-escuela-publica tag-iruneko_arte_eskola tag-leonardo-eu tag-practicas-en-empresas entry\">\n\t\t\t<a class=\"elementor-post__thumbnail__link\" href=\"https:\/\/escueladeartesuperior.educacion.navarra.es\/web\/blog\/becas-leonardo-cada-vez-mas-gente-interesada\/\">\n\t\t\t\t<div class=\"elementor-portfolio-item__img elementor-post__thumbnail\">\n\t\t\t<img loading=\"lazy\" decoding=\"async\" width=\"300\" height=\"200\" src=\"https:\/\/escueladeartesuperior.educacion.navarra.es\/web\/wp-content\/uploads\/2011\/12\/BECAS-LEONARDO-cada-vez-m\u00e1s-gente-interesada-300x200.jpg\" class=\"attachment-medium size-medium wp-image-33972\" alt=\"BECAS LEONARDO: cada vez m\u00e1s gente interesada\" srcset=\"https:\/\/escueladeartesuperior.educacion.navarra.es\/web\/wp-content\/uploads\/2011\/12\/BECAS-LEONARDO-cada-vez-m\u00e1s-gente-interesada-300x200.jpg 300w, https:\/\/escueladeartesuperior.educacion.navarra.es\/web\/wp-content\/uploads\/2011\/12\/BECAS-LEONARDO-cada-vez-m\u00e1s-gente-interesada-768x512.jpg 768w, https:\/\/escueladeartesuperior.educacion.navarra.es\/web\/wp-content\/uploads\/2011\/12\/BECAS-LEONARDO-cada-vez-m\u00e1s-gente-interesada.jpg 920w\" sizes=\"(max-width: 300px) 100vw, 300px\" \/>\t\t<\/div>\n\t\t\t\t<div class=\"elementor-portfolio-item__overlay\">\n\t\t\t\t<h3 class=\"elementor-portfolio-item__title\">\n\t\tBECAS LEONARDO: cada vez m\u00e1s gente interesada\t\t<\/h3>\n\t\t\t\t<\/div>\n\t\t\t\t<\/a>\n\t\t<\/article>\n\t\t\t\t<\/div>\n\t\t\t\t<\/div>\n\t\t\t\t<\/div>\n\t\t\t\t\t<\/div>\n\t\t<\/div>\n\t\t\t\t\t\t\t<\/div>\n\t\t<\/section>\n\t\t\t\t\t\t\t<\/div>\n\t\t","protected":false},"excerpt":{"rendered":"<p>EXPERIENCIA LABORAL EN EMPRESAS EUROPEAS El programa Erasmus ofrece al alumnado de Ciclos de Grado Medio y Grado Superior que hayan finalizado sus estudios en la Escuela la posibilidad de formarse y adquirir experiencia laboral mediante pr\u00e1cticas en empresas de Europa. El programa tiene como objetivo mejorar las cualificaciones y la empleabilidad, modernizar la educaci\u00f3n, [&hellip;]<\/p>\n","protected":false},"author":1,"featured_media":20095,"parent":10544,"menu_order":2,"comment_status":"closed","ping_status":"closed","template":"","meta":{"_genesis_hide_title":false,"_genesis_hide_breadcrumbs":false,"_genesis_hide_singular_image":false,"_genesis_hide_footer_widgets":false,"_genesis_custom_body_class":"","_genesis_custom_post_class":"","_genesis_layout":"","footnotes":""},"_links":{"self":[{"href":"https:\/\/escueladeartesuperior.educacion.navarra.es\/web\/wp-json\/wp\/v2\/pages\/10558"}],"collection":[{"href":"https:\/\/escueladeartesuperior.educacion.navarra.es\/web\/wp-json\/wp\/v2\/pages"}],"about":[{"href":"https:\/\/escueladeartesuperior.educacion.navarra.es\/web\/wp-json\/wp\/v2\/types\/page"}],"author":[{"embeddable":true,"href":"https:\/\/escueladeartesuperior.educacion.navarra.es\/web\/wp-json\/wp\/v2\/users\/1"}],"replies":[{"embeddable":true,"href":"https:\/\/escueladeartesuperior.educacion.navarra.es\/web\/wp-json\/wp\/v2\/comments?post=10558"}],"version-history":[{"count":98,"href":"https:\/\/escueladeartesuperior.educacion.navarra.es\/web\/wp-json\/wp\/v2\/pages\/10558\/revisions"}],"predecessor-version":[{"id":45952,"href":"https:\/\/escueladeartesuperior.educacion.navarra.es\/web\/wp-json\/wp\/v2\/pages\/10558\/revisions\/45952"}],"up":[{"embeddable":true,"href":"https:\/\/escueladeartesuperior.educacion.navarra.es\/web\/wp-json\/wp\/v2\/pages\/10544"}],"wp:featuredmedia":[{"embeddable":true,"href":"https:\/\/escueladeartesuperior.educacion.navarra.es\/web\/wp-json\/"}],"wp:attachment":[{"href":"https:\/\/escueladeartesuperior.educacion.navarra.es\/web\/wp-json\/wp\/v2\/media?parent=10558"}],"curies":[{"name":"wp","href":"https:\/\/api.w.org\/{rel}","templated":true}]}}